{"id":103,"date":"2023-05-23T17:32:05","date_gmt":"2023-05-23T17:32:05","guid":{"rendered":"https:\/\/www23.recicladoslared.es\/?page_id=103"},"modified":"2025-09-10T08:11:55","modified_gmt":"2025-09-10T08:11:55","slug":"normativa-legal","status":"publish","type":"page","link":"https:\/\/www.recicladoslared.es\/index.php\/normativa-legal\/","title":{"rendered":"NORMATIVA LEGAL"},"content":{"rendered":"<p>[et_pb_section fb_built=\u00bb1&#8243; _builder_version=\u00bb4.21.0&#8243; _module_preset=\u00bbdefault\u00bb background_enable_image=\u00bboff\u00bb global_colors_info=\u00bb{}\u00bb][et_pb_row _builder_version=\u00bb4.16&#8243; _module_preset=\u00bbdefault\u00bb global_colors_info=\u00bb{}\u00bb][et_pb_column type=\u00bb4_4&#8243; _builder_version=\u00bb4.16&#8243; _module_preset=\u00bbdefault\u00bb global_colors_info=\u00bb{}\u00bb][et_pb_text _builder_version=\u00bb4.21.0&#8243; _module_preset=\u00bbdefault\u00bb text_font=\u00bbKanit|500|||||||\u00bb text_text_color=\u00bb#5b5b5b\u00bb text_font_size=\u00bb25px\u00bb text_line_height=\u00bb1.8em\u00bb header_font=\u00bbKanit||||||||\u00bb header_text_color=\u00bb#5b5b5b\u00bb border_color_all=\u00bb#004aad\u00bb border_width_bottom=\u00bb6px\u00bb border_color_bottom=\u00bb#0083c9&#8243; global_colors_info=\u00bb{}\u00bb]<\/p>\n<p>NORMATIVA LEGAL<\/p>\n<p>[\/et_pb_text][et_pb_image src=\u00bbhttps:\/\/www.recicladoslared.es\/wp-content\/uploads\/2023\/06\/01.-Blanco-Alta-G.jpg\u00bb title_text=\u00bbSONY DSC\u00bb _builder_version=\u00bb4.21.0&#8243; _module_preset=\u00bbdefault\u00bb global_colors_info=\u00bb{}\u00bb][\/et_pb_image][et_pb_text _builder_version=\u00bb4.21.0&#8243; _module_preset=\u00bbdefault\u00bb text_font=\u00bbKanit|300|||||||\u00bb text_text_color=\u00bb#5b5b5b\u00bb text_font_size=\u00bb16px\u00bb header_4_font=\u00bbKanit||||||||\u00bb header_4_text_color=\u00bb#5b5b5b\u00bb custom_padding=\u00bb||0px|||\u00bb global_colors_info=\u00bb{}\u00bb]<\/p>\n<h4>CUMPLIMIENTO NORMATIVO<\/h4>\n<p>Reciclados La Red by Veolia es gestor <strong>autorizado de residuos no peligrosos<\/strong> e inscrito en el registro administrativo especial de la Consejer\u00eda de Medio Ambiente de la Junta de Andaluc\u00eda con el n\u00famero GRU 47.<\/p>\n<p>Uno de los principales ejes a partir del cual se desarrolla nuestra empresa se encuentra en el <strong>estricto cumplimiento de la legislaci\u00f3n vigente.<\/strong><\/p>\n<ul>\n<li>Ley 7\/2007, de 9 de julio, de Gesti\u00f3n Integrada de la Calidad Ambiental.<\/li>\n<li>Ley 7\/2022, de 8 de abril, de Residuos y Suelos Contaminados.<\/li>\n<li>Decreto 73\/2012, de 22 de marzo, por el que se aprueba el Reglamento de Residuos de Andaluc\u00eda.<\/li>\n<\/ul>\n<p>Todo el proceso de nuestra industria se atiene escrupulosamente a las normativas legales existentes en Espa\u00f1a y la Uni\u00f3n Europea referentes al sector del reciclaje y concretamente del referente a residuos pl\u00e1sticos.<\/p>\n<p>El fiel seguimiento y respeto a las mismas es una de las claves de nuestro \u00e9xito, lo cual nos ha hecho conseguir tambi\u00e9n las Certificaciones <strong>UNE EN ISO 9001:2015 Gesti\u00f3n de la Calidad<\/strong> y <strong>UNE EN ISO 14001:2015 Gesti\u00f3n Ambiental<\/strong> y pioneros en conseguir el Certificado AENOR de <strong>Trazabilidad de Pl\u00e1stico Reciclado bajo UNE-EN 15343<\/strong>. Adem\u00e1s de ser una empresa homologada por el Sistema Integral de Gesti\u00f3n <strong>ECOEMBES<\/strong>.<\/p>\n<p>&nbsp;<\/p>\n<p>[\/et_pb_text][et_pb_text _builder_version=\u00bb4.22.2&#8243; _module_preset=\u00bbdefault\u00bb text_font=\u00bbKanit|500|||||||\u00bb text_text_color=\u00bb#5b5b5b\u00bb text_font_size=\u00bb25px\u00bb text_line_height=\u00bb1.8em\u00bb border_color_all=\u00bb#004aad\u00bb border_width_bottom=\u00bb6px\u00bb border_color_bottom=\u00bb#0083c9&#8243; global_colors_info=\u00bb{}\u00bb]<\/p>\n<p>ARCHIVOS PARA DESCARGAR<\/p>\n<p>[\/et_pb_text][\/et_pb_column][\/et_pb_row][et_pb_row column_structure=\u00bb2_3,1_3&#8243; _builder_version=\u00bb4.21.0&#8243; _module_preset=\u00bbdefault\u00bb global_colors_info=\u00bb{}\u00bb][et_pb_column type=\u00bb2_3&#8243; _builder_version=\u00bb4.21.0&#8243; _module_preset=\u00bbdefault\u00bb global_colors_info=\u00bb{}\u00bb][et_pb_text _builder_version=\u00bb4.27.4&#8243; _module_preset=\u00bbdefault\u00bb text_font=\u00bbKanit|300|||||||\u00bb text_text_color=\u00bb#000000&#8243; text_font_size=\u00bb15px\u00bb link_font=\u00bbKanit|300|||||||\u00bb link_text_color=\u00bb#5b5b5b\u00bb link_font_size=\u00bb16px\u00bb header_4_font=\u00bbKanit||||||||\u00bb custom_padding=\u00bb||0px|||\u00bb hover_enabled=\u00bb0&#8243; global_colors_info=\u00bb{}\u00bb link_text_color__hover_enabled=\u00bbon|desktop\u00bb link_text_color__hover=\u00bb#E02B20&#8243; sticky_enabled=\u00bb0&#8243;]<\/p>\n<ul>\n<li><a href=\"https:\/\/www.recicladoslared.es\/wp-content\/uploads\/2025\/01\/CertificadoGA-2012-0136_ES_2024-05-06.pdf\">Certificado del Sistema de Gesti\u00f3n Ambiental ISO 14001 GA-2012\/0136<\/a><\/li>\n<li><a href=\"https:\/\/www.recicladoslared.es\/wp-content\/uploads\/2025\/01\/CertificadoER-0300-2012_ES_2024-05-03.pdf\">Certificado del Sistema de Gesti\u00f3n de la Calidad ISO 9001 ER-0300\/2012<\/a><\/li>\n<li><a href=\"https:\/\/www.recicladoslared.es\/wp-content\/uploads\/2025\/01\/Certificado-Trazabilidad_CEE17CCSEG000016_ES_2023-10-18.pdf-RECICLADOS-LA-RED.pdf\">Certificado de Conformidad Proceso de reciclado de pl\u00e1stico UNE-EN 15343 E17\/000016<\/a><\/li>\n<li><a href=\"https:\/\/www.recicladoslared.es\/wp-content\/uploads\/2024\/02\/Desempeno-ambiental-la-red-.pdf\">Desempe\u00f1o Ambiental<\/a><\/li>\n<li><a href=\"https:\/\/www.recicladoslared.es\/wp-content\/uploads\/2025\/07\/Politica-HSEQ_V2-RED_fdo.pdf\">Pol\u00edtica de Calidad y Medio Ambiente, y prevenci\u00f3n de riesgos laborales<\/a><\/li>\n<li><a href=\"https:\/\/www.recicladoslared.es\/wp-content\/uploads\/2025\/08\/CertificadoVR646-2025-00041_ES_2025-02-10-1-1.pdf\">Certificado del Sistema de Gesti\u00f3n de la Calidad ISO 9001 Fin de Condici\u00f3n de Residuo VR646-2025\/0004\u00a0<\/a><\/li>\n<li><a href=\"https:\/\/www.recicladoslared.es\/wp-content\/uploads\/2025\/08\/CertificadoSST-0127-2023_ES_2023-09-25.pdf\">Certificado del Sistema de Gesti\u00f3n Seguridad y Salud en el Trabajo ISO 45001<\/a><\/li>\n<li><a href=\"https:\/\/www.recicladoslared.es\/wp-content\/uploads\/2025\/09\/PRPRO.RP663-1C0-Certificate-Recycling-Process_firmado.pdf\">Certificado de Proceso de Reciclado RECYCLASS<\/a><\/li>\n<\/ul>\n<p>[\/et_pb_text][\/et_pb_column][et_pb_column type=\u00bb1_3&#8243; _builder_version=\u00bb4.21.0&#8243; _module_preset=\u00bbdefault\u00bb global_colors_info=\u00bb{}\u00bb][et_pb_image src=\u00bbhttps:\/\/www.recicladoslared.es\/wp-content\/uploads\/2025\/09\/Diseno-sin-titulo-2.png\u00bb title_text=\u00bbCYCLASS\u00bb _builder_version=\u00bb4.27.4&#8243; _module_preset=\u00bbdefault\u00bb hover_enabled=\u00bb0&#8243; global_colors_info=\u00bb{}\u00bb alt=\u00bbCYCLASS RECYCLING PROCESS CERTIFICATE\u00bb sticky_enabled=\u00bb0&#8243;][\/et_pb_image][\/et_pb_column][\/et_pb_row][\/et_pb_section]<\/p>\n","protected":false},"excerpt":{"rendered":"<p>NORMATIVA LEGALCUMPLIMIENTO NORMATIVO Reciclados La Red by Veolia es gestor autorizado de residuos no peligrosos e inscrito en el registro administrativo especial de la Consejer\u00eda de Medio Ambiente de la Junta de Andaluc\u00eda con el n\u00famero GRU 47. Uno de los principales ejes a partir del cual se desarrolla nuestra empresa se encuentra en el [&hellip;]<\/p>\n","protected":false},"author":2,"featured_media":0,"parent":0,"menu_order":0,"comment_status":"closed","ping_status":"closed","template":"","meta":{"_et_pb_use_builder":"on","_et_pb_old_content":"","_et_gb_content_width":"","footnotes":""},"class_list":["post-103","page","type-page","status-publish","hentry"],"yoast_head":"<!-- This site is optimized with the Yoast SEO plugin v24.9 - https:\/\/yoast.com\/wordpress\/plugins\/seo\/ -->\n<title>NORMATIVA LEGAL - Reciclados LA RED<\/title>\n<meta name=\"description\" content=\"Somos gestor autorizado de residuos no peligrosos, estamos registrados como tal en la Consejer\u00eda de Medio Ambiente de la Junta de Andaluc\u00eda.\" \/>\n<meta name=\"robots\" content=\"index, follow, max-snippet:-1, max-image-preview:large, max-video-preview:-1\" \/>\n<link rel=\"canonical\" href=\"https:\/\/www.recicladoslared.es\/index.php\/normativa-legal\/\" \/>\n<meta property=\"og:locale\" content=\"es_ES\" \/>\n<meta property=\"og:type\" content=\"article\" \/>\n<meta property=\"og:title\" content=\"NORMATIVA LEGAL - Reciclados LA RED\" \/>\n<meta property=\"og:description\" content=\"Somos gestor autorizado de residuos no peligrosos, estamos registrados como tal en la Consejer\u00eda de Medio Ambiente de la Junta de Andaluc\u00eda.\" \/>\n<meta property=\"og:url\" content=\"https:\/\/www.recicladoslared.es\/index.php\/normativa-legal\/\" \/>\n<meta property=\"og:site_name\" content=\"Reciclados LA RED\" \/>\n<meta property=\"article:publisher\" content=\"https:\/\/www.facebook.com\/recicladoslared\" \/>\n<meta property=\"article:modified_time\" content=\"2025-09-10T08:11:55+00:00\" \/>\n<meta property=\"og:image\" content=\"https:\/\/www.recicladoslared.es\/wp-content\/uploads\/2023\/05\/Logo-La-Red-Transpa-2.png\" \/>\n\t<meta property=\"og:image:width\" content=\"600\" \/>\n\t<meta property=\"og:image:height\" content=\"400\" \/>\n\t<meta property=\"og:image:type\" content=\"image\/png\" \/>\n<meta name=\"twitter:card\" content=\"summary_large_image\" \/>\n<meta name=\"twitter:site\" content=\"@RecicladosLaRed\" \/>\n<meta name=\"twitter:label1\" content=\"Tiempo de lectura\" \/>\n\t<meta name=\"twitter:data1\" content=\"2 minutos\" \/>\n<script type=\"application\/ld+json\" class=\"yoast-schema-graph\">{\"@context\":\"https:\/\/schema.org\",\"@graph\":[{\"@type\":\"WebPage\",\"@id\":\"https:\/\/www.recicladoslared.es\/index.php\/normativa-legal\/\",\"url\":\"https:\/\/www.recicladoslared.es\/index.php\/normativa-legal\/\",\"name\":\"NORMATIVA LEGAL - Reciclados LA RED\",\"isPartOf\":{\"@id\":\"https:\/\/www.recicladoslared.es\/#website\"},\"datePublished\":\"2023-05-23T17:32:05+00:00\",\"dateModified\":\"2025-09-10T08:11:55+00:00\",\"description\":\"Somos gestor autorizado de residuos no peligrosos, estamos registrados como tal en la Consejer\u00eda de Medio Ambiente de la Junta de Andaluc\u00eda.\",\"breadcrumb\":{\"@id\":\"https:\/\/www.recicladoslared.es\/index.php\/normativa-legal\/#breadcrumb\"},\"inLanguage\":\"es\",\"potentialAction\":[{\"@type\":\"ReadAction\",\"target\":[\"https:\/\/www.recicladoslared.es\/index.php\/normativa-legal\/\"]}]},{\"@type\":\"BreadcrumbList\",\"@id\":\"https:\/\/www.recicladoslared.es\/index.php\/normativa-legal\/#breadcrumb\",\"itemListElement\":[{\"@type\":\"ListItem\",\"position\":1,\"name\":\"Portada\",\"item\":\"https:\/\/www.recicladoslared.es\/\"},{\"@type\":\"ListItem\",\"position\":2,\"name\":\"NORMATIVA LEGAL\"}]},{\"@type\":\"WebSite\",\"@id\":\"https:\/\/www.recicladoslared.es\/#website\",\"url\":\"https:\/\/www.recicladoslared.es\/\",\"name\":\"Reciclados La Red\",\"description\":\"Planta de reciclaje de pl\u00e1stico y venta de pl\u00e1stico reciclado\",\"publisher\":{\"@id\":\"https:\/\/www.recicladoslared.es\/#organization\"},\"potentialAction\":[{\"@type\":\"SearchAction\",\"target\":{\"@type\":\"EntryPoint\",\"urlTemplate\":\"https:\/\/www.recicladoslared.es\/?s={search_term_string}\"},\"query-input\":{\"@type\":\"PropertyValueSpecification\",\"valueRequired\":true,\"valueName\":\"search_term_string\"}}],\"inLanguage\":\"es\"},{\"@type\":\"Organization\",\"@id\":\"https:\/\/www.recicladoslared.es\/#organization\",\"name\":\"Reciclados La Red\",\"url\":\"https:\/\/www.recicladoslared.es\/\",\"logo\":{\"@type\":\"ImageObject\",\"inLanguage\":\"es\",\"@id\":\"https:\/\/www.recicladoslared.es\/#\/schema\/logo\/image\/\",\"url\":\"https:\/\/www.recicladoslared.es\/wp-content\/uploads\/2023\/05\/Logo-La-Red-Transpa-2.png\",\"contentUrl\":\"https:\/\/www.recicladoslared.es\/wp-content\/uploads\/2023\/05\/Logo-La-Red-Transpa-2.png\",\"width\":600,\"height\":400,\"caption\":\"Reciclados La Red\"},\"image\":{\"@id\":\"https:\/\/www.recicladoslared.es\/#\/schema\/logo\/image\/\"},\"sameAs\":[\"https:\/\/www.facebook.com\/recicladoslared\",\"https:\/\/x.com\/RecicladosLaRed\",\"https:\/\/es.linkedin.com\/company\/reciclados-la-red---reciclados-pl-sticos-serva\"]}]}<\/script>\n<!-- \/ Yoast SEO plugin. -->","yoast_head_json":{"title":"NORMATIVA LEGAL - Reciclados LA RED","description":"Somos gestor autorizado de residuos no peligrosos, estamos registrados como tal en la Consejer\u00eda de Medio Ambiente de la Junta de Andaluc\u00eda.","robots":{"index":"index","follow":"follow","max-snippet":"max-snippet:-1","max-image-preview":"max-image-preview:large","max-video-preview":"max-video-preview:-1"},"canonical":"https:\/\/www.recicladoslared.es\/index.php\/normativa-legal\/","og_locale":"es_ES","og_type":"article","og_title":"NORMATIVA LEGAL - Reciclados LA RED","og_description":"Somos gestor autorizado de residuos no peligrosos, estamos registrados como tal en la Consejer\u00eda de Medio Ambiente de la Junta de Andaluc\u00eda.","og_url":"https:\/\/www.recicladoslared.es\/index.php\/normativa-legal\/","og_site_name":"Reciclados LA RED","article_publisher":"https:\/\/www.facebook.com\/recicladoslared","article_modified_time":"2025-09-10T08:11:55+00:00","og_image":[{"width":600,"height":400,"url":"https:\/\/www.recicladoslared.es\/wp-content\/uploads\/2023\/05\/Logo-La-Red-Transpa-2.png","type":"image\/png"}],"twitter_card":"summary_large_image","twitter_site":"@RecicladosLaRed","twitter_misc":{"Tiempo de lectura":"2 minutos"},"schema":{"@context":"https:\/\/schema.org","@graph":[{"@type":"WebPage","@id":"https:\/\/www.recicladoslared.es\/index.php\/normativa-legal\/","url":"https:\/\/www.recicladoslared.es\/index.php\/normativa-legal\/","name":"NORMATIVA LEGAL - Reciclados LA RED","isPartOf":{"@id":"https:\/\/www.recicladoslared.es\/#website"},"datePublished":"2023-05-23T17:32:05+00:00","dateModified":"2025-09-10T08:11:55+00:00","description":"Somos gestor autorizado de residuos no peligrosos, estamos registrados como tal en la Consejer\u00eda de Medio Ambiente de la Junta de Andaluc\u00eda.","breadcrumb":{"@id":"https:\/\/www.recicladoslared.es\/index.php\/normativa-legal\/#breadcrumb"},"inLanguage":"es","potentialAction":[{"@type":"ReadAction","target":["https:\/\/www.recicladoslared.es\/index.php\/normativa-legal\/"]}]},{"@type":"BreadcrumbList","@id":"https:\/\/www.recicladoslared.es\/index.php\/normativa-legal\/#breadcrumb","itemListElement":[{"@type":"ListItem","position":1,"name":"Portada","item":"https:\/\/www.recicladoslared.es\/"},{"@type":"ListItem","position":2,"name":"NORMATIVA LEGAL"}]},{"@type":"WebSite","@id":"https:\/\/www.recicladoslared.es\/#website","url":"https:\/\/www.recicladoslared.es\/","name":"Reciclados La Red","description":"Planta de reciclaje de pl\u00e1stico y venta de pl\u00e1stico reciclado","publisher":{"@id":"https:\/\/www.recicladoslared.es\/#organization"},"potentialAction":[{"@type":"SearchAction","target":{"@type":"EntryPoint","urlTemplate":"https:\/\/www.recicladoslared.es\/?s={search_term_string}"},"query-input":{"@type":"PropertyValueSpecification","valueRequired":true,"valueName":"search_term_string"}}],"inLanguage":"es"},{"@type":"Organization","@id":"https:\/\/www.recicladoslared.es\/#organization","name":"Reciclados La Red","url":"https:\/\/www.recicladoslared.es\/","logo":{"@type":"ImageObject","inLanguage":"es","@id":"https:\/\/www.recicladoslared.es\/#\/schema\/logo\/image\/","url":"https:\/\/www.recicladoslared.es\/wp-content\/uploads\/2023\/05\/Logo-La-Red-Transpa-2.png","contentUrl":"https:\/\/www.recicladoslared.es\/wp-content\/uploads\/2023\/05\/Logo-La-Red-Transpa-2.png","width":600,"height":400,"caption":"Reciclados La Red"},"image":{"@id":"https:\/\/www.recicladoslared.es\/#\/schema\/logo\/image\/"},"sameAs":["https:\/\/www.facebook.com\/recicladoslared","https:\/\/x.com\/RecicladosLaRed","https:\/\/es.linkedin.com\/company\/reciclados-la-red---reciclados-pl-sticos-serva"]}]}},"_links":{"self":[{"href":"https:\/\/www.recicladoslared.es\/index.php\/wp-json\/wp\/v2\/pages\/103","targetHints":{"allow":["GET"]}}],"collection":[{"href":"https:\/\/www.recicladoslared.es\/index.php\/wp-json\/wp\/v2\/pages"}],"about":[{"href":"https:\/\/www.recicladoslared.es\/index.php\/wp-json\/wp\/v2\/types\/page"}],"author":[{"embeddable":true,"href":"https:\/\/www.recicladoslared.es\/index.php\/wp-json\/wp\/v2\/users\/2"}],"replies":[{"embeddable":true,"href":"https:\/\/www.recicladoslared.es\/index.php\/wp-json\/wp\/v2\/comments?post=103"}],"version-history":[{"count":22,"href":"https:\/\/www.recicladoslared.es\/index.php\/wp-json\/wp\/v2\/pages\/103\/revisions"}],"predecessor-version":[{"id":1906,"href":"https:\/\/www.recicladoslared.es\/index.php\/wp-json\/wp\/v2\/pages\/103\/revisions\/1906"}],"wp:attachment":[{"href":"https:\/\/www.recicladoslared.es\/index.php\/wp-json\/wp\/v2\/media?parent=103"}],"curies":[{"name":"wp","href":"https:\/\/api.w.org\/{rel}","templated":true}]}}