{"id":1048,"date":"2024-01-16T12:35:36","date_gmt":"2024-01-16T12:35:36","guid":{"rendered":"https:\/\/www23.recicladoslared.es\/?page_id=1048"},"modified":"2024-01-16T12:35:39","modified_gmt":"2024-01-16T12:35:39","slug":"privacy-policy","status":"publish","type":"page","link":"https:\/\/www.recicladoslared.es\/index.php\/en\/privacy-policy\/","title":{"rendered":"PRIVACY POLICY"},"content":{"rendered":"<p>[et_pb_section fb_built=\u00bb1&#8243; theme_builder_area=\u00bbpost_content\u00bb _builder_version=\u00bb4.22.2&#8243; _module_preset=\u00bbdefault\u00bb][et_pb_row _builder_version=\u00bb4.22.2&#8243; _module_preset=\u00bbdefault\u00bb theme_builder_area=\u00bbpost_content\u00bb][et_pb_column _builder_version=\u00bb4.22.2&#8243; _module_preset=\u00bbdefault\u00bb type=\u00bb4_4&#8243; theme_builder_area=\u00bbpost_content\u00bb][et_pb_text _builder_version=\u00bb4.22.2&#8243; text_font_size=\u00bb15px\u00bb header_3_font=\u00bbKanit||||||||\u00bb header_3_font_size=\u00bb31px\u00bb background_size=\u00bbinitial\u00bb background_position=\u00bbtop_left\u00bb background_repeat=\u00bbrepeat\u00bb text_orientation=\u00bbjustified\u00bb hover_enabled=\u00bb0&#8243; global_colors_info=\u00bb{}\u00bb theme_builder_area=\u00bbpost_content\u00bb sticky_enabled=\u00bb0&#8243;]<\/p>\n<section id=\"content\">\n<div id=\"blog\" class=\"container\">\n<div class=\"row\">\n<div class=\"span12\">\n<div class=\"entry-content\">\n<h3 class=\"text-align-center\" style=\"text-align: center;\">PRIVACY POLICY<\/h3>\n<p>&nbsp;<\/p>\n<p>El objetivo de esta pol\u00edtica de privacidad (en adelante, la \u00ab<strong>Pol\u00edtica<\/strong>\u00ab) es informar a los visitantes o usuarios (en adelante, el \u00ab<strong>Usuario<\/strong>\u00ab) del sitio web\u00a0<a href=\"https:\/\/www.veolia.es\/\">www.veolia.es<\/a>\u00a0(en adelante, el<strong>\u00a0\u00abSitio\u00bb<\/strong>) de los t\u00e9rminos y condiciones para la protecci\u00f3n de sus datos personales de conformidad con el Reglamento 2016\/679, de 27 de abril de 2016, relativo a la protecci\u00f3n de las personas f\u00edsicas en lo que respecta al tratamiento de datos personales y a la libre circulaci\u00f3n de estos datos (en adelante, el \u00ab<strong>Reglamento<\/strong>\u00ab) y Ley Org\u00e1nica 3\/2018, de 5 de diciembre de Protecci\u00f3n de Datos Personales y garant\u00eda de los derechos digitales.<\/p>\n<p>El editor del Sitio es la sociedad\u00a0<strong>VEOLIA ESPA\u00d1A, S.L.U<\/strong>., empresa espa\u00f1ola con CIF B 85607612 cuya sede se encuentra en Calle Torrelaguna, 60 de Madrid (28043) (en adelante \u00ab<strong>el Editor<\/strong>\u00bb o \u201c<strong>VEOLIA ESPA\u00d1A<\/strong>\u201d).<\/p>\n<p>Las condiciones de tratamiento de los datos recogidos a trav\u00e9s del formulario o formularios de contacto figuran en el aviso de privacidad del formulario web.<\/p>\n<p>La Pol\u00edtica podr\u00e1 ser modificada en cualquier momento por el Editor, en particular para ajustarse a cualquier desarrollo normativo, jur\u00eddico, editorial o t\u00e9cnico.<\/p>\n<p>Las modalidades de recogida y tratamiento de los datos recogidos mediante cookies se exponen en la \u00ab<a title=\"Pol\u00edtica de cookies\" href=\"https:\/\/www.veolia.es\/politica-cookies\" data-entity-type=\"node\" data-entity-uuid=\"3b7b40cb-e9dc-458b-b5ca-0259ce068947\">Pol\u00edtica de cookies<\/a>\u00ab<\/p>\n<p>&nbsp;<\/p>\n<h4>Identificaci\u00f3n del responsable del tratamiento<\/h4>\n<p>El responsable del tratamiento de los datos personales del Usuario es\u00a0<strong>VEOLIA ESPA\u00d1A, \u00a0S.L.U.<\/strong>.<\/p>\n<p>&nbsp;<\/p>\n<h4>Descripci\u00f3n del tratamiento de datos<\/h4>\n<p>En el marco del funcionamiento del Sitio, el Editor podr\u00e1 recoger y tratar datos personales con el fin de permitir al Usuario acceder a las funciones y servicios ofrecidos por el Sitio (en adelante, los \u00ab<strong>Servicios<\/strong>\u00ab).<\/p>\n<p>&nbsp;<\/p>\n<p><strong>1) \u00bfQu\u00e9 categor\u00edas de datos se recopilan?\u00a0<\/strong><\/p>\n<ul>\n<li>Datos de contacto: se refiere a los datos obligatorios que el Usuario cumplimenta al rellenar el el\/los formulario(s) web, como: apellidos, nombre, direcci\u00f3n de correo electr\u00f3nico, raz\u00f3n social, n\u00famero de tel\u00e9fono, direcci\u00f3n, c\u00f3digo postal, localidad, pa\u00eds de residencia.<\/li>\n<li>Datos publicados voluntariamente por el Usuario: se refiere a los datos personales que el Usuario comunica voluntariamente al Editor rellenando las zonas de texto libre previstas a tal efecto en el\/los formulario(s) web, como: \u00abAsunto\u201d y \u00abMensaje\u00bb. El Editor recomienda encarecidamente al Usuario que evite cualquier comunicaci\u00f3n de datos personales a trav\u00e9s de estas casillas de texto o que, en cualquier caso, l\u00edmite esta comunicaci\u00f3n a lo estrictamente necesario para procesar la solicitud del Usuario.<\/li>\n<\/ul>\n<p>En lo sucesivo, todos estos datos se denominar\u00e1n colectivamente los \u00ab<strong>Datos<\/strong>\u00ab.<\/p>\n<p>&nbsp;<\/p>\n<p><strong>2) \u00bfPor qu\u00e9 recopila el Editor los Datos del Usuario?\u00a0<\/strong><\/p>\n<p>Los Datos se recopilan a trav\u00e9s del formulario web con el fin de responder a las preguntas de los Usuarios relativas a los siguientes temas:<\/p>\n<ol>\n<li>Recogida de solicitudes de informaci\u00f3n de los Usuarios (clientes, consumidores, partes interesadas).<\/li>\n<li>Tramitar la solicitud de informaci\u00f3n o la pregunta del Usuario y comunicarse eficazmente con \u00e9l.<\/li>\n<li>Enviar comunicaciones al Usuario en relaci\u00f3n con los principales intereses previamente expresados por el Usuario.<\/li>\n<li>Gestionar el acceso y uso de determinados Servicios.<\/li>\n<\/ol>\n<p>Los campos obligatorios del formulario web est\u00e1n marcados con un asterisco. El Editor no podr\u00e1 responder a su solicitud si no cumplimenta estas secciones obligatorias.<\/p>\n<p>&nbsp;<\/p>\n<p><strong>3) \u00bfCu\u00e1l es la base jur\u00eddica para el tratamiento de los Datos del Usuario?\u00a0<\/strong><\/p>\n<p>El tratamiento de datos s\u00f3lo es l\u00edcito si se basa en uno de los fundamentos jur\u00eddicos definidos por el Reglamento. En el contexto del funcionamiento del Sitio, el tratamiento de Datos se basa en las siguientes bases jur\u00eddicas:<\/p>\n<p>Si el Usuario es un profesional que desea recibir informaci\u00f3n o formular solicitudes sobre las actividades y servicios ofrecidos por VEOLIA ESPA\u00d1A en relaci\u00f3n con necesidades espec\u00edficas previamente expresadas, o si el Usuario ya es cliente de VEOLIA ESPA\u00d1A: Inter\u00e9s leg\u00edtimo de VEOLIA ESPA\u00d1A.<\/p>\n<ul>\n<li>Si el Usuario es un profesional, el Editor recaba su consentimiento mediante una casilla de verificaci\u00f3n antes de enviar cualquier informaci\u00f3n global a trav\u00e9s de comunicaciones comerciales.<\/li>\n<li>Si el Usuario es un candidato (o potencial candidato): El inter\u00e9s leg\u00edtimo de VEOLIA ESPA\u00d1A para responder a la solicitud del candidato\/potencial candidato.<\/li>\n<li>Si el Usuario es un proveedor: el contrato o la ejecuci\u00f3n de medidas precontractuales adoptadas a petici\u00f3n del interesado.<\/li>\n<li>Si el Usuario es un consumidor: consentimiento recogido mediante una casilla de verificaci\u00f3n.<\/li>\n<\/ul>\n<p>&nbsp;<\/p>\n<p><strong>4) Destinatarios de los Datos recogidos\u00a0<\/strong><\/p>\n<p>Los Datos recogidos a trav\u00e9s del formulario o formularios web se destinan a los servicios internos de la entidad responsable del tratamiento para responder a la solicitud del Usuario.<\/p>\n<p>Puede tratarse, por ejemplo del departamento \u00abRecursos Humanos\u00bb y del departamento \u00abComunicaci\u00f3n\u00bb, del personal de Veolia encargado de la publicaci\u00f3n de contenidos y de la administraci\u00f3n t\u00e9cnica del Sitio, as\u00ed como de sus superiores jer\u00e1rquicos, del personal de Veolia encargado de tratar las solicitudes recibidas a trav\u00e9s de los formularios web, de los proveedores de servicios autorizados, de los Usuarios del Sitio, del personal encargado de supervisar la seguridad de los sistemas de informaci\u00f3n de Veolia.<\/p>\n<p>Los destinatarios internos tambi\u00e9n podr\u00e1n ser entidades del Grupo Veolia situadas en la Uni\u00f3n Europea (UE) o fuera de la UE, entendi\u00e9ndose que cualquier transferencia de Datos fuera de la UE se realizar\u00e1 en las condiciones del apartado \u00abTransferencia de Datos fuera de la Uni\u00f3n Europea\u00bb que figura a continuaci\u00f3n.<\/p>\n<p>Cada filial receptora podr\u00e1, seg\u00fan el caso, ser un subcontratista o un encargado de los Datos proporcionados. Los Datos tambi\u00e9n podr\u00e1n ser transferidos\/utilizados por terceros en las siguientes condiciones:<\/p>\n<ul>\n<li>Datos transferidos a autoridades y\/u organismos p\u00fablicos:\n<ul>\n<li>De conformidad con la Normativa vigente, los Datos podr\u00e1n ser transmitidos a las autoridades competentes previa solicitud y, en particular, a organismos p\u00fablicos, exclusivamente para el cumplimiento de obligaciones legales, funcionarios judiciales, funcionarios ministeriales y organismos encargados del cobro de deudas, as\u00ed como en el caso de la b\u00fasqueda de los autores de delitos cometidos en Internet.<\/li>\n<\/ul>\n<\/li>\n<li>Datos facilitados a terceros:\n<ul>\n<li>Los Datos podr\u00e1n ser comunicados o puestos a disposici\u00f3n de los subcontratistas, proveedores y terceros prestadores de servicios del Editor (como el host del Sitio, los proveedores de servicios inform\u00e1ticos y\/o t\u00e9cnicos de Veolia).<\/li>\n<\/ul>\n<\/li>\n<li>Redes sociales\n<ul>\n<li>El Usuario tiene la posibilidad de compartir las p\u00e1ginas de su inter\u00e9s en las redes sociales haciendo clic en los botones de compartir.<\/li>\n<li>La recopilaci\u00f3n de informaci\u00f3n a trav\u00e9s de los botones de compartir en redes sociales est\u00e1 sujeta a las pol\u00edticas de privacidad de dichos terceros y a nuestra Pol\u00edtica de Cookies. Le invitamos a leer las pol\u00edticas de estas redes sociales para conocer el uso que se hace de sus Datos.<\/li>\n<\/ul>\n<\/li>\n<\/ul>\n<p>&nbsp;<\/p>\n<h4>Ejercicio de los derechos del usuario<\/h4>\n<p>De conformidad con el Reglamento, cualquier Usuario individual tiene derecho a acceder, rectificar, suprimir, limitar y oponerse o solicitar la portabilidad de sus Datos.<\/p>\n<p>Para todas las operaciones de tratamiento realizadas en el marco del Sitio y \u00fanicamente en este marco, independientemente de la Entidad responsable del tratamiento, el Usuario podr\u00e1 ejercer sus derechos,<\/p>\n<ul>\n<li>por escrito al email:\u00a0dpo.spain@veolia.com.<\/li>\n<li>por correo postal a: Calle Torrelaguna, 60 de Madrid (28043).<\/li>\n<\/ul>\n<p>enviando una prueba de identidad o cualquier otro documento oficial.<\/p>\n<p>En caso de dificultad relativa a la gesti\u00f3n de sus Datos personales por parte del Editor, el Usuario podr\u00e1 ponerse en contacto con el Delegado de Protecci\u00f3n de Datos de Veolia (direcci\u00f3n de correo electr\u00f3nico:\u00a0dpo.spain@veolia.com). Si la respuesta del DPO no es satisfactoria, el Usuario podr\u00e1 presentar una reclamaci\u00f3n ante la autoridad de protecci\u00f3n competente (www.aepd.es).<\/p>\n<p>El Editor recuerda que el Usuario puede, por motivos leg\u00edtimos, oponerse al tratamiento de sus Datos.<\/p>\n<p>Cuando el tratamiento se base en el consentimiento, el Usuario podr\u00e1 revocarlo en cualquier momento enviando un correo electr\u00f3nico a la direcci\u00f3n del DPO indicada.<\/p>\n<p>Se especifica que si el Usuario ejerce algunos de los derechos anteriores, es posible que el Editor no pueda llevar a cabo las acciones necesarias para lograr los fines descritos anteriormente, o que el Usuario no pueda utilizar todos o parte de los Servicios.<\/p>\n<p>El Editor est\u00e1 obligado a mantener actualizados los Datos recogidos de los Usuarios. Por lo tanto, se recomienda que el Usuario informe al Editor de cualquier cambio que le afecte enviando un correo electr\u00f3nico a la direcci\u00f3n del DPO indicada.<\/p>\n<p>&nbsp;<\/p>\n<h4>Conservaci\u00f3n y archivo de datos<\/h4>\n<p>Los Datos del Usuario no se conservar\u00e1n m\u00e1s all\u00e1 del per\u00edodo estrictamente necesario para los fines establecidos en el presente documento y de conformidad con el Reglamento.<\/p>\n<p>En este sentido:<\/p>\n<ul>\n<li>Los datos recabados para responder a las solicitudes de informaci\u00f3n y preguntas de los Usuarios se conservan en una base de datos activa durante 13\u00a0meses desde el registro de la solicitud del Usuario.<\/li>\n<li>Los Datos recopilados con el fin de enviar comunicaciones comerciales a clientes potenciales (profesionales) se conservan en una base de datos activa durante 3 a\u00f1os a partir del \u00faltimo contacto con el Usuario (por ejemplo, una solicitud de documentaci\u00f3n o un clic en un enlace de hipertexto contenido en un correo electr\u00f3nico), a menos que el Usuario haya ejercido su derecho a retirar el consentimiento, su derecho de oposici\u00f3n o su derecho de supresi\u00f3n (seg\u00fan sea el caso), y luego bloqueados durante un per\u00edodo adicional de 5 a\u00f1os.<\/li>\n<li>Los Datos recabados para contactar con el servicio de atenci\u00f3n al cliente del Usuario profesional que tenga un contrato en vigor con VEOLIA ESPA\u00d1A (clientes) se conservan durante toda la relaci\u00f3n contractual, salvo que el Usuario haya ejercido su derecho de oposici\u00f3n o ejercido su derecho de supresi\u00f3n. A continuaci\u00f3n, los datos se conservan durante 3 a\u00f1os en la base de datos activa a partir de la finalizaci\u00f3n de la relaci\u00f3n contractual, y despu\u00e9s bloqueados durante un periodo adicional de 5 a\u00f1os.<\/li>\n<\/ul>\n<p>Los Datos se conservan bloqueados para que el Editor pueda defenderse en caso de procedimientos judiciales o con el fin de prevenir y detectar delitos penales, con vistas a poner los Datos a disposici\u00f3n de las autoridades judiciales.<\/p>\n<p>Una vez finalizado el periodo de bloqueo, los Datos de usuario se eliminar\u00e1n definitivamente.<\/p>\n<p>Adem\u00e1s, el Editor podr\u00e1 conservar los Datos permanentemente anonimizados, con el fin de elaborar estudios estad\u00edsticos. Estos estudios no identifican a los Usuarios, y s\u00f3lo se basan en tendencias derivadas de sus Datos agregados.<\/p>\n<p>&nbsp;<\/p>\n<h4>Seguridad<\/h4>\n<p>El Editor adopta las medidas t\u00e9cnicas y organizativas adecuadas para garantizar la seguridad de los Datos y evitar el acceso o la divulgaci\u00f3n no autorizados de los Datos del Usuario. No obstante, el Editor no puede garantizar la eliminaci\u00f3n de cualquier riesgo de apropiaci\u00f3n indebida, alteraci\u00f3n, reproducci\u00f3n ilegal o uso indebido de los Datos.<\/p>\n<p>La base de datos creada cuando un Usuario env\u00eda una solicitud a trav\u00e9s del formulario web es estrictamente confidencial. VEOLIA ESPA\u00d1A se compromete a adoptar todas las precauciones necesarias y las medidas organizativas y t\u00e9cnicas apropiadas para preservar la seguridad, integridad y confidencialidad de los Datos y, en particular, para evitar que terceros no autorizados los distorsionen, da\u00f1en o accedan a ellos.<\/p>\n<p>&nbsp;<\/p>\n<h4>Transferencia de datos fuera de la Uni\u00f3n Europea<\/h4>\n<p>En caso de transferencia de Datos del Usuario a una filial del Grupo Veolia o a un tercero situado fuera de la Uni\u00f3n Europea, VEOLIA ESPA\u00d1A garantiza que el pa\u00eds receptor ha sido objeto de una decisi\u00f3n de adecuaci\u00f3n por parte de la Comisi\u00f3n Europea. En caso contrario, VEOLIA ESPA\u00d1A se compromete a utilizar los instrumentos jur\u00eddicos apropiados, en particular las Cl\u00e1usulas Contractuales Tipo de la Comisi\u00f3n Europea, para regular la transferencia.<\/p>\n<p><strong>\u2013 \u00bfCon qu\u00e9 finalidad trataremos sus datos de car\u00e1cter personal y durante cu\u00e1nto tiempo los conservaremos?<\/strong><\/p>\n<ul>\n<li>La empresa tratar\u00e1 sus datos de car\u00e1cter personal exclusivamente para fines determinados, expl\u00edcitos y leg\u00edtimos, y no ser\u00e1n tratados de manera incompatible con dichos fines.<\/li>\n<\/ul>\n<table>\n<tbody>\n<tr>\n<td colspan=\"2\" width=\"403\"><strong>Finalidades<\/strong><\/td>\n<td width=\"163\"><strong>Conservaci\u00f3n<\/strong><\/td>\n<\/tr>\n<tr>\n<td width=\"198\">Finalidad 1: para los usuarios que lleven a cabo consultas<\/td>\n<td width=\"205\">Gesti\u00f3n, estudio y resoluci\u00f3n de consultas efectuadas a trav\u00e9s de la web<\/td>\n<td width=\"163\">Hasta el ejercicio por parte del usuario del derecho de cancelaci\u00f3n<\/td>\n<\/tr>\n<tr>\n<td width=\"198\">Finalidad 2: para los usuarios que nos env\u00eden su Curriculum vitae<\/td>\n<td width=\"205\">Gesti\u00f3n de procesos de selecci\u00f3n de personal<\/td>\n<td width=\"163\">Hasta el ejercicio por parte del usuario del derecho de cancelaci\u00f3n<\/td>\n<\/tr>\n<tr>\n<td width=\"198\">Finalidad 3: para los clientes que soliciten informaci\u00f3n comercial sobre productos y servicios de la Empresa<\/td>\n<td width=\"205\">Env\u00edos de publicidad y promoci\u00f3n de productos y servicios de la empresa<\/td>\n<td width=\"163\">Hasta el ejercicio por parte del usuario del derecho de cancelaci\u00f3n<\/td>\n<\/tr>\n<\/tbody>\n<\/table>\n<p>&nbsp;<\/p>\n<ol>\n<li>\n<ol>\n<li><strong>\u2013 \u00bfCu\u00e1l es la legitimaci\u00f3n para el tratamiento de sus datos?<\/strong><\/li>\n<\/ol>\n<\/li>\n<\/ol>\n<p>La base legal para el tratamiento de sus datos es el consentimiento que nos otorga al marcar la casilla en la que acepta nuestra pol\u00edtica de privacidad.<\/p>\n<table>\n<tbody>\n<tr>\n<td colspan=\"2\" width=\"403\"><strong>Legitimaci\u00f3n para el tratamiento de los datos<\/strong><\/td>\n<\/tr>\n<tr>\n<td width=\"198\">Finalidad 1: para los usuarios que lleven a cabo consultas<\/td>\n<td width=\"205\">Consentimiento otorgado por el interesado<\/td>\n<\/tr>\n<tr>\n<td width=\"198\">Finalidad 2: para los usuarios que nos env\u00eden su Curriculum vitae<\/td>\n<td width=\"205\">Consentimiento otorgado por el interesado<\/td>\n<\/tr>\n<tr>\n<td width=\"198\">Finalidad 3: para los clientes que soliciten informaci\u00f3n comercial sobre productos y servicios de la Empresa<\/td>\n<td width=\"205\">Consentimiento otorgado por el interesado<\/td>\n<\/tr>\n<\/tbody>\n<\/table>\n<p>&nbsp;<\/p>\n<ol>\n<li>\n<ol>\n<li><strong>\u2013 \u00bfA qu\u00e9 destinatarios se comunicar\u00e1n sus datos?<\/strong><\/li>\n<\/ol>\n<\/li>\n<\/ol>\n<p>Los datos se comunicar\u00e1n a las siguientes empresas y con las siguientes finalidades:<\/p>\n<table>\n<tbody>\n<tr>\n<td width=\"260\"><strong>DESTINATARIOS<\/strong><\/td>\n<td width=\"259\"><strong>FINALIDAD<\/strong><\/td>\n<\/tr>\n<tr>\n<td width=\"260\">\n<p>BANALES I S.R.L.<\/p>\n<p>BANALES III S.L.<\/p>\n<p>CTC SERVICIOS AMBIENTALES S.L.<\/p>\n<p>RECICLADOS PL\u00c1STICOS SERVA<\/p>\n<p>ECOPLASTIC AMBIENTAL S.L.<\/p>\n<\/td>\n<td width=\"259\">Empresas pertenecientes a nuestro grupo empresarial, para fines administrativos internos, asesoramiento contable, laboral, fiscal y legal.<\/td>\n<\/tr>\n<\/tbody>\n<\/table>\n<p>&nbsp;<\/p>\n<ol>\n<li>\n<ol>\n<li><strong>\u2013 \u00bfCu\u00e1les son sus derechos cuando nos facilita sus datos?<\/strong><\/li>\n<\/ol>\n<\/li>\n<\/ol>\n<p>Cualquier persona tiene derecho a obtener confirmaci\u00f3n sobre si en la empresa estamos tratando datos personales que les conciernan, o no.<\/p>\n<p>En concreto, puede usted dirigirse a la empresa a su direcci\u00f3n postal o bien a la direcci\u00f3n de email facilitada en el presente documento con la finalidad de ejercer los siguientes derechos:<\/p>\n<ul>\n<li>\n<ul>\n<li>Derecho a solicitar el acceso a los datos personales relativos al interesado.<\/li>\n<li>Derecho a solicitar su rectificaci\u00f3n o supresi\u00f3n.<\/li>\n<li>Derecho a solicitar la limitaci\u00f3n de su tratamiento.<\/li>\n<li>Derecho a oponerse al tratamiento.<\/li>\n<li>Derecho a la portabilidad de los datos.<\/li>\n<\/ul>\n<\/li>\n<\/ul>\n<p>Puede usted solicitar los formularios necesarios para el ejercicio de estos derechos enviando un correo electr\u00f3nico a la direcci\u00f3n de email facilitada en el presente documento.<\/p>\n<p>Dado el car\u00e1cter personal\u00edsimo del ejercicio de cualquiera de estos derechos usted deber\u00e1 adjuntar a la solicitud copia de su carnet de identidad o documento acreditativo equivalente.<\/p>\n<p>Puede usted dirigirse a la Agencia Espa\u00f1ola de protecci\u00f3n de Datos para obtener informaci\u00f3n adicional acerca de sus derechos o presentar una reclamaci\u00f3n ante la misma, especialmente cuando no haya obtenido satisfacci\u00f3n en el ejercicio de sus derechos, obteniendo toda la informaci\u00f3n necesaria para ello a trav\u00e9s de la web www.agpd.es<\/p>\n<\/div>\n<\/div>\n<\/div>\n<\/div>\n<\/section>\n<p>[\/et_pb_text][\/et_pb_column][\/et_pb_row][\/et_pb_section]<\/p>\n","protected":false},"excerpt":{"rendered":"<p>PRIVACY POLICY &nbsp; El objetivo de esta pol\u00edtica de privacidad (en adelante, la \u00abPol\u00edtica\u00bb) es informar a los visitantes o usuarios (en adelante, el \u00abUsuario\u00bb) del sitio web\u00a0www.veolia.es\u00a0(en adelante, el\u00a0\u00abSitio\u00bb) de los t\u00e9rminos y condiciones para la protecci\u00f3n de sus datos personales de conformidad con el Reglamento 2016\/679, de 27 de abril de 2016, relativo [&hellip;]<\/p>\n","protected":false},"author":2,"featured_media":0,"parent":0,"menu_order":0,"comment_status":"closed","ping_status":"closed","template":"","meta":{"_et_pb_use_builder":"on","_et_pb_old_content":"","_et_gb_content_width":"","footnotes":""},"class_list":["post-1048","page","type-page","status-publish","hentry"],"yoast_head":"<!-- This site is optimized with the Yoast SEO plugin v24.9 - https:\/\/yoast.com\/wordpress\/plugins\/seo\/ -->\n<title>PRIVACY POLICY - Reciclados LA RED<\/title>\n<meta name=\"robots\" content=\"index, follow, max-snippet:-1, max-image-preview:large, max-video-preview:-1\" \/>\n<link rel=\"canonical\" href=\"https:\/\/www.recicladoslared.es\/index.php\/en\/privacy-policy\/\" \/>\n<meta property=\"og:locale\" content=\"es_ES\" \/>\n<meta property=\"og:type\" content=\"article\" \/>\n<meta property=\"og:title\" content=\"PRIVACY POLICY - Reciclados LA RED\" \/>\n<meta property=\"og:url\" content=\"https:\/\/www.recicladoslared.es\/index.php\/en\/privacy-policy\/\" \/>\n<meta property=\"og:site_name\" content=\"Reciclados LA RED\" \/>\n<meta property=\"article:publisher\" content=\"https:\/\/www.facebook.com\/recicladoslared\" \/>\n<meta property=\"article:modified_time\" content=\"2024-01-16T12:35:39+00:00\" \/>\n<meta property=\"og:image\" content=\"https:\/\/www.recicladoslared.es\/wp-content\/uploads\/2023\/05\/Logo-La-Red-Transpa-2.png\" \/>\n\t<meta property=\"og:image:width\" content=\"600\" \/>\n\t<meta property=\"og:image:height\" content=\"400\" \/>\n\t<meta property=\"og:image:type\" content=\"image\/png\" \/>\n<meta name=\"twitter:card\" content=\"summary_large_image\" \/>\n<meta name=\"twitter:site\" content=\"@RecicladosLaRed\" \/>\n<meta name=\"twitter:label1\" content=\"Tiempo de lectura\" \/>\n\t<meta name=\"twitter:data1\" content=\"13 minutos\" \/>\n<script type=\"application\/ld+json\" class=\"yoast-schema-graph\">{\"@context\":\"https:\/\/schema.org\",\"@graph\":[{\"@type\":\"WebPage\",\"@id\":\"https:\/\/www.recicladoslared.es\/index.php\/en\/privacy-policy\/\",\"url\":\"https:\/\/www.recicladoslared.es\/index.php\/en\/privacy-policy\/\",\"name\":\"PRIVACY POLICY - Reciclados LA RED\",\"isPartOf\":{\"@id\":\"https:\/\/www.recicladoslared.es\/#website\"},\"datePublished\":\"2024-01-16T12:35:36+00:00\",\"dateModified\":\"2024-01-16T12:35:39+00:00\",\"breadcrumb\":{\"@id\":\"https:\/\/www.recicladoslared.es\/index.php\/en\/privacy-policy\/#breadcrumb\"},\"inLanguage\":\"es\",\"potentialAction\":[{\"@type\":\"ReadAction\",\"target\":[\"https:\/\/www.recicladoslared.es\/index.php\/en\/privacy-policy\/\"]}]},{\"@type\":\"BreadcrumbList\",\"@id\":\"https:\/\/www.recicladoslared.es\/index.php\/en\/privacy-policy\/#breadcrumb\",\"itemListElement\":[{\"@type\":\"ListItem\",\"position\":1,\"name\":\"Portada\",\"item\":\"https:\/\/www.recicladoslared.es\/\"},{\"@type\":\"ListItem\",\"position\":2,\"name\":\"PRIVACY POLICY\"}]},{\"@type\":\"WebSite\",\"@id\":\"https:\/\/www.recicladoslared.es\/#website\",\"url\":\"https:\/\/www.recicladoslared.es\/\",\"name\":\"Reciclados La Red\",\"description\":\"Planta de reciclaje de pl\u00e1stico y venta de pl\u00e1stico reciclado\",\"publisher\":{\"@id\":\"https:\/\/www.recicladoslared.es\/#organization\"},\"potentialAction\":[{\"@type\":\"SearchAction\",\"target\":{\"@type\":\"EntryPoint\",\"urlTemplate\":\"https:\/\/www.recicladoslared.es\/?s={search_term_string}\"},\"query-input\":{\"@type\":\"PropertyValueSpecification\",\"valueRequired\":true,\"valueName\":\"search_term_string\"}}],\"inLanguage\":\"es\"},{\"@type\":\"Organization\",\"@id\":\"https:\/\/www.recicladoslared.es\/#organization\",\"name\":\"Reciclados La Red\",\"url\":\"https:\/\/www.recicladoslared.es\/\",\"logo\":{\"@type\":\"ImageObject\",\"inLanguage\":\"es\",\"@id\":\"https:\/\/www.recicladoslared.es\/#\/schema\/logo\/image\/\",\"url\":\"https:\/\/www.recicladoslared.es\/wp-content\/uploads\/2023\/05\/Logo-La-Red-Transpa-2.png\",\"contentUrl\":\"https:\/\/www.recicladoslared.es\/wp-content\/uploads\/2023\/05\/Logo-La-Red-Transpa-2.png\",\"width\":600,\"height\":400,\"caption\":\"Reciclados La Red\"},\"image\":{\"@id\":\"https:\/\/www.recicladoslared.es\/#\/schema\/logo\/image\/\"},\"sameAs\":[\"https:\/\/www.facebook.com\/recicladoslared\",\"https:\/\/x.com\/RecicladosLaRed\",\"https:\/\/es.linkedin.com\/company\/reciclados-la-red---reciclados-pl-sticos-serva\"]}]}<\/script>\n<!-- \/ Yoast SEO plugin. -->","yoast_head_json":{"title":"PRIVACY POLICY - Reciclados LA RED","robots":{"index":"index","follow":"follow","max-snippet":"max-snippet:-1","max-image-preview":"max-image-preview:large","max-video-preview":"max-video-preview:-1"},"canonical":"https:\/\/www.recicladoslared.es\/index.php\/en\/privacy-policy\/","og_locale":"es_ES","og_type":"article","og_title":"PRIVACY POLICY - Reciclados LA RED","og_url":"https:\/\/www.recicladoslared.es\/index.php\/en\/privacy-policy\/","og_site_name":"Reciclados LA RED","article_publisher":"https:\/\/www.facebook.com\/recicladoslared","article_modified_time":"2024-01-16T12:35:39+00:00","og_image":[{"width":600,"height":400,"url":"https:\/\/www.recicladoslared.es\/wp-content\/uploads\/2023\/05\/Logo-La-Red-Transpa-2.png","type":"image\/png"}],"twitter_card":"summary_large_image","twitter_site":"@RecicladosLaRed","twitter_misc":{"Tiempo de lectura":"13 minutos"},"schema":{"@context":"https:\/\/schema.org","@graph":[{"@type":"WebPage","@id":"https:\/\/www.recicladoslared.es\/index.php\/en\/privacy-policy\/","url":"https:\/\/www.recicladoslared.es\/index.php\/en\/privacy-policy\/","name":"PRIVACY POLICY - Reciclados LA RED","isPartOf":{"@id":"https:\/\/www.recicladoslared.es\/#website"},"datePublished":"2024-01-16T12:35:36+00:00","dateModified":"2024-01-16T12:35:39+00:00","breadcrumb":{"@id":"https:\/\/www.recicladoslared.es\/index.php\/en\/privacy-policy\/#breadcrumb"},"inLanguage":"es","potentialAction":[{"@type":"ReadAction","target":["https:\/\/www.recicladoslared.es\/index.php\/en\/privacy-policy\/"]}]},{"@type":"BreadcrumbList","@id":"https:\/\/www.recicladoslared.es\/index.php\/en\/privacy-policy\/#breadcrumb","itemListElement":[{"@type":"ListItem","position":1,"name":"Portada","item":"https:\/\/www.recicladoslared.es\/"},{"@type":"ListItem","position":2,"name":"PRIVACY POLICY"}]},{"@type":"WebSite","@id":"https:\/\/www.recicladoslared.es\/#website","url":"https:\/\/www.recicladoslared.es\/","name":"Reciclados La Red","description":"Planta de reciclaje de pl\u00e1stico y venta de pl\u00e1stico reciclado","publisher":{"@id":"https:\/\/www.recicladoslared.es\/#organization"},"potentialAction":[{"@type":"SearchAction","target":{"@type":"EntryPoint","urlTemplate":"https:\/\/www.recicladoslared.es\/?s={search_term_string}"},"query-input":{"@type":"PropertyValueSpecification","valueRequired":true,"valueName":"search_term_string"}}],"inLanguage":"es"},{"@type":"Organization","@id":"https:\/\/www.recicladoslared.es\/#organization","name":"Reciclados La Red","url":"https:\/\/www.recicladoslared.es\/","logo":{"@type":"ImageObject","inLanguage":"es","@id":"https:\/\/www.recicladoslared.es\/#\/schema\/logo\/image\/","url":"https:\/\/www.recicladoslared.es\/wp-content\/uploads\/2023\/05\/Logo-La-Red-Transpa-2.png","contentUrl":"https:\/\/www.recicladoslared.es\/wp-content\/uploads\/2023\/05\/Logo-La-Red-Transpa-2.png","width":600,"height":400,"caption":"Reciclados La Red"},"image":{"@id":"https:\/\/www.recicladoslared.es\/#\/schema\/logo\/image\/"},"sameAs":["https:\/\/www.facebook.com\/recicladoslared","https:\/\/x.com\/RecicladosLaRed","https:\/\/es.linkedin.com\/company\/reciclados-la-red---reciclados-pl-sticos-serva"]}]}},"_links":{"self":[{"href":"https:\/\/www.recicladoslared.es\/index.php\/wp-json\/wp\/v2\/pages\/1048","targetHints":{"allow":["GET"]}}],"collection":[{"href":"https:\/\/www.recicladoslared.es\/index.php\/wp-json\/wp\/v2\/pages"}],"about":[{"href":"https:\/\/www.recicladoslared.es\/index.php\/wp-json\/wp\/v2\/types\/page"}],"author":[{"embeddable":true,"href":"https:\/\/www.recicladoslared.es\/index.php\/wp-json\/wp\/v2\/users\/2"}],"replies":[{"embeddable":true,"href":"https:\/\/www.recicladoslared.es\/index.php\/wp-json\/wp\/v2\/comments?post=1048"}],"version-history":[{"count":2,"href":"https:\/\/www.recicladoslared.es\/index.php\/wp-json\/wp\/v2\/pages\/1048\/revisions"}],"predecessor-version":[{"id":1050,"href":"https:\/\/www.recicladoslared.es\/index.php\/wp-json\/wp\/v2\/pages\/1048\/revisions\/1050"}],"wp:attachment":[{"href":"https:\/\/www.recicladoslared.es\/index.php\/wp-json\/wp\/v2\/media?parent=1048"}],"curies":[{"name":"wp","href":"https:\/\/api.w.org\/{rel}","templated":true}]}}