{"id":1517,"date":"2025-01-09T10:57:42","date_gmt":"2025-01-09T10:57:42","guid":{"rendered":"https:\/\/www.recicladoslared.es\/?page_id=1517"},"modified":"2025-01-27T18:23:47","modified_gmt":"2025-01-27T18:23:47","slug":"nuevo-pebd","status":"publish","type":"page","link":"https:\/\/www.recicladoslared.es\/index.php\/nuevo-pebd\/","title":{"rendered":"Nuevo PEBD"},"content":{"rendered":"<p>[et_pb_section fb_built=\u00bb1&#8243; _builder_version=\u00bb4.27.4&#8243; _module_preset=\u00bbdefault\u00bb background_image=\u00bbhttps:\/\/www.recicladoslared.es\/wp-content\/uploads\/2023\/05\/transportation-services-18-1.png\u00bb custom_padding=\u00bb0px||3px|||\u00bb global_colors_info=\u00bb{}\u00bb][et_pb_row column_structure=\u00bb3_5,2_5&#8243; use_custom_gutter=\u00bbon\u00bb gutter_width=\u00bb2&#8243; _builder_version=\u00bb4.27.4&#8243; _module_preset=\u00bbdefault\u00bb width=\u00bb100%\u00bb max_width=\u00bb1900px\u00bb custom_padding=\u00bb0px||||false|false\u00bb global_colors_info=\u00bb{}\u00bb][et_pb_column type=\u00bb3_5&#8243; _builder_version=\u00bb4.27.4&#8243; _module_preset=\u00bbdefault\u00bb background_enable_image=\u00bboff\u00bb global_colors_info=\u00bb{}\u00bb][et_pb_image src=\u00bbhttps:\/\/www.recicladoslared.es\/wp-content\/uploads\/2024\/02\/la_red_by_veolia_ok-scaled.jpg\u00bb alt=\u00bbLogo\u00bb title_text=\u00bbla_red_by_veolia_ok\u00bb align_tablet=\u00bbleft\u00bb align_phone=\u00bbleft\u00bb align_last_edited=\u00bbon|phone\u00bb disabled_on=\u00bbon|off|off\u00bb _builder_version=\u00bb4.27.4&#8243; _module_preset=\u00bbdefault\u00bb width=\u00bb25%\u00bb width_tablet=\u00bb38%\u00bb width_phone=\u00bb39%\u00bb width_last_edited=\u00bbon|tablet\u00bb custom_margin=\u00bb20px|||50px|false|false\u00bb global_colors_info=\u00bb{}\u00bb][\/et_pb_image][et_pb_text _builder_version=\u00bb4.27.4&#8243; _module_preset=\u00bbdefault\u00bb text_font=\u00bb|300|on||||||\u00bb text_text_color=\u00bb#f25b48&#8243; text_font_size=\u00bb22px\u00bb header_font=\u00bb||on||||||\u00bb header_text_color=\u00bb#f25b48&#8243; header_font_size=\u00bb42px\u00bb header_line_height=\u00bb1.3em\u00bb custom_margin_tablet=\u00bb||0px||false|false\u00bb custom_margin_phone=\u00bb||0px||false|false\u00bb custom_margin_last_edited=\u00bbon|tablet\u00bb custom_padding=\u00bb|150px||150px|false|true\u00bb custom_padding_tablet=\u00bb|50px||50px|false|true\u00bb custom_padding_phone=\u00bb|30px|20px|30px|false|true\u00bb custom_padding_last_edited=\u00bbon|phone\u00bb text_font_size_tablet=\u00bb24px\u00bb text_font_size_phone=\u00bb24px\u00bb text_font_size_last_edited=\u00bbon|tablet\u00bb header_text_align_tablet=\u00bbleft\u00bb header_text_align_phone=\u00bbleft\u00bb header_text_align_last_edited=\u00bbon|phone\u00bb header_font_size_tablet=\u00bb\u00bb header_font_size_phone=\u00bb\u00bb header_font_size_last_edited=\u00bbon|tablet\u00bb text_orientation_tablet=\u00bbcenter\u00bb text_orientation_phone=\u00bbcenter\u00bb text_orientation_last_edited=\u00bbon|tablet\u00bb global_colors_info=\u00bb{}\u00bb]<\/p>\n<h1>Conoce el nuevo PEBD Negro Posconsumo Comercial<\/h1>\n<p>Sostenible y de calidad<\/p>\n<p>[\/et_pb_text][et_pb_blurb title=\u00bbTrazabilidad\u00bb use_icon=\u00bbon\u00bb font_icon=\u00bb&#x4e;||divi||400&#8243; icon_color=\u00bb#000000&#8243; icon_placement=\u00bbleft\u00bb image_icon_width=\u00bb27px\u00bb _builder_version=\u00bb4.27.4&#8243; _module_preset=\u00bbdefault\u00bb header_font_size=\u00bb24px\u00bb body_font=\u00bb|300|||||||\u00bb body_font_size=\u00bb19px\u00bb custom_margin=\u00bb||6px||false|false\u00bb custom_margin_tablet=\u00bb\u00bb custom_margin_phone=\u00bb|15px||15px|false|true\u00bb custom_margin_last_edited=\u00bbon|tablet\u00bb custom_padding=\u00bb15px||15px||true|false\u00bb custom_padding_tablet=\u00bb10px||10px||true|false\u00bb custom_padding_phone=\u00bb10px||10px||true|false\u00bb custom_padding_last_edited=\u00bbon|tablet\u00bb global_colors_info=\u00bb{}\u00bb]<\/p>\n<p>Certificaci\u00f3n UNE EN 15343 que certifica la trazabilidad de nuestros pl\u00e1sticos reciclados.<\/p>\n<p>[\/et_pb_blurb][et_pb_blurb title=\u00bbEconom\u00eda Circular\u00bb use_icon=\u00bbon\u00bb font_icon=\u00bb&#x4e;||divi||400&#8243; icon_color=\u00bb#000000&#8243; icon_placement=\u00bbleft\u00bb image_icon_width=\u00bb27px\u00bb _builder_version=\u00bb4.27.4&#8243; _module_preset=\u00bbdefault\u00bb header_font_size=\u00bb24px\u00bb body_font=\u00bb|300|||||||\u00bb body_font_size=\u00bb19px\u00bb custom_margin=\u00bb||6px||false|false\u00bb custom_margin_tablet=\u00bb\u00bb custom_margin_phone=\u00bb|15px||15px|false|true\u00bb custom_margin_last_edited=\u00bbon|tablet\u00bb custom_padding=\u00bb15px||15px||true|false\u00bb custom_padding_tablet=\u00bb10px||10px||true|false\u00bb custom_padding_phone=\u00bb10px||10px||true|false\u00bb custom_padding_last_edited=\u00bbon|tablet\u00bb global_colors_info=\u00bb{}\u00bb]<\/p>\n<p>Contribuye a un ecosistema m\u00e1s sostenible reduciendo los residuos pl\u00e1sticos.<\/p>\n<p>[\/et_pb_blurb][et_pb_blurb title=\u00bbAlta Calidad\u00bb use_icon=\u00bbon\u00bb font_icon=\u00bb&#x4e;||divi||400&#8243; icon_color=\u00bb#000000&#8243; icon_placement=\u00bbleft\u00bb image_icon_width=\u00bb27px\u00bb _builder_version=\u00bb4.27.4&#8243; _module_preset=\u00bbdefault\u00bb header_font_size=\u00bb24px\u00bb body_font=\u00bb|300|||||||\u00bb body_font_size=\u00bb19px\u00bb custom_margin=\u00bb||6px||false|false\u00bb custom_margin_tablet=\u00bb\u00bb custom_margin_phone=\u00bb|15px||15px|false|true\u00bb custom_margin_last_edited=\u00bbon|tablet\u00bb custom_padding=\u00bb15px||15px||true|false\u00bb custom_padding_tablet=\u00bb10px||10px||true|false\u00bb custom_padding_phone=\u00bb10px||10px||true|false\u00bb custom_padding_last_edited=\u00bbon|tablet\u00bb global_colors_info=\u00bb{}\u00bb]<\/p>\n<p>Procesado con est\u00e1ndares rigurosos para asegurar la resistencia y la durabilidad. Hemos implementado mejoras en los procesos de lavado, filtrado y extrusi\u00f3n.<\/p>\n<p>[\/et_pb_blurb][et_pb_blurb title=\u00bbVersatilidad\u00bb use_icon=\u00bbon\u00bb font_icon=\u00bb&#x4e;||divi||400&#8243; icon_color=\u00bb#000000&#8243; icon_placement=\u00bbleft\u00bb image_icon_width=\u00bb27px\u00bb _builder_version=\u00bb4.27.4&#8243; _module_preset=\u00bbdefault\u00bb header_font_size=\u00bb24px\u00bb body_font=\u00bb|300|||||||\u00bb body_font_size=\u00bb19px\u00bb custom_margin=\u00bb||6px||false|false\u00bb custom_margin_tablet=\u00bb||6px||false|false\u00bb custom_margin_phone=\u00bb|15px||15px|false|true\u00bb custom_margin_last_edited=\u00bbon|tablet\u00bb custom_padding=\u00bb15px||15px||true|false\u00bb custom_padding_tablet=\u00bb10px||10px||true|false\u00bb custom_padding_phone=\u00bb10px||10px||true|false\u00bb custom_padding_last_edited=\u00bbon|tablet\u00bb global_colors_info=\u00bb{}\u00bb]<\/p>\n<p>Aplicaciones en m\u00faltiples industrias desde embalaje hasta construcci\u00f3n.<\/p>\n<p>[\/et_pb_blurb][\/et_pb_column][et_pb_column type=\u00bb2_5&#8243; _builder_version=\u00bb4.27.4&#8243; _module_preset=\u00bbdefault\u00bb background_color=\u00bbrgba(0,0,0,0.45)\u00bb background_image=\u00bbhttps:\/\/www.recicladoslared.es\/wp-content\/uploads\/2025\/01\/NEGRO-BAJA-DENSIDAD-G-scaled.jpg\u00bb background_blend=\u00bbmultiply\u00bb custom_padding=\u00bb30px|50px|30px|50px|true|true\u00bb global_colors_info=\u00bb{}\u00bb][et_pb_text _builder_version=\u00bb4.27.4&#8243; _module_preset=\u00bbdefault\u00bb text_text_color=\u00bb#FFFFFF\u00bb text_font_size=\u00bb22px\u00bb custom_padding=\u00bb55px||16px||false|false\u00bb global_colors_info=\u00bb{}\u00bb]<\/p>\n<p>Solicita m\u00e1s informaci\u00f3n y da el primer paso hacia un futuro m\u00e1s sostenible.<\/p>\n<p>[\/et_pb_text][et_pb_contact_form captcha=\u00bboff\u00bb email=\u00bbnoreplyrecicladoslared@agbar.es\u00bb custom_message=\u00bbEste es un mensaje del Landing Nuevo PEBD:||et_pb_line_break_holder||||et_pb_line_break_holder||Nombre: %%Name%%||et_pb_line_break_holder||||et_pb_line_break_holder||Empresa: %%Empresa%%||et_pb_line_break_holder||||et_pb_line_break_holder||Correo electr\u00f3nico: %%Email%%||et_pb_line_break_holder||||et_pb_line_break_holder||Tel\u00e9fono: %%Phone%%||et_pb_line_break_holder||||et_pb_line_break_holder||Mensaje: %%Message%%\u00bb success_message=\u00bbMuchas gracias por contactar con nosotros. \u00bb submit_button_text=\u00bbQUIERO SABER M\u00c1S \u00bb _builder_version=\u00bb4.27.4&#8243; _module_preset=\u00bbdefault\u00bb _unique_id=\u00bbd9288ba8-9e46-47b6-951e-148c234ceab8&#8243; form_field_background_color=\u00bb#FFFFFF\u00bb form_field_text_color=\u00bb#000000&#8243; form_field_focus_background_color=\u00bb#FFFFFF\u00bb form_field_focus_text_color=\u00bb#000000&#8243; captcha_text_color=\u00bb#FFFFFF\u00bb form_field_font=\u00bb|300|||||||\u00bb form_field_font_size=\u00bb16px\u00bb custom_button=\u00bbon\u00bb button_text_color=\u00bb#ffffff\u00bb button_bg_color=\u00bb#f25b48&#8243; button_border_width=\u00bb0px\u00bb button_custom_margin=\u00bb10px|150px||150px|false|true\u00bb button_custom_margin_tablet=\u00bb|130px||130px|false|true\u00bb button_custom_margin_phone=\u00bb|55px||55px|false|true\u00bb button_custom_margin_last_edited=\u00bbon|phone\u00bb button_custom_padding=\u00bb10px|50px|10px|50px|true|true\u00bb button_custom_padding_tablet=\u00bb|100px||100px|false|true\u00bb button_custom_padding_phone=\u00bb10px|10px|10px|10px|true|true\u00bb button_custom_padding_last_edited=\u00bbon|phone\u00bb hover_enabled=\u00bb0&#8243; custom_css_free_form=\u00bb.et_pb_column.et_pb_column_4_4.et_pb_column_inner.et_pb_column_inner_4.et-last-child p {||color: #fff !important;||}\u00bb custom_css_contact_button=\u00bbwidth: 100%;||\u00bb custom_css_captcha_field=\u00bbwidth: 100%;\u00bb global_colors_info=\u00bb{}\u00bb sticky_enabled=\u00bb0&#8243;][et_pb_contact_field field_id=\u00bbName\u00bb field_title=\u00bbNombre\u00bb fullwidth_field=\u00bbon\u00bb _builder_version=\u00bb4.27.4&#8243; global_colors_info=\u00bb{}\u00bb button_text_size__hover_enabled=\u00bboff\u00bb button_one_text_size__hover_enabled=\u00bboff\u00bb button_two_text_size__hover_enabled=\u00bboff\u00bb button_text_color__hover_enabled=\u00bboff\u00bb button_one_text_color__hover_enabled=\u00bboff\u00bb button_two_text_color__hover_enabled=\u00bboff\u00bb button_border_width__hover_enabled=\u00bboff\u00bb button_one_border_width__hover_enabled=\u00bboff\u00bb button_two_border_width__hover_enabled=\u00bboff\u00bb button_border_color__hover_enabled=\u00bboff\u00bb button_one_border_color__hover_enabled=\u00bboff\u00bb button_two_border_color__hover_enabled=\u00bboff\u00bb button_border_radius__hover_enabled=\u00bboff\u00bb button_one_border_radius__hover_enabled=\u00bboff\u00bb button_two_border_radius__hover_enabled=\u00bboff\u00bb button_letter_spacing__hover_enabled=\u00bboff\u00bb button_one_letter_spacing__hover_enabled=\u00bboff\u00bb button_two_letter_spacing__hover_enabled=\u00bboff\u00bb button_bg_color__hover_enabled=\u00bboff\u00bb button_one_bg_color__hover_enabled=\u00bboff\u00bb button_two_bg_color__hover_enabled=\u00bboff\u00bb][\/et_pb_contact_field][et_pb_contact_field field_id=\u00bbEmpresa\u00bb field_title=\u00bbEmpresa\u00bb fullwidth_field=\u00bbon\u00bb _builder_version=\u00bb4.27.4&#8243; _module_preset=\u00bbdefault\u00bb global_colors_info=\u00bb{}\u00bb][\/et_pb_contact_field][et_pb_contact_field field_id=\u00bbEmail\u00bb field_title=\u00bbCorreo Electr\u00f3nico\u00bb field_type=\u00bbemail\u00bb fullwidth_field=\u00bbon\u00bb _builder_version=\u00bb4.27.4&#8243; global_colors_info=\u00bb{}\u00bb button_text_size__hover_enabled=\u00bboff\u00bb button_one_text_size__hover_enabled=\u00bboff\u00bb button_two_text_size__hover_enabled=\u00bboff\u00bb button_text_color__hover_enabled=\u00bboff\u00bb button_one_text_color__hover_enabled=\u00bboff\u00bb button_two_text_color__hover_enabled=\u00bboff\u00bb button_border_width__hover_enabled=\u00bboff\u00bb button_one_border_width__hover_enabled=\u00bboff\u00bb button_two_border_width__hover_enabled=\u00bboff\u00bb button_border_color__hover_enabled=\u00bboff\u00bb button_one_border_color__hover_enabled=\u00bboff\u00bb button_two_border_color__hover_enabled=\u00bboff\u00bb button_border_radius__hover_enabled=\u00bboff\u00bb button_one_border_radius__hover_enabled=\u00bboff\u00bb button_two_border_radius__hover_enabled=\u00bboff\u00bb button_letter_spacing__hover_enabled=\u00bboff\u00bb button_one_letter_spacing__hover_enabled=\u00bboff\u00bb button_two_letter_spacing__hover_enabled=\u00bboff\u00bb button_bg_color__hover_enabled=\u00bboff\u00bb button_one_bg_color__hover_enabled=\u00bboff\u00bb button_two_bg_color__hover_enabled=\u00bboff\u00bb][\/et_pb_contact_field][et_pb_contact_field field_id=\u00bbPhone\u00bb field_title=\u00bbTel\u00e9fono\u00bb required_mark=\u00bboff\u00bb fullwidth_field=\u00bbon\u00bb _builder_version=\u00bb4.27.4&#8243; _module_preset=\u00bbdefault\u00bb global_colors_info=\u00bb{}\u00bb][\/et_pb_contact_field][et_pb_contact_field field_id=\u00bbMessage\u00bb field_title=\u00bbMensaje\u00bb field_type=\u00bbtext\u00bb fullwidth_field=\u00bbon\u00bb _builder_version=\u00bb4.16&#8243; global_colors_info=\u00bb{}\u00bb button_text_size__hover_enabled=\u00bboff\u00bb button_one_text_size__hover_enabled=\u00bboff\u00bb button_two_text_size__hover_enabled=\u00bboff\u00bb button_text_color__hover_enabled=\u00bboff\u00bb button_one_text_color__hover_enabled=\u00bboff\u00bb button_two_text_color__hover_enabled=\u00bboff\u00bb button_border_width__hover_enabled=\u00bboff\u00bb button_one_border_width__hover_enabled=\u00bboff\u00bb button_two_border_width__hover_enabled=\u00bboff\u00bb button_border_color__hover_enabled=\u00bboff\u00bb button_one_border_color__hover_enabled=\u00bboff\u00bb button_two_border_color__hover_enabled=\u00bboff\u00bb button_border_radius__hover_enabled=\u00bboff\u00bb button_one_border_radius__hover_enabled=\u00bboff\u00bb button_two_border_radius__hover_enabled=\u00bboff\u00bb button_letter_spacing__hover_enabled=\u00bboff\u00bb button_one_letter_spacing__hover_enabled=\u00bboff\u00bb button_two_letter_spacing__hover_enabled=\u00bboff\u00bb button_bg_color__hover_enabled=\u00bboff\u00bb button_one_bg_color__hover_enabled=\u00bboff\u00bb button_two_bg_color__hover_enabled=\u00bboff\u00bb][\/et_pb_contact_field][\/et_pb_contact_form][et_pb_text _builder_version=\u00bb4.27.4&#8243; _module_preset=\u00bbdefault\u00bb text_font=\u00bb|300|||||||\u00bb text_text_color=\u00bb#FFFFFF\u00bb custom_padding=\u00bb15px||16px||false|false\u00bb text_orientation_tablet=\u00bbcenter\u00bb text_orientation_phone=\u00bbcenter\u00bb text_orientation_last_edited=\u00bbon|phone\u00bb global_colors_info=\u00bb{}\u00bb]<\/p>\n<p><i>Al pulsar el bot\u00f3n \u00abQuiero saber m\u00e1s\u00bb autoriza a que los datos personales facilitados a trav\u00e9s del formulario sean tratados por RECICLADOS LA RED S.L.\u00a0para remitirle las comunicaciones solicitadas por medios electr\u00f3nicos. Puede ejercitar sus derechos de acceso, rectificaci\u00f3n,\u00a0oposici\u00f3n, limitaci\u00f3n del tratamiento, portabilidad y supresi\u00f3n escribiendo a\u00a0<a href=\"mailto:dpo.spain@veolia.com\" target=\"_blank\" rel=\"noopener\">dpo.spain@veolia.com<\/a>. M\u00e1s informaci\u00f3n\u00a0<a href=\"https:\/\/www.recicladoslared.es\/index.php\/politica-de-privacidad\/\" target=\"_blank\" rel=\"noopener\" data-saferedirecturl=\"https:\/\/www.google.com\/url?q=https:\/\/www.recicladoslared.es\/index.php\/politica-de-privacidad\/&amp;source=gmail&amp;ust=1736934320437000&amp;usg=AOvVaw0wEXepwe1hMOo__GF9sC4G\">aqu\u00ed<\/a>.<\/i><\/p>\n<p>[\/et_pb_text][\/et_pb_column][\/et_pb_row][\/et_pb_section]<\/p>\n","protected":false},"excerpt":{"rendered":"<p>Conoce el nuevo PEBD Negro Posconsumo Comercial Sostenible y de calidadCertificaci\u00f3n UNE EN 15343 que certifica la trazabilidad de nuestros pl\u00e1sticos reciclados.Contribuye a un ecosistema m\u00e1s sostenible reduciendo los residuos pl\u00e1sticos.Procesado con est\u00e1ndares rigurosos para asegurar la resistencia y la durabilidad. Hemos implementado mejoras en los procesos de lavado, filtrado y extrusi\u00f3n.Aplicaciones en m\u00faltiples industrias [&hellip;]<\/p>\n","protected":false},"author":2,"featured_media":0,"parent":0,"menu_order":0,"comment_status":"closed","ping_status":"closed","template":"","meta":{"_et_pb_use_builder":"on","_et_pb_old_content":"","_et_gb_content_width":"","footnotes":""},"class_list":["post-1517","page","type-page","status-publish","hentry"],"yoast_head":"<!-- This site is optimized with the Yoast SEO plugin v24.9 - https:\/\/yoast.com\/wordpress\/plugins\/seo\/ -->\n<title>Nuevo PEBD Posconsumo Comercial - Reciclados La Red<\/title>\n<meta name=\"description\" content=\"Conoce el nuevo PEBD Negro Posconsumo Comercial que te ofrece Reciclados La Red. Un producto de alta calidad y versatilidad. Contacta ahora.\" \/>\n<meta name=\"robots\" content=\"index, follow, max-snippet:-1, max-image-preview:large, max-video-preview:-1\" \/>\n<link rel=\"canonical\" href=\"https:\/\/www.recicladoslared.es\/index.php\/nuevo-pebd\/\" \/>\n<meta property=\"og:locale\" content=\"es_ES\" \/>\n<meta property=\"og:type\" content=\"article\" \/>\n<meta property=\"og:title\" content=\"Nuevo PEBD Posconsumo Comercial - Reciclados La Red\" \/>\n<meta property=\"og:description\" content=\"Conoce el nuevo PEBD Negro Posconsumo Comercial que te ofrece Reciclados La Red. Un producto de alta calidad y versatilidad. Contacta ahora.\" \/>\n<meta property=\"og:url\" content=\"https:\/\/www.recicladoslared.es\/index.php\/nuevo-pebd\/\" \/>\n<meta property=\"og:site_name\" content=\"Reciclados LA RED\" \/>\n<meta property=\"article:publisher\" content=\"https:\/\/www.facebook.com\/recicladoslared\" \/>\n<meta property=\"article:modified_time\" content=\"2025-01-27T18:23:47+00:00\" \/>\n<meta property=\"og:image\" content=\"https:\/\/www.recicladoslared.es\/wp-content\/uploads\/2025\/01\/NEGRO-BAJA-DENSIDAD-G-scaled.jpg\" \/>\n\t<meta property=\"og:image:width\" content=\"2560\" \/>\n\t<meta property=\"og:image:height\" content=\"2560\" \/>\n\t<meta property=\"og:image:type\" content=\"image\/jpeg\" \/>\n<meta name=\"twitter:card\" content=\"summary_large_image\" \/>\n<meta name=\"twitter:title\" content=\"Nuevo PEBD Posconsumo Comercial - Reciclados La Red\" \/>\n<meta name=\"twitter:description\" content=\"Conoce el nuevo PEBD Negro Posconsumo Comercial que te ofrece Reciclados La Red. Un producto de alta calidad y versatilidad. Contacta ahora.\" \/>\n<meta name=\"twitter:image\" content=\"https:\/\/www.recicladoslared.es\/wp-content\/uploads\/2025\/01\/NEGRO-BAJA-DENSIDAD-G-scaled.jpg\" \/>\n<meta name=\"twitter:site\" content=\"@RecicladosLaRed\" \/>\n<meta name=\"twitter:label1\" content=\"Tiempo de lectura\" \/>\n\t<meta name=\"twitter:data1\" content=\"1 minuto\" \/>\n<script type=\"application\/ld+json\" class=\"yoast-schema-graph\">{\"@context\":\"https:\/\/schema.org\",\"@graph\":[{\"@type\":\"WebPage\",\"@id\":\"https:\/\/www.recicladoslared.es\/index.php\/nuevo-pebd\/\",\"url\":\"https:\/\/www.recicladoslared.es\/index.php\/nuevo-pebd\/\",\"name\":\"Nuevo PEBD Posconsumo Comercial - Reciclados La Red\",\"isPartOf\":{\"@id\":\"https:\/\/www.recicladoslared.es\/#website\"},\"datePublished\":\"2025-01-09T10:57:42+00:00\",\"dateModified\":\"2025-01-27T18:23:47+00:00\",\"description\":\"Conoce el nuevo PEBD Negro Posconsumo Comercial que te ofrece Reciclados La Red. Un producto de alta calidad y versatilidad. Contacta ahora.\",\"breadcrumb\":{\"@id\":\"https:\/\/www.recicladoslared.es\/index.php\/nuevo-pebd\/#breadcrumb\"},\"inLanguage\":\"es\",\"potentialAction\":[{\"@type\":\"ReadAction\",\"target\":[\"https:\/\/www.recicladoslared.es\/index.php\/nuevo-pebd\/\"]}]},{\"@type\":\"BreadcrumbList\",\"@id\":\"https:\/\/www.recicladoslared.es\/index.php\/nuevo-pebd\/#breadcrumb\",\"itemListElement\":[{\"@type\":\"ListItem\",\"position\":1,\"name\":\"Portada\",\"item\":\"https:\/\/www.recicladoslared.es\/\"},{\"@type\":\"ListItem\",\"position\":2,\"name\":\"Nuevo PEBD\"}]},{\"@type\":\"WebSite\",\"@id\":\"https:\/\/www.recicladoslared.es\/#website\",\"url\":\"https:\/\/www.recicladoslared.es\/\",\"name\":\"Reciclados La Red\",\"description\":\"Planta de reciclaje de pl\u00e1stico y venta de pl\u00e1stico reciclado\",\"publisher\":{\"@id\":\"https:\/\/www.recicladoslared.es\/#organization\"},\"potentialAction\":[{\"@type\":\"SearchAction\",\"target\":{\"@type\":\"EntryPoint\",\"urlTemplate\":\"https:\/\/www.recicladoslared.es\/?s={search_term_string}\"},\"query-input\":{\"@type\":\"PropertyValueSpecification\",\"valueRequired\":true,\"valueName\":\"search_term_string\"}}],\"inLanguage\":\"es\"},{\"@type\":\"Organization\",\"@id\":\"https:\/\/www.recicladoslared.es\/#organization\",\"name\":\"Reciclados La Red\",\"url\":\"https:\/\/www.recicladoslared.es\/\",\"logo\":{\"@type\":\"ImageObject\",\"inLanguage\":\"es\",\"@id\":\"https:\/\/www.recicladoslared.es\/#\/schema\/logo\/image\/\",\"url\":\"https:\/\/www.recicladoslared.es\/wp-content\/uploads\/2023\/05\/Logo-La-Red-Transpa-2.png\",\"contentUrl\":\"https:\/\/www.recicladoslared.es\/wp-content\/uploads\/2023\/05\/Logo-La-Red-Transpa-2.png\",\"width\":600,\"height\":400,\"caption\":\"Reciclados La Red\"},\"image\":{\"@id\":\"https:\/\/www.recicladoslared.es\/#\/schema\/logo\/image\/\"},\"sameAs\":[\"https:\/\/www.facebook.com\/recicladoslared\",\"https:\/\/x.com\/RecicladosLaRed\",\"https:\/\/es.linkedin.com\/company\/reciclados-la-red---reciclados-pl-sticos-serva\"]}]}<\/script>\n<!-- \/ Yoast SEO plugin. -->","yoast_head_json":{"title":"Nuevo PEBD Posconsumo Comercial - Reciclados La Red","description":"Conoce el nuevo PEBD Negro Posconsumo Comercial que te ofrece Reciclados La Red. Un producto de alta calidad y versatilidad. Contacta ahora.","robots":{"index":"index","follow":"follow","max-snippet":"max-snippet:-1","max-image-preview":"max-image-preview:large","max-video-preview":"max-video-preview:-1"},"canonical":"https:\/\/www.recicladoslared.es\/index.php\/nuevo-pebd\/","og_locale":"es_ES","og_type":"article","og_title":"Nuevo PEBD Posconsumo Comercial - Reciclados La Red","og_description":"Conoce el nuevo PEBD Negro Posconsumo Comercial que te ofrece Reciclados La Red. Un producto de alta calidad y versatilidad. Contacta ahora.","og_url":"https:\/\/www.recicladoslared.es\/index.php\/nuevo-pebd\/","og_site_name":"Reciclados LA RED","article_publisher":"https:\/\/www.facebook.com\/recicladoslared","article_modified_time":"2025-01-27T18:23:47+00:00","og_image":[{"width":2560,"height":2560,"url":"https:\/\/www.recicladoslared.es\/wp-content\/uploads\/2025\/01\/NEGRO-BAJA-DENSIDAD-G-scaled.jpg","type":"image\/jpeg"}],"twitter_card":"summary_large_image","twitter_title":"Nuevo PEBD Posconsumo Comercial - Reciclados La Red","twitter_description":"Conoce el nuevo PEBD Negro Posconsumo Comercial que te ofrece Reciclados La Red. Un producto de alta calidad y versatilidad. Contacta ahora.","twitter_image":"https:\/\/www.recicladoslared.es\/wp-content\/uploads\/2025\/01\/NEGRO-BAJA-DENSIDAD-G-scaled.jpg","twitter_site":"@RecicladosLaRed","twitter_misc":{"Tiempo de lectura":"1 minuto"},"schema":{"@context":"https:\/\/schema.org","@graph":[{"@type":"WebPage","@id":"https:\/\/www.recicladoslared.es\/index.php\/nuevo-pebd\/","url":"https:\/\/www.recicladoslared.es\/index.php\/nuevo-pebd\/","name":"Nuevo PEBD Posconsumo Comercial - Reciclados La Red","isPartOf":{"@id":"https:\/\/www.recicladoslared.es\/#website"},"datePublished":"2025-01-09T10:57:42+00:00","dateModified":"2025-01-27T18:23:47+00:00","description":"Conoce el nuevo PEBD Negro Posconsumo Comercial que te ofrece Reciclados La Red. Un producto de alta calidad y versatilidad. Contacta ahora.","breadcrumb":{"@id":"https:\/\/www.recicladoslared.es\/index.php\/nuevo-pebd\/#breadcrumb"},"inLanguage":"es","potentialAction":[{"@type":"ReadAction","target":["https:\/\/www.recicladoslared.es\/index.php\/nuevo-pebd\/"]}]},{"@type":"BreadcrumbList","@id":"https:\/\/www.recicladoslared.es\/index.php\/nuevo-pebd\/#breadcrumb","itemListElement":[{"@type":"ListItem","position":1,"name":"Portada","item":"https:\/\/www.recicladoslared.es\/"},{"@type":"ListItem","position":2,"name":"Nuevo PEBD"}]},{"@type":"WebSite","@id":"https:\/\/www.recicladoslared.es\/#website","url":"https:\/\/www.recicladoslared.es\/","name":"Reciclados La Red","description":"Planta de reciclaje de pl\u00e1stico y venta de pl\u00e1stico reciclado","publisher":{"@id":"https:\/\/www.recicladoslared.es\/#organization"},"potentialAction":[{"@type":"SearchAction","target":{"@type":"EntryPoint","urlTemplate":"https:\/\/www.recicladoslared.es\/?s={search_term_string}"},"query-input":{"@type":"PropertyValueSpecification","valueRequired":true,"valueName":"search_term_string"}}],"inLanguage":"es"},{"@type":"Organization","@id":"https:\/\/www.recicladoslared.es\/#organization","name":"Reciclados La Red","url":"https:\/\/www.recicladoslared.es\/","logo":{"@type":"ImageObject","inLanguage":"es","@id":"https:\/\/www.recicladoslared.es\/#\/schema\/logo\/image\/","url":"https:\/\/www.recicladoslared.es\/wp-content\/uploads\/2023\/05\/Logo-La-Red-Transpa-2.png","contentUrl":"https:\/\/www.recicladoslared.es\/wp-content\/uploads\/2023\/05\/Logo-La-Red-Transpa-2.png","width":600,"height":400,"caption":"Reciclados La Red"},"image":{"@id":"https:\/\/www.recicladoslared.es\/#\/schema\/logo\/image\/"},"sameAs":["https:\/\/www.facebook.com\/recicladoslared","https:\/\/x.com\/RecicladosLaRed","https:\/\/es.linkedin.com\/company\/reciclados-la-red---reciclados-pl-sticos-serva"]}]}},"_links":{"self":[{"href":"https:\/\/www.recicladoslared.es\/index.php\/wp-json\/wp\/v2\/pages\/1517","targetHints":{"allow":["GET"]}}],"collection":[{"href":"https:\/\/www.recicladoslared.es\/index.php\/wp-json\/wp\/v2\/pages"}],"about":[{"href":"https:\/\/www.recicladoslared.es\/index.php\/wp-json\/wp\/v2\/types\/page"}],"author":[{"embeddable":true,"href":"https:\/\/www.recicladoslared.es\/index.php\/wp-json\/wp\/v2\/users\/2"}],"replies":[{"embeddable":true,"href":"https:\/\/www.recicladoslared.es\/index.php\/wp-json\/wp\/v2\/comments?post=1517"}],"version-history":[{"count":27,"href":"https:\/\/www.recicladoslared.es\/index.php\/wp-json\/wp\/v2\/pages\/1517\/revisions"}],"predecessor-version":[{"id":1654,"href":"https:\/\/www.recicladoslared.es\/index.php\/wp-json\/wp\/v2\/pages\/1517\/revisions\/1654"}],"wp:attachment":[{"href":"https:\/\/www.recicladoslared.es\/index.php\/wp-json\/wp\/v2\/media?parent=1517"}],"curies":[{"name":"wp","href":"https:\/\/api.w.org\/{rel}","templated":true}]}}