{"id":220,"date":"2023-05-30T16:43:31","date_gmt":"2023-05-30T16:43:31","guid":{"rendered":"https:\/\/www23.recicladoslared.es\/?page_id=220"},"modified":"2025-09-25T11:59:05","modified_gmt":"2025-09-25T11:59:05","slug":"inicio","status":"publish","type":"page","link":"https:\/\/www.recicladoslared.es\/","title":{"rendered":"INICIO"},"content":{"rendered":"<p>[et_pb_section fb_built=\u00bb1&#8243; disabled_on=\u00bbon|on|off\u00bb admin_label=\u00bbHeader\u00bb _builder_version=\u00bb4.21.0&#8243; background_color=\u00bb#E02B20&#8243; background_image=\u00bbhttps:\/\/www.recicladoslared.es\/wp-content\/uploads\/2023\/05\/transportation-services-18.png\u00bb overflow-x=\u00bbauto\u00bb overflow-y=\u00bbauto\u00bb custom_padding=\u00bb0px||0px||true\u00bb box_shadow_style=\u00bbpreset2&#8243; global_colors_info=\u00bb{}\u00bb][et_pb_row column_structure=\u00bb1_3,2_3&#8243; use_custom_gutter=\u00bbon\u00bb gutter_width=\u00bb1&#8243; make_equal=\u00bbon\u00bb padding_top_bottom_link_1=\u00bbtrue\u00bb padding_left_right_link_1=\u00bbtrue\u00bb module_class=\u00bb et_pb_row_fullwidth\u00bb _builder_version=\u00bb4.21.0&#8243; background_enable_image=\u00bboff\u00bb parallax=\u00bbon\u00bb width=\u00bb100%\u00bb width_tablet=\u00bb100%\u00bb width_phone=\u00bb100%\u00bb width_last_edited=\u00bbon|phone\u00bb max_width=\u00bb100%\u00bb max_width_tablet=\u00bb100%\u00bb max_width_phone=\u00bb102%\u00bb max_width_last_edited=\u00bbon|desktop\u00bb custom_padding=\u00bb0px||0px||true|\u00bb make_fullwidth=\u00bbon\u00bb global_colors_info=\u00bb{}\u00bb][et_pb_column type=\u00bb1_3&#8243; _builder_version=\u00bb4.21.0&#8243; background_enable_color=\u00bboff\u00bb background_image=\u00bbhttps:\/\/www.recicladoslared.es\/wp-content\/uploads\/2023\/05\/transportation-services-18.png\u00bb parallax=\u00bbon\u00bb parallax_method=\u00bboff\u00bb background_blend=\u00bbmultiply\u00bb custom_padding=\u00bb6vw|6%|6vw|6%\u00bb custom_padding_tablet=\u00bb|10%||10%||true\u00bb custom_padding_phone=\u00bb|||\u00bb custom_padding_last_edited=\u00bbon|desktop\u00bb border_width_right=\u00bb1px\u00bb border_color_right=\u00bb#ffffff\u00bb global_colors_info=\u00bb{}\u00bb padding_phone=\u00bb|||\u00bb padding_tablet=\u00bb|10%||10%||true\u00bb padding_last_edited=\u00bbon|desktop\u00bb custom_padding__hover=\u00bb|||\u00bb][et_pb_image src=\u00bbhttps:\/\/www.recicladoslared.es\/wp-content\/uploads\/2023\/05\/Logo-La-Red-Transpa.png\u00bb title_text=\u00bbLogo La Red Transpa\u00bb _builder_version=\u00bb4.21.0&#8243; _module_preset=\u00bbdefault\u00bb custom_margin=\u00bb2px||||false|false\u00bb global_colors_info=\u00bb{}\u00bb][\/et_pb_image][\/et_pb_column][et_pb_column type=\u00bb2_3&#8243; _builder_version=\u00bb4.21.0&#8243; background_video_mp4=\u00bbhttps:\/\/www.recicladoslared.es\/wp-content\/uploads\/2023\/06\/La-red.mp4&#8243; custom_padding=\u00bb|||\u00bb global_colors_info=\u00bb{}\u00bb custom_padding__hover=\u00bb|||\u00bb][et_pb_divider show_divider=\u00bboff\u00bb _builder_version=\u00bb4.16&#8243; _module_preset=\u00bbdefault\u00bb custom_margin=\u00bb150px||150px||true|false\u00bb global_colors_info=\u00bb{}\u00bb][\/et_pb_divider][\/et_pb_column][\/et_pb_row][\/et_pb_section][et_pb_section fb_built=\u00bb1&#8243; disabled_on=\u00bboff|off|on\u00bb admin_label=\u00bbHeader\u00bb _builder_version=\u00bb4.16&#8243; background_image=\u00bbhttps:\/\/www.recicladoslared.es\/wp-content\/uploads\/2023\/05\/transportation-services-18.png\u00bb overflow-x=\u00bbauto\u00bb overflow-y=\u00bbauto\u00bb custom_padding=\u00bb0px||0px||true\u00bb global_colors_info=\u00bb{}\u00bb][et_pb_row use_custom_gutter=\u00bbon\u00bb gutter_width=\u00bb1&#8243; make_equal=\u00bbon\u00bb padding_top_bottom_link_1=\u00bbtrue\u00bb padding_left_right_link_1=\u00bbtrue\u00bb module_class=\u00bb et_pb_row_fullwidth\u00bb _builder_version=\u00bb4.21.0&#8243; background_image=\u00bbhttps:\/\/www.recicladoslared.es\/wp-content\/uploads\/2023\/05\/transportation-services-01.png\u00bb parallax=\u00bbon\u00bb width=\u00bb100%\u00bb width_tablet=\u00bb100%\u00bb width_phone=\u00bb100%\u00bb width_last_edited=\u00bbon|phone\u00bb max_width=\u00bb100%\u00bb max_width_tablet=\u00bb100%\u00bb max_width_phone=\u00bb102%\u00bb max_width_last_edited=\u00bbon|desktop\u00bb custom_padding=\u00bb0px||0px||true|\u00bb make_fullwidth=\u00bbon\u00bb global_colors_info=\u00bb{}\u00bb][et_pb_column type=\u00bb4_4&#8243; _builder_version=\u00bb4.21.0&#8243; background_video_mp4=\u00bbhttps:\/\/www.recicladoslared.es\/wp-content\/uploads\/2023\/06\/La-red.mp4&#8243; custom_padding=\u00bb|||\u00bb global_colors_info=\u00bb{}\u00bb custom_padding__hover=\u00bb|||\u00bb][et_pb_divider show_divider=\u00bboff\u00bb _builder_version=\u00bb4.22.2&#8243; _module_preset=\u00bbdefault\u00bb custom_margin=\u00bb302px||302px||true|false\u00bb custom_margin_tablet=\u00bb\u00bb custom_margin_phone=\u00bb\u00bb custom_margin_last_edited=\u00bbon|phone\u00bb global_colors_info=\u00bb{}\u00bb][\/et_pb_divider][\/et_pb_column][\/et_pb_row][\/et_pb_section][et_pb_section fb_built=\u00bb1&#8243; _builder_version=\u00bb4.21.0&#8243; _module_preset=\u00bbdefault\u00bb background_image=\u00bbhttps:\/\/www.recicladoslared.es\/wp-content\/uploads\/2023\/05\/transportation-services-18.png\u00bb parallax=\u00bbon\u00bb parallax_method=\u00bboff\u00bb custom_padding=\u00bb11px||18px||false|false\u00bb global_colors_info=\u00bb{}\u00bb][et_pb_row column_structure=\u00bb1_4,1_4,1_4,1_4&#8243; use_custom_gutter=\u00bbon\u00bb gutter_width=\u00bb1&#8243; _builder_version=\u00bb4.16&#8243; _module_preset=\u00bbdefault\u00bb width_tablet=\u00bb\u00bb width_phone=\u00bb\u00bb width_last_edited=\u00bbon|phone\u00bb max_width=\u00bb933px\u00bb global_colors_info=\u00bb{}\u00bb][et_pb_column type=\u00bb1_4&#8243; _builder_version=\u00bb4.16&#8243; _module_preset=\u00bbdefault\u00bb global_colors_info=\u00bb{}\u00bb][et_pb_blurb title=\u00bbNormativa Legal\u00bb image_icon_background_color=\u00bbRGBA(255,255,255,0)\u00bb image=\u00bbhttps:\/\/www.recicladoslared.es\/wp-content\/uploads\/2023\/05\/6.jpg\u00bb image_icon_width=\u00bb85%\u00bb _builder_version=\u00bb4.27.0&#8243; _dynamic_attributes=\u00bblink_option_url\u00bb _module_preset=\u00bbdefault\u00bb header_font=\u00bbKanit|500|||||||\u00bb header_text_align=\u00bbcenter\u00bb header_text_color=\u00bb#5b5b5b\u00bb header_font_size=\u00bb25px\u00bb body_text_color=\u00bb#474747&#8243; image_icon_custom_padding=\u00bb25px|25px|25px|25px|false|false\u00bb custom_padding=\u00bb0px||15px||false|false\u00bb link_option_url=\u00bb@ET-DC@eyJkeW5hbWljIjp0cnVlLCJjb250ZW50IjoicG9zdF9saW5rX3VybF9wYWdlIiwic2V0dGluZ3MiOnsicG9zdF9pZCI6IjEwMyJ9fQ==@\u00bb border_radii_image=\u00bbon|100%|100%|100%|100%\u00bb use_circle=\u00bbon\u00bb circle_color=\u00bb#004aad\u00bb global_colors_info=\u00bb{}\u00bb image_icon_background_color__sticky_enabled=\u00bb#2ea3f2&#8243; image_icon_background_color__sticky=\u00bb#2ea3f2&#8243;][\/et_pb_blurb][\/et_pb_column][et_pb_column type=\u00bb1_4&#8243; _builder_version=\u00bb4.16&#8243; _module_preset=\u00bbdefault\u00bb global_colors_info=\u00bb{}\u00bb][et_pb_blurb title=\u00bbProceso Reciclaje\u00bb image_icon_background_color=\u00bbRGBA(255,255,255,0)\u00bb image=\u00bbhttps:\/\/www.recicladoslared.es\/wp-content\/uploads\/2023\/05\/7-1.jpg\u00bb image_icon_width=\u00bb85%\u00bb _builder_version=\u00bb4.21.0&#8243; _dynamic_attributes=\u00bblink_option_url\u00bb _module_preset=\u00bbdefault\u00bb header_font=\u00bbKanit|500|||||||\u00bb header_text_align=\u00bbcenter\u00bb header_text_color=\u00bb#5b5b5b\u00bb header_font_size=\u00bb25px\u00bb body_text_color=\u00bb#474747&#8243; image_icon_custom_padding=\u00bb25px|25px|25px|25px|false|false\u00bb custom_padding=\u00bb0px||15px||false|false\u00bb link_option_url=\u00bb@ET-DC@eyJkeW5hbWljIjp0cnVlLCJjb250ZW50IjoicG9zdF9saW5rX3VybF9wYWdlIiwic2V0dGluZ3MiOnsicG9zdF9pZCI6IjM4OCJ9fQ==@\u00bb border_radii_image=\u00bbon|100%|100%|100%|100%\u00bb use_circle=\u00bbon\u00bb circle_color=\u00bb#004aad\u00bb global_colors_info=\u00bb{}\u00bb image_icon_background_color__sticky_enabled=\u00bb#2ea3f2&#8243; image_icon_background_color__sticky=\u00bb#2ea3f2&#8243;][\/et_pb_blurb][\/et_pb_column][et_pb_column type=\u00bb1_4&#8243; _builder_version=\u00bb4.16&#8243; _module_preset=\u00bbdefault\u00bb global_colors_info=\u00bb{}\u00bb][et_pb_blurb title=\u00bbProductos\u00bb image_icon_background_color=\u00bbRGBA(255,255,255,0)\u00bb image=\u00bbhttps:\/\/www.recicladoslared.es\/wp-content\/uploads\/2023\/06\/productos-plasticos.png\u00bb alt=\u00bbproductos pl\u00e1sticos\u00bb image_icon_width=\u00bb85%\u00bb _builder_version=\u00bb4.21.0&#8243; _dynamic_attributes=\u00bblink_option_url\u00bb _module_preset=\u00bbdefault\u00bb header_font=\u00bbKanit|500|||||||\u00bb header_text_align=\u00bbcenter\u00bb header_text_color=\u00bb#5b5b5b\u00bb header_font_size=\u00bb25px\u00bb body_text_color=\u00bb#474747&#8243; image_icon_custom_padding=\u00bb25px|25px|25px|25px|false|false\u00bb custom_padding=\u00bb0px||15px||false|false\u00bb link_option_url=\u00bb@ET-DC@eyJkeW5hbWljIjp0cnVlLCJjb250ZW50IjoicG9zdF9saW5rX3VybF9wYWdlIiwic2V0dGluZ3MiOnsicG9zdF9pZCI6IjQxOCJ9fQ==@\u00bb border_radii_image=\u00bbon|100%|100%|100%|100%\u00bb use_circle=\u00bbon\u00bb circle_color=\u00bb#004aad\u00bb global_colors_info=\u00bb{}\u00bb image_icon_background_color__sticky_enabled=\u00bb#2ea3f2&#8243; image_icon_background_color__sticky=\u00bb#2ea3f2&#8243;][\/et_pb_blurb][\/et_pb_column][et_pb_column type=\u00bb1_4&#8243; _builder_version=\u00bb4.16&#8243; _module_preset=\u00bbdefault\u00bb global_colors_info=\u00bb{}\u00bb][et_pb_blurb title=\u00bbLa Red by Veolia\u00bb image_icon_background_color=\u00bbRGBA(255,255,255,0)\u00bb image=\u00bbhttps:\/\/www.recicladoslared.es\/wp-content\/uploads\/2023\/05\/9.jpg\u00bb image_icon_width=\u00bb85%\u00bb _builder_version=\u00bb4.21.0&#8243; _dynamic_attributes=\u00bblink_option_url\u00bb _module_preset=\u00bbdefault\u00bb header_font=\u00bbKanit|500|||||||\u00bb header_text_align=\u00bbcenter\u00bb header_text_color=\u00bb#5b5b5b\u00bb header_font_size=\u00bb25px\u00bb body_text_color=\u00bb#474747&#8243; image_icon_custom_padding=\u00bb25px|25px|25px|25px|false|false\u00bb custom_padding=\u00bb0px||15px||false|false\u00bb link_option_url=\u00bb@ET-DC@eyJkeW5hbWljIjp0cnVlLCJjb250ZW50IjoicG9zdF9saW5rX3VybF9wYWdlIiwic2V0dGluZ3MiOnsicG9zdF9pZCI6IjE4NyJ9fQ==@\u00bb border_radii_image=\u00bbon|100%|100%|100%|100%\u00bb use_circle=\u00bbon\u00bb circle_color=\u00bb#004aad\u00bb global_colors_info=\u00bb{}\u00bb image_icon_background_color__sticky_enabled=\u00bb#2ea3f2&#8243; image_icon_background_color__sticky=\u00bb#2ea3f2&#8243;][\/et_pb_blurb][\/et_pb_column][\/et_pb_row][\/et_pb_section][et_pb_section fb_built=\u00bb1&#8243; admin_label=\u00bbHero\u00bb _builder_version=\u00bb4.21.0&#8243; use_background_color_gradient=\u00bbon\u00bb background_color_gradient_type=\u00bbcircular\u00bb background_color_gradient_direction_radial=\u00bbtop left\u00bb background_color_gradient_stops=\u00bbrgba(255,255,255,0) 0%|rgba(255, 255, 255, 0.88) 30%|#ffffff 50%|rgba(234, 234, 234, 0.92) 70%|rgba(0,0,0,0) 99%\u00bb background_color_gradient_overlays_image=\u00bbon\u00bb background_color_gradient_start=\u00bb#ffffff\u00bb background_color_gradient_start_position=\u00bb6%\u00bb background_color_gradient_end=\u00bbrgba(0,0,0,0)\u00bb background_image=\u00bbhttps:\/\/www.recicladoslared.es\/wp-content\/uploads\/2023\/05\/1-6.webp\u00bb custom_margin=\u00bb-5px||||false|\u00bb custom_padding=\u00bb0vw||0vw||true|false\u00bb box_shadow_style=\u00bbpreset1&#8243; global_colors_info=\u00bb{}\u00bb][et_pb_row _builder_version=\u00bb4.21.0&#8243; custom_padding=\u00bb74px||74px||true|false\u00bb global_colors_info=\u00bb{}\u00bb][et_pb_column type=\u00bb4_4&#8243; _builder_version=\u00bb4.16&#8243; custom_padding=\u00bb|||\u00bb global_colors_info=\u00bb{}\u00bb custom_padding__hover=\u00bb|||\u00bb][et_pb_text _builder_version=\u00bb4.24.0&#8243; text_font=\u00bbAlata||||||||\u00bb header_font=\u00bbKanit||||||||\u00bb header_text_color=\u00bb#0083c9&#8243; header_font_size=\u00bb26px\u00bb header_line_height=\u00bb1.1em\u00bb header_2_font=\u00bbKanit||||||||\u00bb header_2_text_color=\u00bb#0083c9&#8243; header_2_line_height=\u00bb1.5em\u00bb text_orientation=\u00bbcenter\u00bb background_layout=\u00bbdark\u00bb max_width=\u00bb800px\u00bb module_alignment=\u00bbcenter\u00bb custom_margin=\u00bb||0px|\u00bb custom_padding=\u00bb|||16px\u00bb text_font_size_tablet=\u00bb14px\u00bb text_font_size_last_edited=\u00bboff|desktop\u00bb header_font_size_tablet=\u00bb44px\u00bb header_font_size_phone=\u00bb32px\u00bb header_font_size_last_edited=\u00bbon|phone\u00bb global_colors_info=\u00bb{}\u00bb]<\/p>\n<h1>Nuestro pl\u00e1stico reciclado posconsumo cuenta con certificado de trazabilidad<\/h1>\n<p>[\/et_pb_text][et_pb_divider show_divider=\u00bboff\u00bb _builder_version=\u00bb4.21.0&#8243; _module_preset=\u00bbdefault\u00bb global_colors_info=\u00bb{}\u00bb][\/et_pb_divider][et_pb_button button_url=\u00bb@ET-DC@eyJkeW5hbWljIjp0cnVlLCJjb250ZW50IjoicG9zdF9saW5rX3VybF9wYWdlIiwic2V0dGluZ3MiOnsicG9zdF9pZCI6IjYzNCJ9fQ==@\u00bb button_text=\u00bbM\u00e1s Informaci\u00f3n\u00bb button_alignment=\u00bbcenter\u00bb _builder_version=\u00bb4.27.4&#8243; _dynamic_attributes=\u00bbbutton_url\u00bb _module_preset=\u00bbdefault\u00bb custom_button=\u00bbon\u00bb button_text_color=\u00bb#ffffff\u00bb button_bg_color=\u00bb#ff3340&#8243; button_border_width=\u00bb0px\u00bb button_border_radius=\u00bb3px\u00bb button_letter_spacing=\u00bb2px\u00bb button_font=\u00bbKanit|||on|||||\u00bb button_icon=\u00bb&#x24;||divi||400&#8243; box_shadow_style=\u00bbpreset4&#8243; box_shadow_horizontal=\u00bb7px\u00bb box_shadow_vertical=\u00bb7px\u00bb global_colors_info=\u00bb{}\u00bb button_bg_color__hover_enabled=\u00bbon|hover\u00bb button_bg_color__hover=\u00bb#00a6ff\u00bb button_bg_enable_color__hover=\u00bbon\u00bb][\/et_pb_button][\/et_pb_column][\/et_pb_row][\/et_pb_section][et_pb_section fb_built=\u00bb1&#8243; _builder_version=\u00bb4.21.0&#8243; _module_preset=\u00bbdefault\u00bb background_image=\u00bbhttps:\/\/www.recicladoslared.es\/wp-content\/uploads\/2023\/05\/transportation-services-18.png\u00bb parallax=\u00bbon\u00bb parallax_method=\u00bboff\u00bb custom_padding=\u00bb1px||11px|||\u00bb global_colors_info=\u00bb{}\u00bb][et_pb_row column_structure=\u00bb1_3,1_3,1_3&#8243; use_custom_gutter=\u00bbon\u00bb gutter_width=\u00bb1&#8243; _builder_version=\u00bb4.16&#8243; _module_preset=\u00bbdefault\u00bb width=\u00bb75%\u00bb max_width=\u00bb940px\u00bb global_colors_info=\u00bb{}\u00bb][et_pb_column type=\u00bb1_3&#8243; _builder_version=\u00bb4.16&#8243; _module_preset=\u00bbdefault\u00bb global_colors_info=\u00bb{}\u00bb][et_pb_blurb title=\u00bbContacto\u00bb image_icon_background_color=\u00bbRGBA(255,255,255,0)\u00bb image=\u00bbhttps:\/\/www.recicladoslared.es\/wp-content\/uploads\/2023\/05\/10.jpg\u00bb image_icon_width=\u00bb70%\u00bb _builder_version=\u00bb4.21.0&#8243; _dynamic_attributes=\u00bblink_option_url\u00bb _module_preset=\u00bbdefault\u00bb header_font=\u00bbKanit|500|||||||\u00bb header_text_align=\u00bbcenter\u00bb header_text_color=\u00bb#5b5b5b\u00bb header_font_size=\u00bb25px\u00bb body_text_color=\u00bb#474747&#8243; image_icon_custom_padding=\u00bb25px|25px|25px|25px|false|false\u00bb custom_padding=\u00bb0px||15px||false|false\u00bb link_option_url=\u00bb@ET-DC@eyJkeW5hbWljIjp0cnVlLCJjb250ZW50IjoicG9zdF9saW5rX3VybF9wYWdlIiwic2V0dGluZ3MiOnsicG9zdF9pZCI6IjY0In19@\u00bb border_radii_image=\u00bbon|100%|100%|100%|100%\u00bb use_circle=\u00bbon\u00bb circle_color=\u00bb#004aad\u00bb global_colors_info=\u00bb{}\u00bb image_icon_background_color__sticky_enabled=\u00bb#2ea3f2&#8243; image_icon_background_color__sticky=\u00bb#2ea3f2&#8243;][\/et_pb_blurb][\/et_pb_column][et_pb_column type=\u00bb1_3&#8243; _builder_version=\u00bb4.16&#8243; _module_preset=\u00bbdefault\u00bb global_colors_info=\u00bb{}\u00bb][et_pb_blurb title=\u00bbV\u00eddeo corporativo\u00bb image_icon_background_color=\u00bbRGBA(255,255,255,0)\u00bb image=\u00bbhttps:\/\/www.recicladoslared.es\/wp-content\/uploads\/2023\/06\/11.jpg\u00bb image_icon_width=\u00bb70%\u00bb _builder_version=\u00bb4.22.2&#8243; _module_preset=\u00bbdefault\u00bb header_font=\u00bbKanit|500|||||||\u00bb header_text_align=\u00bbcenter\u00bb header_text_color=\u00bb#5b5b5b\u00bb header_font_size=\u00bb25px\u00bb body_text_color=\u00bb#474747&#8243; image_icon_custom_padding=\u00bb25px|25px|25px|25px|false|false\u00bb custom_padding=\u00bb0px||15px||false|false\u00bb link_option_url=\u00bbhttps:\/\/www.youtube.com\/watch?v=m_nwUUaOes4&#038;t=8s\u00bb link_option_url_new_window=\u00bbon\u00bb border_radii_image=\u00bbon|100%|100%|100%|100%\u00bb use_circle=\u00bbon\u00bb circle_color=\u00bb#004aad\u00bb global_colors_info=\u00bb{}\u00bb image_icon_background_color__sticky_enabled=\u00bb#2ea3f2&#8243; image_icon_background_color__sticky=\u00bb#2ea3f2&#8243;][\/et_pb_blurb][\/et_pb_column][et_pb_column type=\u00bb1_3&#8243; _builder_version=\u00bb4.16&#8243; _module_preset=\u00bbdefault\u00bb global_colors_info=\u00bb{}\u00bb][et_pb_blurb title=\u00bbPlastiloop\u00bb image_icon_background_color=\u00bbRGBA(255,255,255,0)\u00bb image=\u00bbhttps:\/\/www.recicladoslared.es\/wp-content\/uploads\/2023\/06\/12.jpg\u00bb image_icon_width=\u00bb70%\u00bb _builder_version=\u00bb4.22.2&#8243; _module_preset=\u00bbdefault\u00bb header_font=\u00bbKanit|500|||||||\u00bb header_text_align=\u00bbcenter\u00bb header_text_color=\u00bb#5b5b5b\u00bb header_font_size=\u00bb25px\u00bb body_text_color=\u00bb#474747&#8243; image_icon_custom_padding=\u00bb25px|25px|25px|25px|false|false\u00bb custom_padding=\u00bb0px||15px||false|false\u00bb link_option_url=\u00bbhttps:\/\/www.veolia.es\/soluciones\/residuos\/reciclaje-plastico\/plastiloop\u00bb border_radii_image=\u00bbon|100%|100%|100%|100%\u00bb use_circle=\u00bbon\u00bb circle_color=\u00bb#004aad\u00bb global_colors_info=\u00bb{}\u00bb image_icon_background_color__sticky_enabled=\u00bb#2ea3f2&#8243; image_icon_background_color__sticky=\u00bb#2ea3f2&#8243;][\/et_pb_blurb][\/et_pb_column][\/et_pb_row][\/et_pb_section][et_pb_section fb_built=\u00bb1&#8243; _builder_version=\u00bb4.21.0&#8243; _module_preset=\u00bbdefault\u00bb background_image=\u00bbhttps:\/\/www.recicladoslared.es\/wp-content\/uploads\/2023\/05\/2-7.webp\u00bb min_height=\u00bb355.4px\u00bb custom_padding=\u00bb56px||0px|||\u00bb box_shadow_style=\u00bbpreset1&#8243; global_colors_info=\u00bb{}\u00bb][et_pb_row _builder_version=\u00bb4.21.0&#8243; _module_preset=\u00bbdefault\u00bb use_background_color_gradient=\u00bbon\u00bb background_color_gradient_stops=\u00bb#ffffff 6%|rgba(255, 255, 255, 0.88) 30%|rgba(255, 255, 255, 0.66) 48%|rgba(255,255,255,0) 71%\u00bb custom_margin=\u00bb0px||||false|false\u00bb custom_padding=\u00bb17px||||false|false\u00bb border_radii=\u00bbon|7px|7px|7px|7px\u00bb global_colors_info=\u00bb{}\u00bb][et_pb_column type=\u00bb4_4&#8243; _builder_version=\u00bb4.16&#8243; _module_preset=\u00bbdefault\u00bb global_colors_info=\u00bb{}\u00bb][et_pb_text _builder_version=\u00bb4.21.0&#8243; _module_preset=\u00bbdefault\u00bb text_font=\u00bbAlata|600|||||||\u00bb text_text_color=\u00bb#004aad\u00bb text_font_size=\u00bb23px\u00bb text_line_height=\u00bb1.8em\u00bb header_2_font=\u00bbKanit||||||||\u00bb header_2_text_color=\u00bb#0083c9&#8243; header_2_font_size=\u00bb33px\u00bb background_enable_color=\u00bboff\u00bb text_orientation=\u00bbcenter\u00bb custom_padding=\u00bb10px||10px||false|false\u00bb border_radii=\u00bbon|10px|10px|10px|10px\u00bb global_colors_info=\u00bb{}\u00bb]<\/p>\n<h2>Una forma diferente de entender el reciclaje.<\/h2>\n<p>[\/et_pb_text][et_pb_button button_url=\u00bbhttps:\/\/www.recicladoslared.es\/wp-content\/uploads\/2023\/06\/Folleto_-La-Red-by-Veolia_Espanol.pdf\u00bb url_new_window=\u00bbon\u00bb button_text=\u00bbDescargar Folleto\u00bb button_alignment=\u00bbcenter\u00bb _builder_version=\u00bb4.22.2&#8243; _module_preset=\u00bbdefault\u00bb custom_button=\u00bbon\u00bb button_text_size=\u00bb30px\u00bb button_text_color=\u00bb#ffffff\u00bb button_bg_color=\u00bb#ff3340&#8243; button_border_width=\u00bb0px\u00bb button_border_radius=\u00bb4px\u00bb button_font=\u00bbKanit|300|||||||\u00bb button_icon=\u00bb&#xf518;||fa||900&#8243; box_shadow_style=\u00bbpreset4&#8243; box_shadow_horizontal=\u00bb7px\u00bb box_shadow_vertical=\u00bb7px\u00bb global_colors_info=\u00bb{}\u00bb button_bg_color__hover_enabled=\u00bbon|hover\u00bb button_bg_color__hover=\u00bb#00a6ff\u00bb button_bg_enable_color__hover=\u00bbon\u00bb][\/et_pb_button][\/et_pb_column][\/et_pb_row][\/et_pb_section][et_pb_section fb_built=\u00bb1&#8243; _builder_version=\u00bb4.27.0&#8243; _module_preset=\u00bbdefault\u00bb custom_padding=\u00bb14px||18px|||\u00bb global_colors_info=\u00bb{}\u00bb][et_pb_row _builder_version=\u00bb4.27.0&#8243; _module_preset=\u00bbdefault\u00bb custom_padding=\u00bb||17px|||\u00bb global_colors_info=\u00bb{}\u00bb][et_pb_column type=\u00bb4_4&#8243; _builder_version=\u00bb4.27.0&#8243; _module_preset=\u00bbdefault\u00bb global_colors_info=\u00bb{}\u00bb][et_pb_text _builder_version=\u00bb4.27.0&#8243; _module_preset=\u00bbdefault\u00bb text_font_size=\u00bb15px\u00bb global_colors_info=\u00bb{}\u00bb]<\/p>\n<p><em>Reciclados la Red, S.L.\u00a0 a trav\u00e9s del expediente 523206: ha recibido una ayuda de la Uni\u00f3n Europea con cargo al Fondo NextGenerationEU, en el marco del Plan de Recuperaci\u00f3n, Transformaci\u00f3n y Resiliencia, para \u201cProyecto t\u00e9cnico de disminuci\u00f3n de la dependencia energ\u00e9tica mediante la autoproducci\u00f3n de energ\u00eda fotovoltaica \u201d dentro del programa de incentivos ligados al autoconsumo y almacenamiento, con fuentes de energ\u00eda renovable, as\u00ed como la implantaci\u00f3n de sistemas t\u00e9rmicos renovables en el sector residencial del Ministerio para la Transici\u00f3n Ecol\u00f3gica y el Reto Demogr\u00e1fico, gestionado por la Junta de Andaluc\u00eda, a trav\u00e9s de la Agencia Andaluza de la Energ\u00eda.<\/em><\/p>\n<p>[\/et_pb_text][\/et_pb_column][\/et_pb_row][\/et_pb_section][et_pb_section fb_built=\u00bb1&#8243; _builder_version=\u00bb4.27.0&#8243; _module_preset=\u00bbdefault\u00bb custom_padding=\u00bb5px||5px|||\u00bb box_shadow_style=\u00bbpreset1&#8243; global_colors_info=\u00bb{}\u00bb][et_pb_row _builder_version=\u00bb4.27.0&#8243; _module_preset=\u00bbdefault\u00bb custom_padding=\u00bb||17px|||\u00bb global_colors_info=\u00bb{}\u00bb][et_pb_column type=\u00bb4_4&#8243; _builder_version=\u00bb4.27.0&#8243; _module_preset=\u00bbdefault\u00bb global_colors_info=\u00bb{}\u00bb][et_pb_text _builder_version=\u00bb4.27.0&#8243; _module_preset=\u00bbdefault\u00bb global_colors_info=\u00bb{}\u00bb]<\/p>\n<p>Banales III, S.L., ha recibido una ayuda de la Uni\u00f3n Europea con cargo al Fondo NextGenerationEU, en el marco del Plan de Recuperaci\u00f3n, Transformaci\u00f3n y Resiliencia, para Proyecto Instalaci\u00f3n Solar Fotovoltaica de autoconsumo 800 kW dentro del programa de incentivos ligados al autoconsumo y almacenamiento, con fuentes de energ\u00eda renovable, as\u00ed como la implantaci\u00f3n de sistemas t\u00e9rmicos renovables en el sector residencial del Ministerio para la Transici\u00f3n Ecol\u00f3gica y el Reto Demogr\u00e1fico, gestionado por la Junta de Andaluc\u00eda, a trav\u00e9s de la Agencia Andaluza de la Energ\u00eda.<\/p>\n<p>[\/et_pb_text][\/et_pb_column][\/et_pb_row][\/et_pb_section][et_pb_section fb_built=\u00bb1&#8243; _builder_version=\u00bb4.27.0&#8243; _module_preset=\u00bbdefault\u00bb custom_padding=\u00bb0px||8px|||\u00bb global_colors_info=\u00bb{}\u00bb][et_pb_row _builder_version=\u00bb4.27.0&#8243; _module_preset=\u00bbdefault\u00bb global_colors_info=\u00bb{}\u00bb][et_pb_column type=\u00bb4_4&#8243; _builder_version=\u00bb4.27.0&#8243; _module_preset=\u00bbdefault\u00bb global_colors_info=\u00bb{}\u00bb][et_pb_text _builder_version=\u00bb4.27.4&#8243; _module_preset=\u00bbdefault\u00bb global_colors_info=\u00bb{}\u00bb]<\/p>\n<p><i>Ecogesti\u00f3n de\u00a0 ha recibido una ayuda de la Uni\u00f3n Europea con cargo al Fondo NextGenerationEU, en el marco del Plan de Recuperaci\u00f3n, Trasformaci\u00f3n y Resiliencia, para Proyecto para instalaci\u00f3n fotovoltaica de 700kW para autoconsumo, con n\u00famero de expediente: 523487, dentro del programa de incentivos ligados al autoconsumo y almacenamiento, con fuentes de energ\u00eda renovable, as\u00ed como la implantaci\u00f3n de sistemas t\u00e9rmicos renovables en el sector residencial del Ministerio para la Transici\u00f3n Ecol\u00f3gica y el Reto Demogr\u00e1fico, gestionado por la Junta de Andaluc\u00eda, a trav\u00e9s de la Agencia Andaluza de la Energ\u00eda.<\/i><\/p>\n<p>[\/et_pb_text][\/et_pb_column][\/et_pb_row][\/et_pb_section][et_pb_section fb_built=\u00bb1&#8243; _builder_version=\u00bb4.22.2&#8243; _module_preset=\u00bbdefault\u00bb custom_padding=\u00bb5px||5px|||\u00bb box_shadow_style=\u00bbpreset1&#8243; global_colors_info=\u00bb{}\u00bb][et_pb_row _builder_version=\u00bb4.22.2&#8243; _module_preset=\u00bbdefault\u00bb global_colors_info=\u00bb{}\u00bb][et_pb_column type=\u00bb4_4&#8243; _builder_version=\u00bb4.22.2&#8243; _module_preset=\u00bbdefault\u00bb global_colors_info=\u00bb{}\u00bb][et_pb_text _builder_version=\u00bb4.22.2&#8243; _module_preset=\u00bbdefault\u00bb text_font=\u00bbKanit||||||||\u00bb global_colors_info=\u00bb{}\u00bb]<\/p>\n<p><i>Reciclados La Red by Veolia ha recibido una ayuda de la Uni\u00f3n Europea con cargo al Programa Operativo FEDER de Andaluc\u00eda 2014-2020, financiada como parte de la respuesta de la Uni\u00f3n a la pandemia de COVID-19 (REACT-UE), para compensar el sobrecoste energ\u00e9tico de gas natural y\/o electricidad a pymes y aut\u00f3nomos especialmente afectados por el incremento de los precios del gas natural y la electricidad provocados por el impacto de la guerra de agresi\u00f3n de Rusia contra Ucrania.<\/i><\/p>\n<p>[\/et_pb_text][\/et_pb_column][\/et_pb_row][\/et_pb_section][et_pb_section fb_built=\u00bb1&#8243; _builder_version=\u00bb4.27.0&#8243; _module_preset=\u00bbdefault\u00bb global_colors_info=\u00bb{}\u00bb][et_pb_row _builder_version=\u00bb4.27.0&#8243; _module_preset=\u00bbdefault\u00bb global_colors_info=\u00bb{}\u00bb][et_pb_column type=\u00bb4_4&#8243; _builder_version=\u00bb4.27.0&#8243; _module_preset=\u00bbdefault\u00bb global_colors_info=\u00bb{}\u00bb][et_pb_text _builder_version=\u00bb4.27.0&#8243; _module_preset=\u00bbdefault\u00bb global_colors_info=\u00bb{}\u00bb]<\/p>\n<p>RECICLADOS LA RED SL ha recibido una ayuda de la Uni\u00f3n Europea con cargo al Fondo NextGenerationEU, en el marco del Plan de Recuperaci\u00f3n, Trasformaci\u00f3n y Resiliencia, para el proyecto de Instalaci\u00f3n fotovoltaica de autoconsumo en naves de SERVA potencia 200 kW con n\u00famero de Expediente 523101, dentro del programa de incentivos ligados al autoconsumo y almacenamiento, con fuentes de energ\u00eda renovable, as\u00ed como la implantaci\u00f3n de sistemas t\u00e9rmicos renovables en el sector residencial del Ministerio para la Transici\u00f3n Ecol\u00f3gica y el Reto Demogr\u00e1fico, gestionado por la Junta de Andaluc\u00eda, a trav\u00e9s de la Agencia Andaluza de la Energ\u00eda<\/p>\n<p>[\/et_pb_text][\/et_pb_column][\/et_pb_row][et_pb_row _builder_version=\u00bb4.27.4&#8243; _module_preset=\u00bbdefault\u00bb][et_pb_column _builder_version=\u00bb4.27.4&#8243; _module_preset=\u00bbdefault\u00bb type=\u00bb4_4&#8243;][et_pb_text _builder_version=\u00bb4.27.4&#8243; _module_preset=\u00bbdefault\u00bb hover_enabled=\u00bb0&#8243; sticky_enabled=\u00bb0&#8243;]<\/p>\n<p><i>Reciclados la Red by Veolia, S.L.\u00a0 a trav\u00e9s del expediente 561001: ha recibido una ayuda de la Uni\u00f3n Europea con cargo al Fondo NextGenerationEU, en el marco del Plan de Recuperaci\u00f3n, Transformaci\u00f3n y Resiliencia, para \u201cProyecto t\u00e9cnico de disminuci\u00f3n de la dependencia energ\u00e9tica mediante la autoproducci\u00f3n de energ\u00eda fotovoltaica \u201d dentro del programa de incentivos ligados al autoconsumo y almacenamiento, con fuentes de energ\u00eda renovable, as\u00ed como la implantaci\u00f3n de sistemas t\u00e9rmicos renovables en el sector residencial del Ministerio para la Transici\u00f3n Ecol\u00f3gica y el Reto Demogr\u00e1fico, gestionado por la Junta de Andaluc\u00eda, a trav\u00e9s de la Agencia Andaluza de la Energ\u00eda.<\/i><\/p>\n<p>[\/et_pb_text][\/et_pb_column][\/et_pb_row][\/et_pb_section][et_pb_section fb_built=\u00bb1&#8243; _builder_version=\u00bb4.27.0&#8243; _module_preset=\u00bbdefault\u00bb custom_padding=\u00bb0px||11px|||\u00bb global_colors_info=\u00bb{}\u00bb][et_pb_row _builder_version=\u00bb4.27.0&#8243; _module_preset=\u00bbdefault\u00bb global_colors_info=\u00bb{}\u00bb][et_pb_column type=\u00bb4_4&#8243; _builder_version=\u00bb4.27.0&#8243; _module_preset=\u00bbdefault\u00bb global_colors_info=\u00bb{}\u00bb][et_pb_image src=\u00bbhttps:\/\/www.recicladoslared.es\/wp-content\/uploads\/2024\/09\/Diseno-sin-titulo-1.png\u00bb _builder_version=\u00bb4.27.0&#8243; _module_preset=\u00bbdefault\u00bb global_colors_info=\u00bb{}\u00bb][\/et_pb_image][\/et_pb_column][\/et_pb_row][\/et_pb_section]<\/p>\n","protected":false},"excerpt":{"rendered":"<p>Nuestro pl\u00e1stico reciclado posconsumo cuenta con certificado de trazabilidadUna forma diferente de entender el reciclaje.Reciclados la Red, S.L.\u00a0 a trav\u00e9s del expediente 523206: ha recibido una ayuda de la Uni\u00f3n Europea con cargo al Fondo NextGenerationEU, en el marco del Plan de Recuperaci\u00f3n, Transformaci\u00f3n y Resiliencia, para \u201cProyecto t\u00e9cnico de disminuci\u00f3n de la dependencia energ\u00e9tica [&hellip;]<\/p>\n","protected":false},"author":2,"featured_media":0,"parent":0,"menu_order":0,"comment_status":"closed","ping_status":"closed","template":"","meta":{"_et_pb_use_builder":"on","_et_pb_old_content":"","_et_gb_content_width":"","footnotes":""},"class_list":["post-220","page","type-page","status-publish","hentry"],"yoast_head":"<!-- This site is optimized with the Yoast SEO plugin v24.9 - https:\/\/yoast.com\/wordpress\/plugins\/seo\/ -->\n<title>INICIO - Reciclados LA RED<\/title>\n<meta name=\"description\" content=\"Somos expertos en reciclaje y gesti\u00f3n de residuos. Ofrecemos soluciones sostenibles para particulares y empresas.\" \/>\n<meta name=\"robots\" content=\"index, follow, max-snippet:-1, max-image-preview:large, max-video-preview:-1\" \/>\n<link rel=\"canonical\" href=\"https:\/\/www.recicladoslared.es\/\" \/>\n<meta property=\"og:locale\" content=\"es_ES\" \/>\n<meta property=\"og:type\" content=\"article\" \/>\n<meta property=\"og:title\" content=\"INICIO - Reciclados LA RED\" \/>\n<meta property=\"og:description\" content=\"Somos expertos en reciclaje y gesti\u00f3n de residuos. Ofrecemos soluciones sostenibles para particulares y empresas.\" \/>\n<meta property=\"og:url\" content=\"https:\/\/www.recicladoslared.es\/\" \/>\n<meta property=\"og:site_name\" content=\"Reciclados LA RED\" \/>\n<meta property=\"article:publisher\" content=\"https:\/\/www.facebook.com\/recicladoslared\" \/>\n<meta property=\"article:modified_time\" content=\"2025-09-25T11:59:05+00:00\" \/>\n<meta property=\"og:image\" content=\"https:\/\/www.recicladoslared.es\/wp-content\/uploads\/2023\/05\/Logo-La-Red-Transpa-2.png\" \/>\n\t<meta property=\"og:image:width\" content=\"600\" \/>\n\t<meta property=\"og:image:height\" content=\"400\" \/>\n\t<meta property=\"og:image:type\" content=\"image\/png\" \/>\n<meta name=\"twitter:card\" content=\"summary_large_image\" \/>\n<meta name=\"twitter:site\" content=\"@RecicladosLaRed\" \/>\n<meta name=\"twitter:label1\" content=\"Tiempo de lectura\" \/>\n\t<meta name=\"twitter:data1\" content=\"5 minutos\" \/>\n<script type=\"application\/ld+json\" class=\"yoast-schema-graph\">{\"@context\":\"https:\/\/schema.org\",\"@graph\":[{\"@type\":\"WebPage\",\"@id\":\"https:\/\/www.recicladoslared.es\/\",\"url\":\"https:\/\/www.recicladoslared.es\/\",\"name\":\"INICIO - Reciclados LA RED\",\"isPartOf\":{\"@id\":\"https:\/\/www.recicladoslared.es\/#website\"},\"datePublished\":\"2023-05-30T16:43:31+00:00\",\"dateModified\":\"2025-09-25T11:59:05+00:00\",\"description\":\"Somos expertos en reciclaje y gesti\u00f3n de residuos. Ofrecemos soluciones sostenibles para particulares y empresas.\",\"breadcrumb\":{\"@id\":\"https:\/\/www.recicladoslared.es\/#breadcrumb\"},\"inLanguage\":\"es\",\"potentialAction\":[{\"@type\":\"ReadAction\",\"target\":[\"https:\/\/www.recicladoslared.es\/\"]}]},{\"@type\":\"BreadcrumbList\",\"@id\":\"https:\/\/www.recicladoslared.es\/#breadcrumb\",\"itemListElement\":[{\"@type\":\"ListItem\",\"position\":1,\"name\":\"Portada\",\"item\":\"https:\/\/www.recicladoslared.es\/\"},{\"@type\":\"ListItem\",\"position\":2,\"name\":\"INICIO\"}]},{\"@type\":\"WebSite\",\"@id\":\"https:\/\/www.recicladoslared.es\/#website\",\"url\":\"https:\/\/www.recicladoslared.es\/\",\"name\":\"Reciclados La Red\",\"description\":\"Planta de reciclaje de pl\u00e1stico y venta de pl\u00e1stico reciclado\",\"publisher\":{\"@id\":\"https:\/\/www.recicladoslared.es\/#organization\"},\"potentialAction\":[{\"@type\":\"SearchAction\",\"target\":{\"@type\":\"EntryPoint\",\"urlTemplate\":\"https:\/\/www.recicladoslared.es\/?s={search_term_string}\"},\"query-input\":{\"@type\":\"PropertyValueSpecification\",\"valueRequired\":true,\"valueName\":\"search_term_string\"}}],\"inLanguage\":\"es\"},{\"@type\":\"Organization\",\"@id\":\"https:\/\/www.recicladoslared.es\/#organization\",\"name\":\"Reciclados La Red\",\"url\":\"https:\/\/www.recicladoslared.es\/\",\"logo\":{\"@type\":\"ImageObject\",\"inLanguage\":\"es\",\"@id\":\"https:\/\/www.recicladoslared.es\/#\/schema\/logo\/image\/\",\"url\":\"https:\/\/www.recicladoslared.es\/wp-content\/uploads\/2023\/05\/Logo-La-Red-Transpa-2.png\",\"contentUrl\":\"https:\/\/www.recicladoslared.es\/wp-content\/uploads\/2023\/05\/Logo-La-Red-Transpa-2.png\",\"width\":600,\"height\":400,\"caption\":\"Reciclados La Red\"},\"image\":{\"@id\":\"https:\/\/www.recicladoslared.es\/#\/schema\/logo\/image\/\"},\"sameAs\":[\"https:\/\/www.facebook.com\/recicladoslared\",\"https:\/\/x.com\/RecicladosLaRed\",\"https:\/\/es.linkedin.com\/company\/reciclados-la-red---reciclados-pl-sticos-serva\"]}]}<\/script>\n<!-- \/ Yoast SEO plugin. -->","yoast_head_json":{"title":"INICIO - Reciclados LA RED","description":"Somos expertos en reciclaje y gesti\u00f3n de residuos. Ofrecemos soluciones sostenibles para particulares y empresas.","robots":{"index":"index","follow":"follow","max-snippet":"max-snippet:-1","max-image-preview":"max-image-preview:large","max-video-preview":"max-video-preview:-1"},"canonical":"https:\/\/www.recicladoslared.es\/","og_locale":"es_ES","og_type":"article","og_title":"INICIO - Reciclados LA RED","og_description":"Somos expertos en reciclaje y gesti\u00f3n de residuos. Ofrecemos soluciones sostenibles para particulares y empresas.","og_url":"https:\/\/www.recicladoslared.es\/","og_site_name":"Reciclados LA RED","article_publisher":"https:\/\/www.facebook.com\/recicladoslared","article_modified_time":"2025-09-25T11:59:05+00:00","og_image":[{"width":600,"height":400,"url":"https:\/\/www.recicladoslared.es\/wp-content\/uploads\/2023\/05\/Logo-La-Red-Transpa-2.png","type":"image\/png"}],"twitter_card":"summary_large_image","twitter_site":"@RecicladosLaRed","twitter_misc":{"Tiempo de lectura":"5 minutos"},"schema":{"@context":"https:\/\/schema.org","@graph":[{"@type":"WebPage","@id":"https:\/\/www.recicladoslared.es\/","url":"https:\/\/www.recicladoslared.es\/","name":"INICIO - Reciclados LA RED","isPartOf":{"@id":"https:\/\/www.recicladoslared.es\/#website"},"datePublished":"2023-05-30T16:43:31+00:00","dateModified":"2025-09-25T11:59:05+00:00","description":"Somos expertos en reciclaje y gesti\u00f3n de residuos. Ofrecemos soluciones sostenibles para particulares y empresas.","breadcrumb":{"@id":"https:\/\/www.recicladoslared.es\/#breadcrumb"},"inLanguage":"es","potentialAction":[{"@type":"ReadAction","target":["https:\/\/www.recicladoslared.es\/"]}]},{"@type":"BreadcrumbList","@id":"https:\/\/www.recicladoslared.es\/#breadcrumb","itemListElement":[{"@type":"ListItem","position":1,"name":"Portada","item":"https:\/\/www.recicladoslared.es\/"},{"@type":"ListItem","position":2,"name":"INICIO"}]},{"@type":"WebSite","@id":"https:\/\/www.recicladoslared.es\/#website","url":"https:\/\/www.recicladoslared.es\/","name":"Reciclados La Red","description":"Planta de reciclaje de pl\u00e1stico y venta de pl\u00e1stico reciclado","publisher":{"@id":"https:\/\/www.recicladoslared.es\/#organization"},"potentialAction":[{"@type":"SearchAction","target":{"@type":"EntryPoint","urlTemplate":"https:\/\/www.recicladoslared.es\/?s={search_term_string}"},"query-input":{"@type":"PropertyValueSpecification","valueRequired":true,"valueName":"search_term_string"}}],"inLanguage":"es"},{"@type":"Organization","@id":"https:\/\/www.recicladoslared.es\/#organization","name":"Reciclados La Red","url":"https:\/\/www.recicladoslared.es\/","logo":{"@type":"ImageObject","inLanguage":"es","@id":"https:\/\/www.recicladoslared.es\/#\/schema\/logo\/image\/","url":"https:\/\/www.recicladoslared.es\/wp-content\/uploads\/2023\/05\/Logo-La-Red-Transpa-2.png","contentUrl":"https:\/\/www.recicladoslared.es\/wp-content\/uploads\/2023\/05\/Logo-La-Red-Transpa-2.png","width":600,"height":400,"caption":"Reciclados La Red"},"image":{"@id":"https:\/\/www.recicladoslared.es\/#\/schema\/logo\/image\/"},"sameAs":["https:\/\/www.facebook.com\/recicladoslared","https:\/\/x.com\/RecicladosLaRed","https:\/\/es.linkedin.com\/company\/reciclados-la-red---reciclados-pl-sticos-serva"]}]}},"_links":{"self":[{"href":"https:\/\/www.recicladoslared.es\/index.php\/wp-json\/wp\/v2\/pages\/220","targetHints":{"allow":["GET"]}}],"collection":[{"href":"https:\/\/www.recicladoslared.es\/index.php\/wp-json\/wp\/v2\/pages"}],"about":[{"href":"https:\/\/www.recicladoslared.es\/index.php\/wp-json\/wp\/v2\/types\/page"}],"author":[{"embeddable":true,"href":"https:\/\/www.recicladoslared.es\/index.php\/wp-json\/wp\/v2\/users\/2"}],"replies":[{"embeddable":true,"href":"https:\/\/www.recicladoslared.es\/index.php\/wp-json\/wp\/v2\/comments?post=220"}],"version-history":[{"count":30,"href":"https:\/\/www.recicladoslared.es\/index.php\/wp-json\/wp\/v2\/pages\/220\/revisions"}],"predecessor-version":[{"id":1918,"href":"https:\/\/www.recicladoslared.es\/index.php\/wp-json\/wp\/v2\/pages\/220\/revisions\/1918"}],"wp:attachment":[{"href":"https:\/\/www.recicladoslared.es\/index.php\/wp-json\/wp\/v2\/media?parent=220"}],"curies":[{"name":"wp","href":"https:\/\/api.w.org\/{rel}","templated":true}]}}