{"id":249,"date":"2023-05-30T18:44:12","date_gmt":"2023-05-30T18:44:12","guid":{"rendered":"https:\/\/www23.recicladoslared.es\/?page_id=249"},"modified":"2024-10-09T08:54:18","modified_gmt":"2024-10-09T08:54:18","slug":"historia","status":"publish","type":"page","link":"https:\/\/www.recicladoslared.es\/index.php\/historia\/","title":{"rendered":"HISTORIA"},"content":{"rendered":"<p>[et_pb_section fb_built=\u00bb1&#8243; _builder_version=\u00bb4.16&#8243; _module_preset=\u00bbdefault\u00bb custom_padding=\u00bb40px||11px|||\u00bb global_colors_info=\u00bb{}\u00bb][et_pb_row _builder_version=\u00bb4.16&#8243; _module_preset=\u00bbdefault\u00bb global_colors_info=\u00bb{}\u00bb][et_pb_column type=\u00bb4_4&#8243; _builder_version=\u00bb4.16&#8243; _module_preset=\u00bbdefault\u00bb global_colors_info=\u00bb{}\u00bb][et_pb_text _builder_version=\u00bb4.22.2&#8243; _module_preset=\u00bbdefault\u00bb text_font=\u00bbKanit||||||||\u00bb text_text_color=\u00bb#474747&#8243; text_font_size=\u00bb25px\u00bb text_line_height=\u00bb1.8em\u00bb header_text_color=\u00bb#474747&#8243; border_width_bottom=\u00bb6px\u00bb border_color_bottom=\u00bb#fff199&#8243; global_colors_info=\u00bb{}\u00bb]<\/p>\n<p>QUI\u00c9NES SOMOS<\/p>\n<p>[\/et_pb_text][\/et_pb_column][\/et_pb_row][et_pb_row _builder_version=\u00bb4.21.0&#8243; _module_preset=\u00bbdefault\u00bb global_colors_info=\u00bb{}\u00bb][et_pb_column type=\u00bb4_4&#8243; _builder_version=\u00bb4.21.0&#8243; _module_preset=\u00bbdefault\u00bb global_colors_info=\u00bb{}\u00bb][et_pb_image src=\u00bbhttps:\/\/www.recicladoslared.es\/wp-content\/uploads\/2023\/05\/Amarillo-Verde-Vintage-Bombilla-Ilustracion-General-LinkedIn-Banner-3.jpg\u00bb title_text=\u00bbAmarillo Verde Vintage Bombilla Ilustraci\u00f3n General LinkedIn Banner (3)\u00bb _builder_version=\u00bb4.21.0&#8243; _module_preset=\u00bbdefault\u00bb global_colors_info=\u00bb{}\u00bb][\/et_pb_image][et_pb_text _builder_version=\u00bb4.27.0&#8243; _module_preset=\u00bbdefault\u00bb text_font=\u00bbKanit|300|||||||\u00bb text_text_color=\u00bb#878787&#8243; text_font_size=\u00bb16px\u00bb text_line_height=\u00bb1.8em\u00bb text_orientation=\u00bbjustified\u00bb text_orientation_tablet=\u00bbjustified\u00bb text_orientation_phone=\u00bbleft\u00bb text_orientation_last_edited=\u00bbon|phone\u00bb global_colors_info=\u00bb{}\u00bb]<\/p>\n<p>Reciclados LA RED by Veolia es una empresa con dilatada experiencia y avanzada tecnolog\u00eda, en el sector del reciclaje de pl\u00e1sticos posconsumo (industrial, dom\u00e9stico y agr\u00edcola).<\/p>\n<p>Gracias al desarrollo tecnol\u00f3gico que hemos implementado, somos los primeros recicladores de Espa\u00f1a en recibir el certificado\u00a0<strong>UNE-EN 15343 de Trazabilidad de Pl\u00e1stico Reciclado<\/strong>\u00a0procedentes del posconsumo.<\/p>\n<p>Esta norma europea especifica los procedimientos necesarios para la trazabilidad de los pl\u00e1sticos reciclados, y sienta las bases para el procedimiento de c\u00e1lculo del contenido de pl\u00e1stico reciclado de un producto.<\/p>\n<p>Con este certificado, por ejemplo, verificamos el porcentaje de material reciclado en un producto y evitamos la p\u00e9rdida de micropl\u00e1sticos primarios. El objetivo no es otro que el de facilitar a la industria una v\u00eda para garantizar la aplicaci\u00f3n de los principios de la econom\u00eda circular.<\/p>\n<p>Somos l\u00edderes nacionales. Nuestro mercado es nacional e internacional, tanto en la gesti\u00f3n de residuos pl\u00e1sticos para su reciclado como en la comercializaci\u00f3n de granza.<\/p>\n<p>Contamos con un gran equipo de profesionales con una elevada experiencia en el sector del reciclaje de pl\u00e1stico, para garantizar al cliente un servicio profesional.<\/p>\n<p>[\/et_pb_text][\/et_pb_column][\/et_pb_row][\/et_pb_section][et_pb_section fb_built=\u00bb1&#8243; _builder_version=\u00bb4.16&#8243; _module_preset=\u00bbdefault\u00bb custom_padding=\u00bb1px||7px|||\u00bb global_colors_info=\u00bb{}\u00bb][et_pb_row _builder_version=\u00bb4.16&#8243; _module_preset=\u00bbdefault\u00bb global_colors_info=\u00bb{}\u00bb][et_pb_column type=\u00bb4_4&#8243; _builder_version=\u00bb4.16&#8243; _module_preset=\u00bbdefault\u00bb global_colors_info=\u00bb{}\u00bb][et_pb_text _builder_version=\u00bb4.21.0&#8243; _module_preset=\u00bbdefault\u00bb text_font=\u00bbKanit||||||||\u00bb text_text_color=\u00bb#474747&#8243; text_font_size=\u00bb25px\u00bb text_line_height=\u00bb1.8em\u00bb header_text_color=\u00bb#474747&#8243; border_color_all=\u00bb#004aad\u00bb border_width_bottom=\u00bb6px\u00bb border_color_bottom=\u00bb#fff199&#8243; global_colors_info=\u00bb{}\u00bb]<\/p>\n<p>HISTORIA<\/p>\n<p>[\/et_pb_text][dmpro_timeline timeline_line_color=\u00bb#adadad\u00bb timeline_active_line_color=\u00bb#e02b20&#8243; _builder_version=\u00bb4.21.0&#8243; _module_preset=\u00bbdefault\u00bb global_colors_info=\u00bb{}\u00bb][dmpro_timeline_item date=\u00bb1993&#8243; title=\u00bbNace Reciclados La Red\u00bb timeline_icon=\u00bb&#x5d;||divi||400&#8243; timeline_icon_color=\u00bb#00a6ff\u00bb image=\u00bbhttps:\/\/www.recicladoslared.es\/wp-content\/uploads\/2023\/05\/Polipropileno.jpg\u00bb image_max_width=\u00bb80%\u00bb _builder_version=\u00bb4.21.0&#8243; _module_preset=\u00bbdefault\u00bb header_text_color=\u00bb#5b5b5b\u00bb header_font_size=\u00bb20px\u00bb body_font=\u00bbKanit|300|||||||\u00bb body_font_size=\u00bb16px\u00bb body_line_height=\u00bb1.7em\u00bb date_text_font=\u00bbKanit||||||||\u00bb date_text_font_size=\u00bb30px\u00bb border_radii=\u00bbon|7px|7px|7px|7px\u00bb border_color_all=\u00bb#FFFFFF\u00bb border_radii_date_text=\u00bbon|7px|7px|7px|7px\u00bb box_shadow_style=\u00bbpreset2&#8243; box_shadow_color=\u00bb#595959&#8243; global_colors_info=\u00bb{}\u00bb]<\/p>\n<p><strong>Reciclados La Red by Veolia<\/strong>\u00a0nace en mayo de 1.993, teniendo como principal actividad el\u00a0<strong>reciclaje de pl\u00e1sticos de\u00a0<\/strong><a href=\"http:\/\/es.wikipedia.org\/wiki\/Polietileno_de_alta_densidad\"><strong>polietileno de alta densidad<\/strong><\/a>\u00a0(PEAD).<\/p>\n<p>[\/dmpro_timeline_item][dmpro_timeline_item date=\u00bb2000&#8243; title=\u00bbAmpliaci\u00f3n a PEBD y PP\u00bb timeline_icon=\u00bb&#x5d;||divi||400&#8243; timeline_icon_color=\u00bb#00a6ff\u00bb _builder_version=\u00bb4.21.0&#8243; _module_preset=\u00bbdefault\u00bb header_text_color=\u00bb#595959&#8243; body_font=\u00bb|300|||||||\u00bb body_font_size=\u00bb16px\u00bb body_line_height=\u00bb1.7em\u00bb date_text_font_size=\u00bb30px\u00bb border_radii=\u00bbon|7px|7px|7px|7px\u00bb border_radii_date_text=\u00bbon|7px|7px|7px|7px\u00bb box_shadow_style=\u00bbpreset2&#8243; global_colors_info=\u00bb{}\u00bb]<\/p>\n<p>M\u00e1s tarde, en mayo del 2.000 ampliamos nuestra actividad de reciclaje hacia otros materiales, tales como el\u00a0<a href=\"http:\/\/es.wikipedia.org\/wiki\/Polietileno_de_baja_densidad\"><strong>polietileno de baja densidad<\/strong><\/a>\u00a0(PEBD) y\u00a0<a href=\"http:\/\/es.wikipedia.org\/wiki\/Polipropileno\"><strong>el polipropileno<\/strong><\/a>\u00a0(PP) principalmente.<\/p>\n<p>[\/dmpro_timeline_item][dmpro_timeline_item date=\u00bb2008&#8243; title=\u00bbPl\u00e1sticos de Plantaciones Agr\u00edcolas\u00bb timeline_icon=\u00bb&#x5d;||divi||400&#8243; timeline_icon_color=\u00bb#00a6ff\u00bb image=\u00bbhttps:\/\/www.recicladoslared.es\/wp-content\/uploads\/2023\/05\/24.jpg\u00bb _builder_version=\u00bb4.21.0&#8243; _module_preset=\u00bbdefault\u00bb header_font_size=\u00bb20px\u00bb body_font=\u00bb|300|||||||\u00bb body_font_size=\u00bb16px\u00bb body_line_height=\u00bb1.7em\u00bb date_text_font_size=\u00bb30px\u00bb border_radii=\u00bbon|7px|7px|7px|7px\u00bb border_radii_date_text=\u00bbon|7px|7px|7px|7px\u00bb box_shadow_style=\u00bbpreset2&#8243; global_colors_info=\u00bb{}\u00bb]<\/p>\n<p>Finalmente, en 2008 ampliamos nuestra actividad para el tratamiento de pl\u00e1sticos procedentes de plantaciones agr\u00edcolas.<\/p>\n<p>En esta planta se procesan materiales procedentes de invernadero, macrotunel, tunelillo, as\u00ed como todos los diferentes tipos de\u00a0<strong>pl\u00e1sticos agr\u00edcolas de cara a su reciclaje y posterior comercializaci\u00f3n<\/strong>.<\/p>\n<p>Los\u00a0<strong>tipos de pl\u00e1sticos<\/strong>\u00a0que se producen en estas instalaciones son: PEBD natural y negro, PEBD posconsumo.<\/p>\n<p>[\/dmpro_timeline_item][dmpro_timeline_item date=\u00bb2023&#8243; title=\u00bbVeolia Espa\u00f1a\u00bb timeline_icon=\u00bb&#x5d;||divi||400&#8243; timeline_icon_color=\u00bb#00a6ff\u00bb image=\u00bbhttps:\/\/www.recicladoslared.es\/wp-content\/uploads\/2023\/05\/Logo-La-Red-Transpa.png\u00bb image_max_width=\u00bb60%\u00bb _builder_version=\u00bb4.21.0&#8243; _module_preset=\u00bbdefault\u00bb header_text_color=\u00bb#595959&#8243; header_font_size=\u00bb20px\u00bb body_font=\u00bb|300|||||||\u00bb body_font_size=\u00bb16px\u00bb body_line_height=\u00bb1.7em\u00bb date_text_font_size=\u00bb30px\u00bb border_radii=\u00bbon|7px|7px|7px|7px\u00bb border_radii_image=\u00bbon|7px|7px|7px|7px\u00bb border_radii_date_text=\u00bbon|7px|7px|7px|7px\u00bb box_shadow_style=\u00bbpreset2&#8243; global_colors_info=\u00bb{}\u00bb]<\/p>\n<p>Desde principios del 2023, Reciclados la Red se ha integrado en <a href=\"https:\/\/www.veolia.es\/\">Veolia Espa\u00f1a<\/a>. De esta forma, ambas compa\u00f1\u00edas aunar\u00e1n sus conocimientos y experiencia en el sector para impulsar el reciclaje de pl\u00e1stico a trav\u00e9s de las instalaciones y centros integrados que La Red tiene en Sevilla.<\/p>\n<p>[\/dmpro_timeline_item][\/dmpro_timeline][\/et_pb_column][\/et_pb_row][\/et_pb_section][et_pb_section fb_built=\u00bb1&#8243; _builder_version=\u00bb4.21.0&#8243; _module_preset=\u00bbdefault\u00bb background_enable_image=\u00bboff\u00bb background_size=\u00bbcustom\u00bb background_image_width=\u00bb73%\u00bb background_position=\u00bbbottom_left\u00bb background_horizontal_offset=\u00bb100%\u00bb background_vertical_offset=\u00bb-3%\u00bb custom_padding=\u00bb15px||27px|||\u00bb global_colors_info=\u00bb{}\u00bb][et_pb_row _builder_version=\u00bb4.21.0&#8243; _module_preset=\u00bbdefault\u00bb global_colors_info=\u00bb{}\u00bb][et_pb_column type=\u00bb4_4&#8243; _builder_version=\u00bb4.21.0&#8243; _module_preset=\u00bbdefault\u00bb global_colors_info=\u00bb{}\u00bb][et_pb_text _builder_version=\u00bb4.22.2&#8243; _module_preset=\u00bbdefault\u00bb text_font=\u00bb||||||||\u00bb text_text_color=\u00bb#474747&#8243; text_font_size=\u00bb25px\u00bb text_line_height=\u00bb1.8em\u00bb header_text_color=\u00bb#474747&#8243; border_color_all=\u00bb#004aad\u00bb border_width_bottom=\u00bb6px\u00bb border_color_bottom=\u00bb#fff199&#8243; global_colors_info=\u00bb{}\u00bb]<\/p>\n<p>LA EVOLUCI\u00d3N DEL RECICLAJE<\/p>\n<p>[\/et_pb_text][\/et_pb_column][\/et_pb_row][et_pb_row column_structure=\u00bb1_3,1_3,1_3&#8243; use_custom_gutter=\u00bbon\u00bb gutter_width=\u00bb1&#8243; _builder_version=\u00bb4.21.0&#8243; _module_preset=\u00bbdefault\u00bb global_colors_info=\u00bb{}\u00bb][et_pb_column type=\u00bb1_3&#8243; _builder_version=\u00bb4.21.0&#8243; _module_preset=\u00bbdefault\u00bb global_colors_info=\u00bb{}\u00bb][et_pb_image src=\u00bbhttps:\/\/www.recicladoslared.es\/wp-content\/uploads\/2023\/05\/22.jpg\u00bb title_text=\u00bb22&#8243; _builder_version=\u00bb4.21.0&#8243; _module_preset=\u00bbdefault\u00bb global_colors_info=\u00bb{}\u00bb][\/et_pb_image][\/et_pb_column][et_pb_column type=\u00bb1_3&#8243; _builder_version=\u00bb4.21.0&#8243; _module_preset=\u00bbdefault\u00bb global_colors_info=\u00bb{}\u00bb][et_pb_divider show_divider=\u00bboff\u00bb _builder_version=\u00bb4.21.0&#8243; _module_preset=\u00bbdefault\u00bb custom_padding=\u00bb||23px|||\u00bb global_colors_info=\u00bb{}\u00bb][\/et_pb_divider][et_pb_icon font_icon=\u00bb&#xf101;||fa||900&#8243; icon_color=\u00bb#fff199&#8243; _builder_version=\u00bb4.21.0&#8243; _module_preset=\u00bbdefault\u00bb global_colors_info=\u00bb{}\u00bb][\/et_pb_icon][\/et_pb_column][et_pb_column type=\u00bb1_3&#8243; _builder_version=\u00bb4.21.0&#8243; _module_preset=\u00bbdefault\u00bb global_colors_info=\u00bb{}\u00bb][et_pb_image src=\u00bbhttps:\/\/www.recicladoslared.es\/wp-content\/uploads\/2023\/05\/23.jpg\u00bb title_text=\u00bbReciclaje actual\u00bb _builder_version=\u00bb4.21.0&#8243; _module_preset=\u00bbdefault\u00bb global_colors_info=\u00bb{}\u00bb][\/et_pb_image][\/et_pb_column][\/et_pb_row][et_pb_row _builder_version=\u00bb4.21.0&#8243; _module_preset=\u00bbdefault\u00bb global_colors_info=\u00bb{}\u00bb][et_pb_column type=\u00bb4_4&#8243; _builder_version=\u00bb4.21.0&#8243; _module_preset=\u00bbdefault\u00bb global_colors_info=\u00bb{}\u00bb][et_pb_text _builder_version=\u00bb4.22.2&#8243; _module_preset=\u00bbdefault\u00bb text_font=\u00bb|300|||||||\u00bb text_text_color=\u00bb#474747&#8243; text_font_size=\u00bb16px\u00bb text_line_height=\u00bb1.8em\u00bb text_orientation=\u00bbjustified\u00bb text_orientation_tablet=\u00bbjustified\u00bb text_orientation_phone=\u00bbleft\u00bb text_orientation_last_edited=\u00bbon|phone\u00bb global_colors_info=\u00bb{}\u00bb]<\/p>\n<p>A lo largo de los \u00faltimos a\u00f1os se han ampliado y modernizado la capacidad productiva de las distintas plantas, adquiriendo las m\u00e1s novedosas tecnolog\u00edas existentes en el mercado.<\/p>\n<p>Nuestra experiencia nos empuja a seguir mejorando cada d\u00eda, para obtener los mejores resultados posibles en cuanto a comercializaci\u00f3n y producci\u00f3n.<\/p>\n<p>&nbsp;<\/p>\n<p>[\/et_pb_text][\/et_pb_column][\/et_pb_row][\/et_pb_section]<\/p>\n","protected":false},"excerpt":{"rendered":"<p>QUI\u00c9NES SOMOSReciclados LA RED by Veolia es una empresa con dilatada experiencia y avanzada tecnolog\u00eda, en el sector del reciclaje de pl\u00e1sticos posconsumo (industrial, dom\u00e9stico y agr\u00edcola). Gracias al desarrollo tecnol\u00f3gico que hemos implementado, somos los primeros recicladores de Espa\u00f1a en recibir el certificado\u00a0UNE-EN 15343 de Trazabilidad de Pl\u00e1stico Reciclado\u00a0procedentes del posconsumo. Esta norma europea [&hellip;]<\/p>\n","protected":false},"author":2,"featured_media":0,"parent":0,"menu_order":0,"comment_status":"closed","ping_status":"closed","template":"","meta":{"_et_pb_use_builder":"on","_et_pb_old_content":"","_et_gb_content_width":"","footnotes":""},"class_list":["post-249","page","type-page","status-publish","hentry"],"yoast_head":"<!-- This site is optimized with the Yoast SEO plugin v24.9 - https:\/\/yoast.com\/wordpress\/plugins\/seo\/ -->\n<title>HISTORIA - Reciclados LA RED<\/title>\n<meta name=\"description\" content=\"Somos una empresa con m\u00e1s de 30 a\u00f1os y avanzada tecnolog\u00eda, en el sector del reciclaje de pl\u00e1sticos posconsumo.\" \/>\n<meta name=\"robots\" content=\"index, follow, max-snippet:-1, max-image-preview:large, max-video-preview:-1\" \/>\n<link rel=\"canonical\" href=\"https:\/\/www.recicladoslared.es\/index.php\/historia\/\" \/>\n<meta property=\"og:locale\" content=\"es_ES\" \/>\n<meta property=\"og:type\" content=\"article\" \/>\n<meta property=\"og:title\" content=\"HISTORIA - Reciclados LA RED\" \/>\n<meta property=\"og:description\" content=\"Somos una empresa con m\u00e1s de 30 a\u00f1os y avanzada tecnolog\u00eda, en el sector del reciclaje de pl\u00e1sticos posconsumo.\" \/>\n<meta property=\"og:url\" content=\"https:\/\/www.recicladoslared.es\/index.php\/historia\/\" \/>\n<meta property=\"og:site_name\" content=\"Reciclados LA RED\" \/>\n<meta property=\"article:publisher\" content=\"https:\/\/www.facebook.com\/recicladoslared\" \/>\n<meta property=\"article:modified_time\" content=\"2024-10-09T08:54:18+00:00\" \/>\n<meta property=\"og:image\" content=\"https:\/\/www.recicladoslared.es\/wp-content\/uploads\/2023\/05\/Logo-La-Red-Transpa-2.png\" \/>\n\t<meta property=\"og:image:width\" content=\"600\" \/>\n\t<meta property=\"og:image:height\" content=\"400\" \/>\n\t<meta property=\"og:image:type\" content=\"image\/png\" \/>\n<meta name=\"twitter:card\" content=\"summary_large_image\" \/>\n<meta name=\"twitter:site\" content=\"@RecicladosLaRed\" \/>\n<meta name=\"twitter:label1\" content=\"Tiempo de lectura\" \/>\n\t<meta name=\"twitter:data1\" content=\"4 minutos\" \/>\n<script type=\"application\/ld+json\" class=\"yoast-schema-graph\">{\"@context\":\"https:\/\/schema.org\",\"@graph\":[{\"@type\":\"WebPage\",\"@id\":\"https:\/\/www.recicladoslared.es\/index.php\/historia\/\",\"url\":\"https:\/\/www.recicladoslared.es\/index.php\/historia\/\",\"name\":\"HISTORIA - Reciclados LA RED\",\"isPartOf\":{\"@id\":\"https:\/\/www.recicladoslared.es\/#website\"},\"datePublished\":\"2023-05-30T18:44:12+00:00\",\"dateModified\":\"2024-10-09T08:54:18+00:00\",\"description\":\"Somos una empresa con m\u00e1s de 30 a\u00f1os y avanzada tecnolog\u00eda, en el sector del reciclaje de pl\u00e1sticos posconsumo.\",\"breadcrumb\":{\"@id\":\"https:\/\/www.recicladoslared.es\/index.php\/historia\/#breadcrumb\"},\"inLanguage\":\"es\",\"potentialAction\":[{\"@type\":\"ReadAction\",\"target\":[\"https:\/\/www.recicladoslared.es\/index.php\/historia\/\"]}]},{\"@type\":\"BreadcrumbList\",\"@id\":\"https:\/\/www.recicladoslared.es\/index.php\/historia\/#breadcrumb\",\"itemListElement\":[{\"@type\":\"ListItem\",\"position\":1,\"name\":\"Portada\",\"item\":\"https:\/\/www.recicladoslared.es\/\"},{\"@type\":\"ListItem\",\"position\":2,\"name\":\"HISTORIA\"}]},{\"@type\":\"WebSite\",\"@id\":\"https:\/\/www.recicladoslared.es\/#website\",\"url\":\"https:\/\/www.recicladoslared.es\/\",\"name\":\"Reciclados La Red\",\"description\":\"Planta de reciclaje de pl\u00e1stico y venta de pl\u00e1stico reciclado\",\"publisher\":{\"@id\":\"https:\/\/www.recicladoslared.es\/#organization\"},\"potentialAction\":[{\"@type\":\"SearchAction\",\"target\":{\"@type\":\"EntryPoint\",\"urlTemplate\":\"https:\/\/www.recicladoslared.es\/?s={search_term_string}\"},\"query-input\":{\"@type\":\"PropertyValueSpecification\",\"valueRequired\":true,\"valueName\":\"search_term_string\"}}],\"inLanguage\":\"es\"},{\"@type\":\"Organization\",\"@id\":\"https:\/\/www.recicladoslared.es\/#organization\",\"name\":\"Reciclados La Red\",\"url\":\"https:\/\/www.recicladoslared.es\/\",\"logo\":{\"@type\":\"ImageObject\",\"inLanguage\":\"es\",\"@id\":\"https:\/\/www.recicladoslared.es\/#\/schema\/logo\/image\/\",\"url\":\"https:\/\/www.recicladoslared.es\/wp-content\/uploads\/2023\/05\/Logo-La-Red-Transpa-2.png\",\"contentUrl\":\"https:\/\/www.recicladoslared.es\/wp-content\/uploads\/2023\/05\/Logo-La-Red-Transpa-2.png\",\"width\":600,\"height\":400,\"caption\":\"Reciclados La Red\"},\"image\":{\"@id\":\"https:\/\/www.recicladoslared.es\/#\/schema\/logo\/image\/\"},\"sameAs\":[\"https:\/\/www.facebook.com\/recicladoslared\",\"https:\/\/x.com\/RecicladosLaRed\",\"https:\/\/es.linkedin.com\/company\/reciclados-la-red---reciclados-pl-sticos-serva\"]}]}<\/script>\n<!-- \/ Yoast SEO plugin. -->","yoast_head_json":{"title":"HISTORIA - Reciclados LA RED","description":"Somos una empresa con m\u00e1s de 30 a\u00f1os y avanzada tecnolog\u00eda, en el sector del reciclaje de pl\u00e1sticos posconsumo.","robots":{"index":"index","follow":"follow","max-snippet":"max-snippet:-1","max-image-preview":"max-image-preview:large","max-video-preview":"max-video-preview:-1"},"canonical":"https:\/\/www.recicladoslared.es\/index.php\/historia\/","og_locale":"es_ES","og_type":"article","og_title":"HISTORIA - Reciclados LA RED","og_description":"Somos una empresa con m\u00e1s de 30 a\u00f1os y avanzada tecnolog\u00eda, en el sector del reciclaje de pl\u00e1sticos posconsumo.","og_url":"https:\/\/www.recicladoslared.es\/index.php\/historia\/","og_site_name":"Reciclados LA RED","article_publisher":"https:\/\/www.facebook.com\/recicladoslared","article_modified_time":"2024-10-09T08:54:18+00:00","og_image":[{"width":600,"height":400,"url":"https:\/\/www.recicladoslared.es\/wp-content\/uploads\/2023\/05\/Logo-La-Red-Transpa-2.png","type":"image\/png"}],"twitter_card":"summary_large_image","twitter_site":"@RecicladosLaRed","twitter_misc":{"Tiempo de lectura":"4 minutos"},"schema":{"@context":"https:\/\/schema.org","@graph":[{"@type":"WebPage","@id":"https:\/\/www.recicladoslared.es\/index.php\/historia\/","url":"https:\/\/www.recicladoslared.es\/index.php\/historia\/","name":"HISTORIA - Reciclados LA RED","isPartOf":{"@id":"https:\/\/www.recicladoslared.es\/#website"},"datePublished":"2023-05-30T18:44:12+00:00","dateModified":"2024-10-09T08:54:18+00:00","description":"Somos una empresa con m\u00e1s de 30 a\u00f1os y avanzada tecnolog\u00eda, en el sector del reciclaje de pl\u00e1sticos posconsumo.","breadcrumb":{"@id":"https:\/\/www.recicladoslared.es\/index.php\/historia\/#breadcrumb"},"inLanguage":"es","potentialAction":[{"@type":"ReadAction","target":["https:\/\/www.recicladoslared.es\/index.php\/historia\/"]}]},{"@type":"BreadcrumbList","@id":"https:\/\/www.recicladoslared.es\/index.php\/historia\/#breadcrumb","itemListElement":[{"@type":"ListItem","position":1,"name":"Portada","item":"https:\/\/www.recicladoslared.es\/"},{"@type":"ListItem","position":2,"name":"HISTORIA"}]},{"@type":"WebSite","@id":"https:\/\/www.recicladoslared.es\/#website","url":"https:\/\/www.recicladoslared.es\/","name":"Reciclados La Red","description":"Planta de reciclaje de pl\u00e1stico y venta de pl\u00e1stico reciclado","publisher":{"@id":"https:\/\/www.recicladoslared.es\/#organization"},"potentialAction":[{"@type":"SearchAction","target":{"@type":"EntryPoint","urlTemplate":"https:\/\/www.recicladoslared.es\/?s={search_term_string}"},"query-input":{"@type":"PropertyValueSpecification","valueRequired":true,"valueName":"search_term_string"}}],"inLanguage":"es"},{"@type":"Organization","@id":"https:\/\/www.recicladoslared.es\/#organization","name":"Reciclados La Red","url":"https:\/\/www.recicladoslared.es\/","logo":{"@type":"ImageObject","inLanguage":"es","@id":"https:\/\/www.recicladoslared.es\/#\/schema\/logo\/image\/","url":"https:\/\/www.recicladoslared.es\/wp-content\/uploads\/2023\/05\/Logo-La-Red-Transpa-2.png","contentUrl":"https:\/\/www.recicladoslared.es\/wp-content\/uploads\/2023\/05\/Logo-La-Red-Transpa-2.png","width":600,"height":400,"caption":"Reciclados La Red"},"image":{"@id":"https:\/\/www.recicladoslared.es\/#\/schema\/logo\/image\/"},"sameAs":["https:\/\/www.facebook.com\/recicladoslared","https:\/\/x.com\/RecicladosLaRed","https:\/\/es.linkedin.com\/company\/reciclados-la-red---reciclados-pl-sticos-serva"]}]}},"_links":{"self":[{"href":"https:\/\/www.recicladoslared.es\/index.php\/wp-json\/wp\/v2\/pages\/249","targetHints":{"allow":["GET"]}}],"collection":[{"href":"https:\/\/www.recicladoslared.es\/index.php\/wp-json\/wp\/v2\/pages"}],"about":[{"href":"https:\/\/www.recicladoslared.es\/index.php\/wp-json\/wp\/v2\/types\/page"}],"author":[{"embeddable":true,"href":"https:\/\/www.recicladoslared.es\/index.php\/wp-json\/wp\/v2\/users\/2"}],"replies":[{"embeddable":true,"href":"https:\/\/www.recicladoslared.es\/index.php\/wp-json\/wp\/v2\/comments?post=249"}],"version-history":[{"count":16,"href":"https:\/\/www.recicladoslared.es\/index.php\/wp-json\/wp\/v2\/pages\/249\/revisions"}],"predecessor-version":[{"id":1474,"href":"https:\/\/www.recicladoslared.es\/index.php\/wp-json\/wp\/v2\/pages\/249\/revisions\/1474"}],"wp:attachment":[{"href":"https:\/\/www.recicladoslared.es\/index.php\/wp-json\/wp\/v2\/media?parent=249"}],"curies":[{"name":"wp","href":"https:\/\/api.w.org\/{rel}","templated":true}]}}