{"id":388,"date":"2023-06-06T08:47:18","date_gmt":"2023-06-06T08:47:18","guid":{"rendered":"https:\/\/www23.recicladoslared.es\/?page_id=388"},"modified":"2024-01-24T11:13:31","modified_gmt":"2024-01-24T11:13:31","slug":"proceso-de-reciclaje","status":"publish","type":"page","link":"https:\/\/www.recicladoslared.es\/index.php\/proceso-de-reciclaje\/","title":{"rendered":"PROCESO DE RECICLAJE"},"content":{"rendered":"<p>[et_pb_section fb_built=\u00bb1&#8243; _builder_version=\u00bb4.16&#8243; _module_preset=\u00bbdefault\u00bb custom_padding=\u00bb40px||11px|||\u00bb global_colors_info=\u00bb{}\u00bb][et_pb_row _builder_version=\u00bb4.16&#8243; _module_preset=\u00bbdefault\u00bb global_colors_info=\u00bb{}\u00bb][et_pb_column type=\u00bb4_4&#8243; _builder_version=\u00bb4.16&#8243; _module_preset=\u00bbdefault\u00bb global_colors_info=\u00bb{}\u00bb][et_pb_text _builder_version=\u00bb4.21.0&#8243; _module_preset=\u00bbdefault\u00bb text_font=\u00bbKanit||||||||\u00bb text_text_color=\u00bb#474747&#8243; text_font_size=\u00bb25px\u00bb text_line_height=\u00bb1.8em\u00bb header_text_color=\u00bb#474747&#8243; border_width_bottom=\u00bb6px\u00bb border_color_bottom=\u00bb#7ab2e1&#8243; global_colors_info=\u00bb{}\u00bb]<\/p>\n<p>El proceso de reciclaje de pl\u00e1stico<\/p>\n<p>[\/et_pb_text][\/et_pb_column][\/et_pb_row][et_pb_row _builder_version=\u00bb4.21.0&#8243; _module_preset=\u00bbdefault\u00bb global_colors_info=\u00bb{}\u00bb][et_pb_column type=\u00bb4_4&#8243; _builder_version=\u00bb4.21.0&#8243; _module_preset=\u00bbdefault\u00bb global_colors_info=\u00bb{}\u00bb][et_pb_image src=\u00bbhttps:\/\/www.recicladoslared.es\/wp-content\/uploads\/2023\/06\/Imagen1.png\u00bb title_text=\u00bbImagen1&#8243; _builder_version=\u00bb4.21.0&#8243; _module_preset=\u00bbdefault\u00bb global_colors_info=\u00bb{}\u00bb][\/et_pb_image][et_pb_text _builder_version=\u00bb4.21.0&#8243; _module_preset=\u00bbdefault\u00bb text_font=\u00bb|300|||||||\u00bb text_font_size=\u00bb16px\u00bb text_line_height=\u00bb1.8em\u00bb text_orientation=\u00bbjustified\u00bb global_colors_info=\u00bb{}\u00bb]<\/p>\n<p>Nuestro <b>proceso de reciclaje de<\/b> <b>pl\u00e1stico<\/b> se puede dividir en varias fases:<\/p>\n<p>[\/et_pb_text][\/et_pb_column][\/et_pb_row][\/et_pb_section][et_pb_section fb_built=\u00bb1&#8243; _builder_version=\u00bb4.16&#8243; _module_preset=\u00bbdefault\u00bb custom_padding=\u00bb1px||7px|||\u00bb global_colors_info=\u00bb{}\u00bb][et_pb_row _builder_version=\u00bb4.16&#8243; _module_preset=\u00bbdefault\u00bb global_colors_info=\u00bb{}\u00bb][et_pb_column type=\u00bb4_4&#8243; _builder_version=\u00bb4.16&#8243; _module_preset=\u00bbdefault\u00bb global_colors_info=\u00bb{}\u00bb][dmpro_timeline timeline_line_color=\u00bb#adadad\u00bb timeline_active_line_color=\u00bb#e02b20&#8243; _builder_version=\u00bb4.22.2&#8243; _module_preset=\u00bbdefault\u00bb hover_enabled=\u00bb0&#8243; global_colors_info=\u00bb{}\u00bb sticky_enabled=\u00bb0&#8243;][dmpro_timeline_item date=\u00bb Recepci\u00f3n de materias primas\u00bb timeline_icon=\u00bb&#x5d;||divi||400&#8243; timeline_icon_color=\u00bb#00a6ff\u00bb image=\u00bbhttps:\/\/www.recicladoslared.es\/wp-content\/uploads\/2023\/06\/materias-primas.png\u00bb icon_placement=\u00bbleft\u00bb image_max_width=\u00bb80%\u00bb card_margin=\u00bb|0px|||false|false\u00bb card_padding=\u00bb20px|20px|20px|30px|false|false\u00bb card_content_padding=\u00bb|0px|||false|false\u00bb _builder_version=\u00bb4.22.2&#8243; _module_preset=\u00bbdefault\u00bb header_text_color=\u00bb#5b5b5b\u00bb header_font_size=\u00bb16px\u00bb body_font=\u00bbKanit|300|||||||\u00bb body_text_align=\u00bbjustify\u00bb body_font_size=\u00bb14px\u00bb body_line_height=\u00bb1.7em\u00bb date_text_font=\u00bbKanit||||||||\u00bb date_text_font_size=\u00bb22px\u00bb hover_enabled=\u00bb0&#8243; border_radii=\u00bbon|7px|7px|7px|7px\u00bb border_color_all=\u00bb#FFFFFF\u00bb border_radii_date_text=\u00bbon|7px|7px|7px|7px\u00bb box_shadow_style=\u00bbpreset2&#8243; box_shadow_color=\u00bb#595959&#8243; global_colors_info=\u00bb{}\u00bb body_text_align_last_edited=\u00bbon|phone\u00bb sticky_enabled=\u00bb0&#8243; body_text_align_phone=\u00bbleft\u00bb body_text_align_tablet=\u00bbjustify\u00bb]<\/p>\n<div class=\"et_pb_column et_pb_column_3_4\">\n<div class=\"et_pb_text et_pb_bg_layout_light et_pb_text_align_left\">\n<p style=\"text-align: left;\">Por materia prima entendemos todo aquel material pl\u00e1stico susceptible de ser reciclado (PEAD, PEBD, PP, PET, PS, ABS\u2026) en nuestras instalaciones, el material debe estar preclasificado por calidad y puede proceder de rechazo industrial, posconsumo y agr\u00edcola. Estos materiales pueden llegar a nuestra empresa en cajas, sacos, Big Bags, triturados, en contenedores (Granel) o balas.<\/p>\n<\/div>\n<\/div>\n<p>[\/dmpro_timeline_item][dmpro_timeline_item date=\u00bbProceso de selecci\u00f3n\u00bb timeline_icon=\u00bb&#x5d;||divi||400&#8243; timeline_icon_color=\u00bb#00a6ff\u00bb image=\u00bbhttps:\/\/www.recicladoslared.es\/wp-content\/uploads\/2023\/06\/seleccion.png\u00bb icon_placement=\u00bbleft\u00bb image_max_width=\u00bb80%\u00bb card_margin=\u00bb|0px|||false|false\u00bb card_padding=\u00bb20px|20px|20px|30px|false|false\u00bb card_content_padding=\u00bb|0px|||false|false\u00bb _builder_version=\u00bb4.22.2&#8243; _module_preset=\u00bbdefault\u00bb header_text_color=\u00bb#5b5b5b\u00bb header_font_size=\u00bb16px\u00bb body_font=\u00bbKanit|300|||||||\u00bb body_text_align=\u00bbjustify\u00bb body_font_size=\u00bb14px\u00bb body_line_height=\u00bb1.7em\u00bb date_text_font=\u00bbKanit||||||||\u00bb date_text_font_size=\u00bb22px\u00bb hover_enabled=\u00bb0&#8243; border_radii=\u00bbon|7px|7px|7px|7px\u00bb border_color_all=\u00bb#FFFFFF\u00bb border_radii_date_text=\u00bbon|7px|7px|7px|7px\u00bb box_shadow_style=\u00bbpreset2&#8243; box_shadow_color=\u00bb#595959&#8243; global_colors_info=\u00bb{}\u00bb body_text_align_last_edited=\u00bbon|phone\u00bb body_text_align_phone=\u00bbleft\u00bb sticky_enabled=\u00bb0&#8243; body_text_align_tablet=\u00bbjustify\u00bb]<\/p>\n<p>Una vez recepcionada, nuestra materia prima pasa por un riguroso proceso de selecci\u00f3n donde se realizan las siguientes fases:<\/p>\n<p><strong>Separaci\u00f3n de materiales no aptos por su tipolog\u00eda:<\/strong><\/p>\n<p>Se separan aquellas materias pl\u00e1sticas diferentes a las que en el momento de consumo correspondan a la calidad en proceso, etiquetas, materias f\u00e9rricas, tierras\u2026etc. Con este proceso garantizamos una calidad \u00f3ptima, aumentamos las capacidades productivas, evitamos una producci\u00f3n ineficiente, y nos servir\u00e1 para llevar un control sobre la materia prima suministrada por nuestras fuentes de aprovisionamiento.<\/p>\n<p><strong>Segregaci\u00f3n de colores del pl\u00e1stico a consumir:<\/strong><\/p>\n<p>Gracias a esta fase conseguimos un menor consumo de colorantes, lo que nos da un beneficio mayor tanto econ\u00f3mico como medioambiental, as\u00ed como una mayor variedad en los productos terminados ofreciendo diferentes gamas de colores.<\/p>\n<p>[\/dmpro_timeline_item][dmpro_timeline_item date=\u00bbTriturado\u00bb timeline_icon=\u00bb&#x5d;||divi||400&#8243; timeline_icon_color=\u00bb#00a6ff\u00bb image=\u00bbhttps:\/\/www.recicladoslared.es\/wp-content\/uploads\/2023\/06\/triturado.png\u00bb icon_placement=\u00bbleft\u00bb image_max_width=\u00bb80%\u00bb card_margin=\u00bb|0px|||false|false\u00bb card_padding=\u00bb20px|20px|20px|30px|false|false\u00bb card_content_padding=\u00bb|0px|||false|false\u00bb _builder_version=\u00bb4.22.2&#8243; _module_preset=\u00bbdefault\u00bb header_text_color=\u00bb#5b5b5b\u00bb header_font_size=\u00bb16px\u00bb body_font=\u00bbKanit|300|||||||\u00bb body_text_align=\u00bbjustify\u00bb body_font_size=\u00bb14px\u00bb body_line_height=\u00bb1.7em\u00bb date_text_font=\u00bbKanit||||||||\u00bb date_text_font_size=\u00bb22px\u00bb hover_enabled=\u00bb0&#8243; border_radii=\u00bbon|7px|7px|7px|7px\u00bb border_color_all=\u00bb#FFFFFF\u00bb border_radii_date_text=\u00bbon|7px|7px|7px|7px\u00bb box_shadow_style=\u00bbpreset2&#8243; box_shadow_color=\u00bb#595959&#8243; global_colors_info=\u00bb{}\u00bb body_text_align_last_edited=\u00bbon|phone\u00bb body_text_align_phone=\u00bbleft\u00bb sticky_enabled=\u00bb0&#8243; body_text_align_tablet=\u00bbjustify\u00bb]<\/p>\n<p>Las piezas se rompen y desmenuzan a trav\u00e9s de trituradores de gran capacidad productiva, por medio de un juego de cuchillas giratorio, reduci\u00e9ndolas a peque\u00f1os trozos seg\u00fan el di\u00e1metro de la criba. Con el triturado logramos que la granulometr\u00eda del pl\u00e1stico sea homog\u00e9nea lo que nos facilita las posteriores labores de transporte, lavado y secado.<\/p>\n<p>[\/dmpro_timeline_item][dmpro_timeline_item date=\u00bbLavado\u00bb timeline_icon=\u00bb&#x5d;||divi||400&#8243; timeline_icon_color=\u00bb#00a6ff\u00bb image=\u00bbhttps:\/\/www.recicladoslared.es\/wp-content\/uploads\/2023\/06\/lavado.png\u00bb icon_placement=\u00bbleft\u00bb image_max_width=\u00bb80%\u00bb card_margin=\u00bb|0px|||false|false\u00bb card_padding=\u00bb20px|20px|20px|30px|false|false\u00bb card_content_padding=\u00bb|0px|||false|false\u00bb _builder_version=\u00bb4.22.2&#8243; _module_preset=\u00bbdefault\u00bb header_text_color=\u00bb#5b5b5b\u00bb header_font_size=\u00bb16px\u00bb body_font=\u00bbKanit|300|||||||\u00bb body_text_align=\u00bbjustify\u00bb body_font_size=\u00bb14px\u00bb body_line_height=\u00bb1.7em\u00bb date_text_font=\u00bbKanit||||||||\u00bb date_text_font_size=\u00bb22px\u00bb hover_enabled=\u00bb0&#8243; border_radii=\u00bbon|7px|7px|7px|7px\u00bb border_color_all=\u00bb#FFFFFF\u00bb border_radii_date_text=\u00bbon|7px|7px|7px|7px\u00bb box_shadow_style=\u00bbpreset2&#8243; box_shadow_color=\u00bb#595959&#8243; global_colors_info=\u00bb{}\u00bb body_text_align_last_edited=\u00bbon|phone\u00bb body_text_align_phone=\u00bbleft\u00bb sticky_enabled=\u00bb0&#8243; body_text_align_tablet=\u00bbjustify\u00bb]<\/p>\n<p>Una vez triturado, el pl\u00e1stico se introduce en unos lavaderos industriales. Unas aspas remueven el agua de manera que el pl\u00e1stico quede mojado totalmente y en el fondo de los lavaderos quedar\u00e1n depositadas posibles impurezas como tierra, piedras, metales, cart\u00f3n, PVC y cualquier otro material m\u00e1s denso que el agua.<\/p>\n<p>[\/dmpro_timeline_item][dmpro_timeline_item date=\u00bbSecado y Centrifugado\u00bb timeline_icon=\u00bb&#x5d;||divi||400&#8243; timeline_icon_color=\u00bb#00a6ff\u00bb image=\u00bbhttps:\/\/www.recicladoslared.es\/wp-content\/uploads\/2023\/06\/secado-y-centrifugado.png\u00bb icon_placement=\u00bbleft\u00bb image_max_width=\u00bb80%\u00bb card_margin=\u00bb|0px|||false|false\u00bb card_padding=\u00bb20px|20px|20px|30px|false|false\u00bb card_content_padding=\u00bb|0px|||false|false\u00bb _builder_version=\u00bb4.22.2&#8243; _module_preset=\u00bbdefault\u00bb header_text_color=\u00bb#5b5b5b\u00bb header_font_size=\u00bb16px\u00bb body_font=\u00bbKanit|300|||||||\u00bb body_text_align=\u00bbjustify\u00bb body_font_size=\u00bb14px\u00bb body_line_height=\u00bb1.7em\u00bb date_text_font=\u00bbKanit||||||||\u00bb date_text_font_size=\u00bb22px\u00bb hover_enabled=\u00bb0&#8243; border_radii=\u00bbon|7px|7px|7px|7px\u00bb border_color_all=\u00bb#FFFFFF\u00bb border_radii_date_text=\u00bbon|7px|7px|7px|7px\u00bb box_shadow_style=\u00bbpreset2&#8243; box_shadow_color=\u00bb#595959&#8243; global_colors_info=\u00bb{}\u00bb body_text_align_last_edited=\u00bbon|phone\u00bb body_text_align_phone=\u00bbleft\u00bb sticky_enabled=\u00bb0&#8243; body_text_align_tablet=\u00bbjustify\u00bb]<\/p>\n<p>El material extra\u00eddo de los lavaderos pasa a las centr\u00edfugas donde adem\u00e1s de hacer las funciones de secado eliminar\u00e1n por completo cualquier impureza que a\u00fan pudiera escapar de los lavaderos.<\/p>\n<p>[\/dmpro_timeline_item][dmpro_timeline_item date=\u00bbHomogeneizaci\u00f3n\u00bb timeline_icon=\u00bb&#x5d;||divi||400&#8243; timeline_icon_color=\u00bb#00a6ff\u00bb image=\u00bbhttps:\/\/www.recicladoslared.es\/wp-content\/uploads\/2023\/05\/homogeneizacion.png\u00bb icon_placement=\u00bbleft\u00bb image_max_width=\u00bb80%\u00bb card_margin=\u00bb|0px|||false|false\u00bb card_padding=\u00bb20px|20px|20px|30px|false|false\u00bb card_content_padding=\u00bb|0px|||false|false\u00bb _builder_version=\u00bb4.22.2&#8243; _module_preset=\u00bbdefault\u00bb header_text_color=\u00bb#5b5b5b\u00bb header_font_size=\u00bb16px\u00bb body_font=\u00bbKanit|300|||||||\u00bb body_text_align=\u00bbjustify\u00bb body_font_size=\u00bb14px\u00bb body_line_height=\u00bb1.7em\u00bb date_text_font=\u00bbKanit||||||||\u00bb date_text_font_size=\u00bb22px\u00bb hover_enabled=\u00bb0&#8243; border_radii=\u00bbon|7px|7px|7px|7px\u00bb border_color_all=\u00bb#FFFFFF\u00bb border_radii_date_text=\u00bbon|7px|7px|7px|7px\u00bb box_shadow_style=\u00bbpreset2&#8243; box_shadow_color=\u00bb#595959&#8243; global_colors_info=\u00bb{}\u00bb body_text_align_last_edited=\u00bbon|phone\u00bb body_text_align_phone=\u00bbleft\u00bb sticky_enabled=\u00bb0&#8243; body_text_align_tablet=\u00bbjustify\u00bb]<\/p>\n<p>Una vez triturado, lavado y secado, el pl\u00e1stico se almacena en un gran silo, donde ser\u00e1 mezclado por un proceso mec\u00e1nico, hasta conseguir un material homog\u00e9neo en color, textura y comportamiento, quedando preparado para la extrusi\u00f3n<\/p>\n<p>[\/dmpro_timeline_item][dmpro_timeline_item date=\u00bbExtrusionado\u00bb timeline_icon=\u00bb&#x5d;||divi||400&#8243; timeline_icon_color=\u00bb#00a6ff\u00bb image=\u00bbhttps:\/\/www.recicladoslared.es\/wp-content\/uploads\/2023\/06\/extrusionado.png\u00bb icon_placement=\u00bbleft\u00bb image_max_width=\u00bb80%\u00bb card_margin=\u00bb|0px|||false|false\u00bb card_padding=\u00bb20px|20px|20px|30px|false|false\u00bb card_content_padding=\u00bb|0px|||false|false\u00bb _builder_version=\u00bb4.22.2&#8243; _module_preset=\u00bbdefault\u00bb header_text_color=\u00bb#5b5b5b\u00bb header_font_size=\u00bb16px\u00bb body_font=\u00bbKanit|300|||||||\u00bb body_text_align=\u00bbjustify\u00bb body_font_size=\u00bb14px\u00bb body_line_height=\u00bb1.7em\u00bb date_text_font=\u00bbKanit||||||||\u00bb date_text_font_size=\u00bb22px\u00bb hover_enabled=\u00bb0&#8243; border_radii=\u00bbon|7px|7px|7px|7px\u00bb border_color_all=\u00bb#FFFFFF\u00bb border_radii_date_text=\u00bbon|7px|7px|7px|7px\u00bb box_shadow_style=\u00bbpreset2&#8243; box_shadow_color=\u00bb#595959&#8243; global_colors_info=\u00bb{}\u00bb body_text_align_last_edited=\u00bbon|phone\u00bb body_text_align_phone=\u00bbleft\u00bb sticky_enabled=\u00bb0&#8243; body_text_align_tablet=\u00bbjustify\u00bb]<\/p>\n<p>El cuerpo central de la extrusionadora se compone de un largo ca\u00f1\u00f3n que, mediante el calor y la fricci\u00f3n de su eje interior, permite el plastificado de todas las part\u00edculas antes creadas dando lugar a una masa uniforme. De este modo los pol\u00edmeros se funden mediante el calor.\u00a0 <b>En este apartado es cuando a\u00f1adimos el color <\/b>necesario que demandan nuestros clientes para satisfacer sus necesidades.<\/p>\n<p>[\/dmpro_timeline_item][dmpro_timeline_item date=\u00bbFiltrado\u00bb timeline_icon=\u00bb&#x5d;||divi||400&#8243; timeline_icon_color=\u00bb#00a6ff\u00bb image=\u00bbhttps:\/\/www.recicladoslared.es\/wp-content\/uploads\/2023\/06\/filtrado.png\u00bb icon_placement=\u00bbleft\u00bb image_max_width=\u00bb80%\u00bb card_margin=\u00bb|0px|||false|false\u00bb card_padding=\u00bb20px|20px|20px|30px|false|false\u00bb card_content_padding=\u00bb|0px|||false|false\u00bb _builder_version=\u00bb4.22.2&#8243; _module_preset=\u00bbdefault\u00bb header_text_color=\u00bb#5b5b5b\u00bb header_font_size=\u00bb16px\u00bb body_font=\u00bbKanit|300|||||||\u00bb body_text_align=\u00bbjustify\u00bb body_font_size=\u00bb14px\u00bb body_line_height=\u00bb1.7em\u00bb date_text_font=\u00bbKanit||||||||\u00bb date_text_font_size=\u00bb22px\u00bb hover_enabled=\u00bb0&#8243; border_radii=\u00bbon|7px|7px|7px|7px\u00bb border_color_all=\u00bb#FFFFFF\u00bb border_radii_date_text=\u00bbon|7px|7px|7px|7px\u00bb box_shadow_style=\u00bbpreset2&#8243; box_shadow_color=\u00bb#595959&#8243; global_colors_info=\u00bb{}\u00bb body_text_align_last_edited=\u00bbon|phone\u00bb body_text_align_phone=\u00bbleft\u00bb sticky_enabled=\u00bb0&#8243; body_text_align_tablet=\u00bbjustify\u00bb]<\/p>\n<p>Con la textura y fluidez necesarias, el <b>pl\u00e1stico<\/b> pasa a\u00fan por un proceso de filtrado -un sistema de mallas muy finas- que retendr\u00e1n cualquier tipo de impurezas que en los procesos anteriores pudiera haber dejado adheridas al material: restos de cart\u00f3n, peque\u00f1os trozos de madera, tela u otros trozos de materiales incompatibles. Cuando estas mallas se ensucian son sustituidas por otras limpias de forma autom\u00e1tica.<\/p>\n<p>[\/dmpro_timeline_item][dmpro_timeline_item date=\u00bbGranceado\u00bb timeline_icon=\u00bb&#x5d;||divi||400&#8243; timeline_icon_color=\u00bb#00a6ff\u00bb image=\u00bbhttps:\/\/www.recicladoslared.es\/wp-content\/uploads\/2023\/06\/granceado.png\u00bb icon_placement=\u00bbleft\u00bb image_max_width=\u00bb80%\u00bb card_margin=\u00bb|0px|||false|false\u00bb card_padding=\u00bb20px|20px|20px|30px|false|false\u00bb card_content_padding=\u00bb|0px|||false|false\u00bb _builder_version=\u00bb4.22.2&#8243; _module_preset=\u00bbdefault\u00bb header_text_color=\u00bb#5b5b5b\u00bb header_font_size=\u00bb16px\u00bb body_font=\u00bbKanit|300|||||||\u00bb body_text_align=\u00bbjustify\u00bb body_font_size=\u00bb14px\u00bb body_line_height=\u00bb1.7em\u00bb date_text_font=\u00bbKanit||||||||\u00bb date_text_font_size=\u00bb22px\u00bb hover_enabled=\u00bb0&#8243; border_radii=\u00bbon|7px|7px|7px|7px\u00bb border_color_all=\u00bb#FFFFFF\u00bb border_radii_date_text=\u00bbon|7px|7px|7px|7px\u00bb box_shadow_style=\u00bbpreset2&#8243; box_shadow_color=\u00bb#595959&#8243; global_colors_info=\u00bb{}\u00bb body_text_align_last_edited=\u00bbon|phone\u00bb body_text_align_phone=\u00bbleft\u00bb sticky_enabled=\u00bb0&#8243; body_text_align_tablet=\u00bbjustify\u00bb]<\/p>\n<p>El <b>pl\u00e1stico<\/b> sale por la cabeza de la extrusionadora en forma de monofilamentos o hilos que, en contacto con el agua depositada en la ba\u00f1era,\u00a0 se\u00a0 enfr\u00edan. Los hilos pasan a la tallarina,\u00a0 donde son cortados por una cuchilla giratoria. De este proceso obtenemos el grano o<b> granza <\/b>adecuado y requerido por nuestros clientes para sus necesidades a la hora de <b>comprar granza<\/b>.<\/p>\n<p>[\/dmpro_timeline_item][dmpro_timeline_item date=\u00bbAnal\u00edtica y control de calidad\u00bb timeline_icon=\u00bb&#x5d;||divi||400&#8243; timeline_icon_color=\u00bb#00a6ff\u00bb image=\u00bbhttps:\/\/www.recicladoslared.es\/wp-content\/uploads\/2023\/06\/analitica-y-control-de-calidad.png\u00bb icon_placement=\u00bbleft\u00bb image_max_width=\u00bb80%\u00bb card_margin=\u00bb|0px|||false|false\u00bb card_padding=\u00bb20px|20px|20px|30px|false|false\u00bb card_content_padding=\u00bb|0px|||false|false\u00bb _builder_version=\u00bb4.22.2&#8243; _module_preset=\u00bbdefault\u00bb header_text_color=\u00bb#5b5b5b\u00bb header_font_size=\u00bb16px\u00bb body_font=\u00bbKanit|300|||||||\u00bb body_text_align=\u00bbjustify\u00bb body_font_size=\u00bb14px\u00bb body_line_height=\u00bb1.7em\u00bb date_text_font=\u00bbKanit||||||||\u00bb date_text_font_size=\u00bb22px\u00bb hover_enabled=\u00bb0&#8243; border_radii=\u00bbon|7px|7px|7px|7px\u00bb border_color_all=\u00bb#FFFFFF\u00bb border_radii_date_text=\u00bbon|7px|7px|7px|7px\u00bb box_shadow_style=\u00bbpreset2&#8243; box_shadow_color=\u00bb#595959&#8243; global_colors_info=\u00bb{}\u00bb body_text_align_last_edited=\u00bbon|phone\u00bb body_text_align_phone=\u00bbleft\u00bb sticky_enabled=\u00bb0&#8243; body_text_align_tablet=\u00bbjustify\u00bb]<\/p>\n<p>La <b>producci\u00f3n de granza <\/b>la dividimos en lotes. De cada lote, en el laboratorio, analizamos sus caracter\u00edsticas como fluidez, densidad, cenizas\u2026 Con ello aseguramos la <b>calidad homog\u00e9nea <\/b>de <a title=\"Productos\" href=\"http:\/\/www.recicladoslared.es\/?page_id=41\">nuestros productos<\/a>.<\/p>\n<p>[\/dmpro_timeline_item][dmpro_timeline_item date=\u00bbEnvasado\u00bb timeline_icon=\u00bb&#x5d;||divi||400&#8243; timeline_icon_color=\u00bb#00a6ff\u00bb image=\u00bbhttps:\/\/www.recicladoslared.es\/wp-content\/uploads\/2023\/06\/envasado.png\u00bb icon_placement=\u00bbleft\u00bb image_max_width=\u00bb80%\u00bb card_margin=\u00bb|0px|||false|false\u00bb card_padding=\u00bb20px|20px|20px|30px|false|false\u00bb card_content_padding=\u00bb|0px|||false|false\u00bb _builder_version=\u00bb4.22.2&#8243; _module_preset=\u00bbdefault\u00bb header_text_color=\u00bb#5b5b5b\u00bb header_font_size=\u00bb16px\u00bb body_font=\u00bbKanit|300|||||||\u00bb body_text_align=\u00bbjustify\u00bb body_font_size=\u00bb14px\u00bb body_line_height=\u00bb1.7em\u00bb date_text_font=\u00bbKanit||||||||\u00bb date_text_font_size=\u00bb22px\u00bb hover_enabled=\u00bb0&#8243; border_radii=\u00bbon|7px|7px|7px|7px\u00bb border_color_all=\u00bb#FFFFFF\u00bb border_radii_date_text=\u00bbon|7px|7px|7px|7px\u00bb box_shadow_style=\u00bbpreset2&#8243; box_shadow_color=\u00bb#595959&#8243; global_colors_info=\u00bb{}\u00bb body_text_align_last_edited=\u00bbon|phone\u00bb body_text_align_phone=\u00bbleft\u00bb sticky_enabled=\u00bb0&#8243; body_text_align_tablet=\u00bbjustify\u00bb]<\/p>\n<p>Desde la extrusora, la granza es lanzada por una instalaci\u00f3n neum\u00e1tica por medio de un electroventilador, hasta un dep\u00f3sito o silo donde un cicl\u00f3n eliminar\u00e1 restos de humedad. Posteriormente, y seg\u00fan las necesidades que <a title=\"Contacto\" href=\"http:\/\/www.recicladoslared.es\/?page_id=45\">cada cliente nos haya comunicado<\/a>, el producto es envasado en Big Bags o sacos de 25 kg.<\/p>\n<p>[\/dmpro_timeline_item][dmpro_timeline_item date=\u00bbAlmacenamiento\u00bb timeline_icon=\u00bb&#x5d;||divi||400&#8243; timeline_icon_color=\u00bb#00a6ff\u00bb image=\u00bbhttps:\/\/www.recicladoslared.es\/wp-content\/uploads\/2023\/06\/almacenamiento.png\u00bb icon_placement=\u00bbleft\u00bb image_max_width=\u00bb80%\u00bb card_margin=\u00bb|0px|||false|false\u00bb card_padding=\u00bb20px|20px|20px|30px|false|false\u00bb card_content_padding=\u00bb|0px|||false|false\u00bb _builder_version=\u00bb4.22.2&#8243; _module_preset=\u00bbdefault\u00bb header_text_color=\u00bb#5b5b5b\u00bb header_font_size=\u00bb16px\u00bb body_font=\u00bbKanit|300|||||||\u00bb body_text_align=\u00bbjustify\u00bb body_font_size=\u00bb14px\u00bb body_line_height=\u00bb1.7em\u00bb date_text_font=\u00bbKanit||||||||\u00bb date_text_font_size=\u00bb22px\u00bb hover_enabled=\u00bb0&#8243; border_radii=\u00bbon|7px|7px|7px|7px\u00bb border_color_all=\u00bb#FFFFFF\u00bb border_radii_date_text=\u00bbon|7px|7px|7px|7px\u00bb box_shadow_style=\u00bbpreset2&#8243; box_shadow_color=\u00bb#595959&#8243; global_colors_info=\u00bb{}\u00bb body_text_align_last_edited=\u00bbon|phone\u00bb body_text_align_phone=\u00bbleft\u00bb sticky_enabled=\u00bb0&#8243; body_text_align_tablet=\u00bbjustify\u00bb]<\/p>\n<p>Un buen almacenamiento del producto terminado es fundamental para evitar posibles da\u00f1os: golpes, inclemencias clim\u00e1ticas, deterioro, etc. y conseguir el <b>m\u00e1ximo grado de aceptaci\u00f3n del cliente<\/b>.<\/p>\n<p>Nuestra <a title=\"Productos\" href=\"http:\/\/www.recicladoslared.es\/?page_id=41\" rel=\"nofollow\"><b>capacidad de almacenamiento<\/b> de producto<\/a> terminado es de m\u00e1s de 10.000 m2 y nos capacita para dar el tratamiento m\u00e1s adecuado a la <b>gran variedad de productos<\/b> elaborados en nuestras plantas.<\/p>\n<p>[\/dmpro_timeline_item][dmpro_timeline_item date=\u00bbLog\u00edstica\u00bb timeline_icon=\u00bb&#x5d;||divi||400&#8243; timeline_icon_color=\u00bb#00a6ff\u00bb image=\u00bbhttps:\/\/www.recicladoslared.es\/wp-content\/uploads\/2023\/06\/logistica.png\u00bb icon_placement=\u00bbleft\u00bb image_max_width=\u00bb80%\u00bb card_margin=\u00bb|0px|||false|false\u00bb card_padding=\u00bb20px|20px|20px|30px|false|false\u00bb card_content_padding=\u00bb|0px|||false|false\u00bb _builder_version=\u00bb4.22.2&#8243; _module_preset=\u00bbdefault\u00bb header_text_color=\u00bb#5b5b5b\u00bb header_font_size=\u00bb16px\u00bb body_font=\u00bbKanit|300|||||||\u00bb body_text_align=\u00bbjustify\u00bb body_font_size=\u00bb14px\u00bb body_line_height=\u00bb1.7em\u00bb date_text_font=\u00bbKanit||||||||\u00bb date_text_font_size=\u00bb22px\u00bb hover_enabled=\u00bb0&#8243; border_radii=\u00bbon|7px|7px|7px|7px\u00bb border_color_all=\u00bb#FFFFFF\u00bb border_radii_date_text=\u00bbon|7px|7px|7px|7px\u00bb box_shadow_style=\u00bbpreset2&#8243; box_shadow_color=\u00bb#595959&#8243; global_colors_info=\u00bb{}\u00bb body_text_align_last_edited=\u00bbon|phone\u00bb body_text_align_phone=\u00bbleft\u00bb sticky_enabled=\u00bb0&#8243; body_text_align_tablet=\u00bbjustify\u00bb]<\/p>\n<p>El material queda <b>listo para ser retirado <\/b>por nuestro cliente <b>o bien para su entrega en destino <\/b>gracias a <a title=\"Servicios\" href=\"http:\/\/www.recicladoslared.es\/?page_id=39\">nuestra flota de veh\u00edculos industriales<\/a> cuya \u00e1rea de <b>influencia es nacional<\/b>.<\/p>\n<p>[\/dmpro_timeline_item][\/dmpro_timeline][\/et_pb_column][\/et_pb_row][\/et_pb_section]<\/p>\n","protected":false},"excerpt":{"rendered":"<p>El proceso de reciclaje de pl\u00e1sticoNuestro proceso de reciclaje de pl\u00e1stico se puede dividir en varias fases:<div class=\"et_pb_module dmpro_timeline dmpro_timeline_0\">\n\t\t\t\t\n\t\t\t\t\n\t\t\t\t\n\t\t\t\t\n\t\t\t\t\n\t\t\t\t\n\t\t\t\t<div class=\"et_pb_module_inner\">\n\t\t\t\t\t<div class=\"dmpro_timeline_custom_classes dmpro_timeline_layout_mixed dmpro_timeline_layout_right_tablet dmpro_timeline_layout_right_phone startpos-left dmpro_timeline_show-card-arrow\">\n        <div class=\"dmpro_timeline_container\">\n          <div class=\"dmpro-timeline-items\"><\/div>\n          <div class=\"dmpro-timeline-line\"><\/div><div class=\"dmpro-timeline-line__active\"><\/div>\n        <\/div>\n      <\/div>\n      \n\t\t\t\t<\/div>\n\t\t\t<\/div><div class=\"et_pb_with_border et_pb_module dmpro_timeline_item dmpro_timeline_item_0\">\n\t\t\t\t\n\t\t\t\t\n\t\t\t\t\n\t\t\t\t\n\t\t\t\t\n\t\t\t\t\n\t\t\t\t<div class=\"et_pb_module_inner\">\n\t\t\t\t\t<div class=\"dmpro_timeline_item_custom_classes dmpro_timeline_item_position_\u00bbleft\u00bb et_pb_bg_layout_\">\n        <div class=\"dmpro_timeline_item_container\">\n          <div class=\"dmpro_timeline_date\"><span class=\"dmpro_timeline_date_text\">\u00bb<\/span><\/div>\n          <div class=\"et_pb_image_wrap date-icon-wrap\"><span data-icon=\"\" class=\"date-icon date-icon-circle\"><\/span><\/div>\n          <div class=\"dmpro_timeline_item_card-wrap\">\n            <div class=\"dmpro_timeline_item_card\">\n              <div class=\"dmpro_timeline_item_image\"><span class=\"et_pb_image_wrap\"><img decoding=\"async\" src=\"\" alt=\"\" class=\"et_multi_view_hidden_image \" \/><\/span><\/div>\n              <div class=\"dmpro_timeline_item_content\">\n                <div class=\"dmpro_timeline_date\"><span class=\"dmpro_timeline_date_text\">\u00bb<\/span><\/div>\n                <div class=\"dmpro_timeline_item_content_text\">\n                  \n                  \n                <\/div>\n                \n              <\/div> <!-- .dmpro_timeline_item_content -->\n            <\/div> <!-- .dmpro_timeline_item_card -->\n          <\/div>\n        <\/div>\n      <\/div>\n\t\t\n\t\t\t\t<\/div>\n\t\t\t<\/div><\/p>\n","protected":false},"author":2,"featured_media":0,"parent":0,"menu_order":0,"comment_status":"closed","ping_status":"closed","template":"","meta":{"_et_pb_use_builder":"on","_et_pb_old_content":"","_et_gb_content_width":"","footnotes":""},"class_list":["post-388","page","type-page","status-publish","hentry"],"yoast_head":"<!-- This site is optimized with the Yoast SEO plugin v24.9 - https:\/\/yoast.com\/wordpress\/plugins\/seo\/ -->\n<title>PROCESO DE RECICLAJE - Reciclados LA RED<\/title>\n<meta name=\"robots\" content=\"index, follow, max-snippet:-1, max-image-preview:large, max-video-preview:-1\" \/>\n<link rel=\"canonical\" href=\"https:\/\/www.recicladoslared.es\/index.php\/proceso-de-reciclaje\/\" \/>\n<meta property=\"og:locale\" content=\"es_ES\" \/>\n<meta property=\"og:type\" content=\"article\" \/>\n<meta property=\"og:title\" content=\"PROCESO DE RECICLAJE - Reciclados LA RED\" \/>\n<meta property=\"og:url\" content=\"https:\/\/www.recicladoslared.es\/index.php\/proceso-de-reciclaje\/\" \/>\n<meta property=\"og:site_name\" content=\"Reciclados LA RED\" \/>\n<meta property=\"article:publisher\" content=\"https:\/\/www.facebook.com\/recicladoslared\" \/>\n<meta property=\"article:modified_time\" content=\"2024-01-24T11:13:31+00:00\" \/>\n<meta property=\"og:image\" content=\"https:\/\/www.recicladoslared.es\/wp-content\/uploads\/2023\/05\/Logo-La-Red-Transpa-2.png\" \/>\n\t<meta property=\"og:image:width\" content=\"600\" \/>\n\t<meta property=\"og:image:height\" content=\"400\" \/>\n\t<meta property=\"og:image:type\" content=\"image\/png\" \/>\n<meta name=\"twitter:card\" content=\"summary_large_image\" \/>\n<meta name=\"twitter:site\" content=\"@RecicladosLaRed\" \/>\n<meta name=\"twitter:label1\" content=\"Tiempo de lectura\" \/>\n\t<meta name=\"twitter:data1\" content=\"15 minutos\" \/>\n<script type=\"application\/ld+json\" class=\"yoast-schema-graph\">{\"@context\":\"https:\/\/schema.org\",\"@graph\":[{\"@type\":\"WebPage\",\"@id\":\"https:\/\/www.recicladoslared.es\/index.php\/proceso-de-reciclaje\/\",\"url\":\"https:\/\/www.recicladoslared.es\/index.php\/proceso-de-reciclaje\/\",\"name\":\"PROCESO DE RECICLAJE - Reciclados LA RED\",\"isPartOf\":{\"@id\":\"https:\/\/www.recicladoslared.es\/#website\"},\"datePublished\":\"2023-06-06T08:47:18+00:00\",\"dateModified\":\"2024-01-24T11:13:31+00:00\",\"breadcrumb\":{\"@id\":\"https:\/\/www.recicladoslared.es\/index.php\/proceso-de-reciclaje\/#breadcrumb\"},\"inLanguage\":\"es\",\"potentialAction\":[{\"@type\":\"ReadAction\",\"target\":[\"https:\/\/www.recicladoslared.es\/index.php\/proceso-de-reciclaje\/\"]}]},{\"@type\":\"BreadcrumbList\",\"@id\":\"https:\/\/www.recicladoslared.es\/index.php\/proceso-de-reciclaje\/#breadcrumb\",\"itemListElement\":[{\"@type\":\"ListItem\",\"position\":1,\"name\":\"Portada\",\"item\":\"https:\/\/www.recicladoslared.es\/\"},{\"@type\":\"ListItem\",\"position\":2,\"name\":\"PROCESO DE RECICLAJE\"}]},{\"@type\":\"WebSite\",\"@id\":\"https:\/\/www.recicladoslared.es\/#website\",\"url\":\"https:\/\/www.recicladoslared.es\/\",\"name\":\"Reciclados La Red\",\"description\":\"Planta de reciclaje de pl\u00e1stico y venta de pl\u00e1stico reciclado\",\"publisher\":{\"@id\":\"https:\/\/www.recicladoslared.es\/#organization\"},\"potentialAction\":[{\"@type\":\"SearchAction\",\"target\":{\"@type\":\"EntryPoint\",\"urlTemplate\":\"https:\/\/www.recicladoslared.es\/?s={search_term_string}\"},\"query-input\":{\"@type\":\"PropertyValueSpecification\",\"valueRequired\":true,\"valueName\":\"search_term_string\"}}],\"inLanguage\":\"es\"},{\"@type\":\"Organization\",\"@id\":\"https:\/\/www.recicladoslared.es\/#organization\",\"name\":\"Reciclados La Red\",\"url\":\"https:\/\/www.recicladoslared.es\/\",\"logo\":{\"@type\":\"ImageObject\",\"inLanguage\":\"es\",\"@id\":\"https:\/\/www.recicladoslared.es\/#\/schema\/logo\/image\/\",\"url\":\"https:\/\/www.recicladoslared.es\/wp-content\/uploads\/2023\/05\/Logo-La-Red-Transpa-2.png\",\"contentUrl\":\"https:\/\/www.recicladoslared.es\/wp-content\/uploads\/2023\/05\/Logo-La-Red-Transpa-2.png\",\"width\":600,\"height\":400,\"caption\":\"Reciclados La Red\"},\"image\":{\"@id\":\"https:\/\/www.recicladoslared.es\/#\/schema\/logo\/image\/\"},\"sameAs\":[\"https:\/\/www.facebook.com\/recicladoslared\",\"https:\/\/x.com\/RecicladosLaRed\",\"https:\/\/es.linkedin.com\/company\/reciclados-la-red---reciclados-pl-sticos-serva\"]}]}<\/script>\n<!-- \/ Yoast SEO plugin. -->","yoast_head_json":{"title":"PROCESO DE RECICLAJE - Reciclados LA RED","robots":{"index":"index","follow":"follow","max-snippet":"max-snippet:-1","max-image-preview":"max-image-preview:large","max-video-preview":"max-video-preview:-1"},"canonical":"https:\/\/www.recicladoslared.es\/index.php\/proceso-de-reciclaje\/","og_locale":"es_ES","og_type":"article","og_title":"PROCESO DE RECICLAJE - Reciclados LA RED","og_url":"https:\/\/www.recicladoslared.es\/index.php\/proceso-de-reciclaje\/","og_site_name":"Reciclados LA RED","article_publisher":"https:\/\/www.facebook.com\/recicladoslared","article_modified_time":"2024-01-24T11:13:31+00:00","og_image":[{"width":600,"height":400,"url":"https:\/\/www.recicladoslared.es\/wp-content\/uploads\/2023\/05\/Logo-La-Red-Transpa-2.png","type":"image\/png"}],"twitter_card":"summary_large_image","twitter_site":"@RecicladosLaRed","twitter_misc":{"Tiempo de lectura":"15 minutos"},"schema":{"@context":"https:\/\/schema.org","@graph":[{"@type":"WebPage","@id":"https:\/\/www.recicladoslared.es\/index.php\/proceso-de-reciclaje\/","url":"https:\/\/www.recicladoslared.es\/index.php\/proceso-de-reciclaje\/","name":"PROCESO DE RECICLAJE - Reciclados LA RED","isPartOf":{"@id":"https:\/\/www.recicladoslared.es\/#website"},"datePublished":"2023-06-06T08:47:18+00:00","dateModified":"2024-01-24T11:13:31+00:00","breadcrumb":{"@id":"https:\/\/www.recicladoslared.es\/index.php\/proceso-de-reciclaje\/#breadcrumb"},"inLanguage":"es","potentialAction":[{"@type":"ReadAction","target":["https:\/\/www.recicladoslared.es\/index.php\/proceso-de-reciclaje\/"]}]},{"@type":"BreadcrumbList","@id":"https:\/\/www.recicladoslared.es\/index.php\/proceso-de-reciclaje\/#breadcrumb","itemListElement":[{"@type":"ListItem","position":1,"name":"Portada","item":"https:\/\/www.recicladoslared.es\/"},{"@type":"ListItem","position":2,"name":"PROCESO DE RECICLAJE"}]},{"@type":"WebSite","@id":"https:\/\/www.recicladoslared.es\/#website","url":"https:\/\/www.recicladoslared.es\/","name":"Reciclados La Red","description":"Planta de reciclaje de pl\u00e1stico y venta de pl\u00e1stico reciclado","publisher":{"@id":"https:\/\/www.recicladoslared.es\/#organization"},"potentialAction":[{"@type":"SearchAction","target":{"@type":"EntryPoint","urlTemplate":"https:\/\/www.recicladoslared.es\/?s={search_term_string}"},"query-input":{"@type":"PropertyValueSpecification","valueRequired":true,"valueName":"search_term_string"}}],"inLanguage":"es"},{"@type":"Organization","@id":"https:\/\/www.recicladoslared.es\/#organization","name":"Reciclados La Red","url":"https:\/\/www.recicladoslared.es\/","logo":{"@type":"ImageObject","inLanguage":"es","@id":"https:\/\/www.recicladoslared.es\/#\/schema\/logo\/image\/","url":"https:\/\/www.recicladoslared.es\/wp-content\/uploads\/2023\/05\/Logo-La-Red-Transpa-2.png","contentUrl":"https:\/\/www.recicladoslared.es\/wp-content\/uploads\/2023\/05\/Logo-La-Red-Transpa-2.png","width":600,"height":400,"caption":"Reciclados La Red"},"image":{"@id":"https:\/\/www.recicladoslared.es\/#\/schema\/logo\/image\/"},"sameAs":["https:\/\/www.facebook.com\/recicladoslared","https:\/\/x.com\/RecicladosLaRed","https:\/\/es.linkedin.com\/company\/reciclados-la-red---reciclados-pl-sticos-serva"]}]}},"_links":{"self":[{"href":"https:\/\/www.recicladoslared.es\/index.php\/wp-json\/wp\/v2\/pages\/388","targetHints":{"allow":["GET"]}}],"collection":[{"href":"https:\/\/www.recicladoslared.es\/index.php\/wp-json\/wp\/v2\/pages"}],"about":[{"href":"https:\/\/www.recicladoslared.es\/index.php\/wp-json\/wp\/v2\/types\/page"}],"author":[{"embeddable":true,"href":"https:\/\/www.recicladoslared.es\/index.php\/wp-json\/wp\/v2\/users\/2"}],"replies":[{"embeddable":true,"href":"https:\/\/www.recicladoslared.es\/index.php\/wp-json\/wp\/v2\/comments?post=388"}],"version-history":[{"count":3,"href":"https:\/\/www.recicladoslared.es\/index.php\/wp-json\/wp\/v2\/pages\/388\/revisions"}],"predecessor-version":[{"id":1210,"href":"https:\/\/www.recicladoslared.es\/index.php\/wp-json\/wp\/v2\/pages\/388\/revisions\/1210"}],"wp:attachment":[{"href":"https:\/\/www.recicladoslared.es\/index.php\/wp-json\/wp\/v2\/media?parent=388"}],"curies":[{"name":"wp","href":"https:\/\/api.w.org\/{rel}","templated":true}]}}