{"id":577,"date":"2023-08-03T14:23:43","date_gmt":"2023-08-03T14:23:43","guid":{"rendered":"https:\/\/www23.recicladoslared.es\/?page_id=577"},"modified":"2024-10-09T08:59:15","modified_gmt":"2024-10-09T08:59:15","slug":"demanda-de-productos","status":"publish","type":"page","link":"https:\/\/www.recicladoslared.es\/index.php\/demanda-de-productos\/","title":{"rendered":"DEMANDA DE PRODUCTOS"},"content":{"rendered":"<p>[et_pb_section fb_built=\u00bb1&#8243; _builder_version=\u00bb4.21.0&#8243; _module_preset=\u00bbdefault\u00bb background_image=\u00bbhttps:\/\/www.recicladoslared.es\/wp-content\/uploads\/2023\/05\/transportation-services-18.png\u00bb parallax=\u00bbon\u00bb parallax_method=\u00bboff\u00bb custom_padding=\u00bb40px||11px|||\u00bb global_colors_info=\u00bb{}\u00bb][et_pb_row _builder_version=\u00bb4.16&#8243; _module_preset=\u00bbdefault\u00bb global_colors_info=\u00bb{}\u00bb][et_pb_column type=\u00bb4_4&#8243; _builder_version=\u00bb4.16&#8243; _module_preset=\u00bbdefault\u00bb global_colors_info=\u00bb{}\u00bb][et_pb_text _builder_version=\u00bb4.21.0&#8243; _module_preset=\u00bbdefault\u00bb text_font=\u00bbKanit||||||||\u00bb text_text_color=\u00bb#474747&#8243; text_font_size=\u00bb25px\u00bb header_font=\u00bbKanit||||||||\u00bb header_text_color=\u00bb#474747&#8243; header_font_size=\u00bb25px\u00bb header_2_font=\u00bbKanit|500|||||||\u00bb border_color_all=\u00bb#fff199&#8243; border_width_bottom=\u00bb6px\u00bb global_colors_info=\u00bb{}\u00bb]<\/p>\n<p>DEMANDA DE PRODUCTOS<\/p>\n<p>[\/et_pb_text][\/et_pb_column][\/et_pb_row][et_pb_row _builder_version=\u00bb4.16&#8243; _module_preset=\u00bbdefault\u00bb custom_padding=\u00bb||0px|||\u00bb global_colors_info=\u00bb{}\u00bb][et_pb_column type=\u00bb4_4&#8243; _builder_version=\u00bb4.16&#8243; _module_preset=\u00bbdefault\u00bb global_colors_info=\u00bb{}\u00bb][et_pb_text _builder_version=\u00bb4.22.2&#8243; _module_preset=\u00bbdefault\u00bb text_font=\u00bbKanit|300|||||||\u00bb text_font_size=\u00bb16px\u00bb text_line_height=\u00bb1.8em\u00bb text_orientation=\u00bbjustified\u00bb custom_margin=\u00bb||20px|||\u00bb text_orientation_tablet=\u00bbjustified\u00bb text_orientation_phone=\u00bbleft\u00bb text_orientation_last_edited=\u00bbon|phone\u00bb global_colors_info=\u00bb{}\u00bb]<\/p>\n<p>A continuaci\u00f3n, les detallamos los materiales, usados y desechos, que demandamos para la fabricaci\u00f3n de nuestros productos:<\/p>\n<p>[\/et_pb_text][\/et_pb_column][\/et_pb_row][et_pb_row _builder_version=\u00bb4.21.0&#8243; _module_preset=\u00bbdefault\u00bb global_colors_info=\u00bb{}\u00bb][et_pb_column type=\u00bb4_4&#8243; _builder_version=\u00bb4.21.0&#8243; _module_preset=\u00bbdefault\u00bb global_colors_info=\u00bb{}\u00bb][et_pb_text _builder_version=\u00bb4.21.0&#8243; _module_preset=\u00bbdefault\u00bb text_font=\u00bbKanit|500|||||||\u00bb text_text_color=\u00bb#474747&#8243; text_font_size=\u00bb25px\u00bb header_font=\u00bbKanit||||||||\u00bb header_text_color=\u00bb#474747&#8243; header_font_size=\u00bb25px\u00bb header_2_font=\u00bbKanit|500|||||||\u00bb custom_padding=\u00bb||4px||false|false\u00bb border_color_all=\u00bb#0083c9&#8243; border_width_bottom=\u00bb2px\u00bb border_color_bottom=\u00bbrgba(122,178,225,0.76)\u00bb global_colors_info=\u00bb{}\u00bb]<\/p>\n<p>POLIETILENO DE ALTA DENSIDAD<\/p>\n<p>[\/et_pb_text][\/et_pb_column][\/et_pb_row][et_pb_row column_structure=\u00bb1_2,1_2&#8243; use_custom_gutter=\u00bbon\u00bb gutter_width=\u00bb2&#8243; _builder_version=\u00bb4.21.0&#8243; _module_preset=\u00bbdefault\u00bb custom_padding=\u00bb||5px|||\u00bb global_colors_info=\u00bb{}\u00bb][et_pb_column type=\u00bb1_2&#8243; _builder_version=\u00bb4.21.0&#8243; _module_preset=\u00bbdefault\u00bb global_colors_info=\u00bb{}\u00bb][et_pb_blurb image=\u00bbhttps:\/\/www.recicladoslared.es\/wp-content\/uploads\/2023\/08\/43.png\u00bb image_icon_width=\u00bb90%\u00bb content_max_width=\u00bb90%\u00bb _builder_version=\u00bb4.21.0&#8243; _module_preset=\u00bbdefault\u00bb header_text_align=\u00bbcenter\u00bb custom_margin=\u00bb||-2px|||\u00bb global_colors_info=\u00bb{}\u00bb content_max_width__hover_enabled=\u00bbon|desktop\u00bb content_max_width__hover=\u00bb100%\u00bb][\/et_pb_blurb][\/et_pb_column][et_pb_column type=\u00bb1_2&#8243; _builder_version=\u00bb4.21.0&#8243; _module_preset=\u00bbdefault\u00bb global_colors_info=\u00bb{}\u00bb][et_pb_blurb image=\u00bbhttps:\/\/www.recicladoslared.es\/wp-content\/uploads\/2023\/08\/44.png\u00bb image_icon_width=\u00bb90%\u00bb content_max_width=\u00bb90%\u00bb _builder_version=\u00bb4.21.0&#8243; _module_preset=\u00bbdefault\u00bb header_text_align=\u00bbcenter\u00bb custom_margin=\u00bb||-2px|||\u00bb global_colors_info=\u00bb{}\u00bb content_max_width__hover_enabled=\u00bbon|desktop\u00bb content_max_width__hover=\u00bb100%\u00bb][\/et_pb_blurb][\/et_pb_column][\/et_pb_row][et_pb_row _builder_version=\u00bb4.21.0&#8243; _module_preset=\u00bbdefault\u00bb custom_padding=\u00bb4px|||||\u00bb global_colors_info=\u00bb{}\u00bb][et_pb_column type=\u00bb4_4&#8243; _builder_version=\u00bb4.21.0&#8243; _module_preset=\u00bbdefault\u00bb global_colors_info=\u00bb{}\u00bb][et_pb_toggle title=\u00bbM\u00e1s informaci\u00f3n\u00bb open_toggle_text_color=\u00bb#FFFFFF\u00bb open_toggle_background_color=\u00bbrgba(122,178,225,0.5)\u00bb closed_toggle_text_color=\u00bb#FFFFFF\u00bb closed_toggle_background_color=\u00bbrgba(122,178,225,0.76)\u00bb icon_color=\u00bb#FFFFFF\u00bb open_icon_color=\u00bb#FFFFFF\u00bb _builder_version=\u00bb4.22.2&#8243; _module_preset=\u00bbdefault\u00bb title_font=\u00bb|300|||||||\u00bb title_font_size=\u00bb17px\u00bb body_font=\u00bb|300|||||||\u00bb body_text_color=\u00bb#333333&#8243; body_font_size=\u00bb15px\u00bb body_line_height=\u00bb1.2em\u00bb global_colors_info=\u00bb{}\u00bb]<\/p>\n<p><strong>PEAD SOPLADO<\/strong><br \/><em>Presentaci\u00f3n<\/em>: Balas, triturado y\/o granel.<br \/><em>Origen<\/em>: Plantas de clasificaci\u00f3n de R.S.U., recogida selectiva, recuperaci\u00f3n e industrias.<br \/>Variedades:<\/p>\n<ul>\n<li>\u00a0Mezcla: Todos los colores (incluido natural).<\/li>\n<li>Color: Todos los colores salvo el natural.<\/li>\n<li>Natural: S\u00f3lo botellas color natural.<\/li>\n<li>Rechazo industrial: Procedentes del proceso de soplado, comienzo y\/o terminaci\u00f3n de la cadena productiva en su fabricaci\u00f3n.<\/li>\n<\/ul>\n<p><strong>PEAD INYECCI\u00d3N<\/strong><br \/><em>Presentaci\u00f3n<\/em>: Balas, triturado y\/o granel.<br \/><em>Origen<\/em>: Plantas de clasificaci\u00f3n de R.S.U., recogida selectiva, recuperaci\u00f3n e industrias.<br \/>Variedades:<\/p>\n<ul>\n<li>Cajas y palets: con origen adem\u00e1s en almacenes hortofrut\u00edcolas<\/li>\n<li>Tapones.<\/li>\n<li>Contenedores de RSU o recogida selectiva: con origen adem\u00e1s en empresas deservicios de recogida de RSU y la Administraci\u00f3n P\u00fablica.<\/li>\n<\/ul>\n<p><strong>PEAD-EXTRUSI\u00d3N<\/strong> (Tuber\u00edas)<\/p>\n<p><em>Presentaci\u00f3n<\/em>: Balas, triturado y granel.<br \/><em>Origen:<\/em> La principal fuente de suministro procede de empresas constructoras a la terminaci\u00f3n de obras, las propias plantas de transformaci\u00f3n de materias pl\u00e1sticas, y plantas de clasificaci\u00f3n de RCD.<\/p>\n<p>[\/et_pb_toggle][\/et_pb_column][\/et_pb_row][et_pb_row _builder_version=\u00bb4.21.0&#8243; _module_preset=\u00bbdefault\u00bb global_colors_info=\u00bb{}\u00bb][et_pb_column type=\u00bb4_4&#8243; _builder_version=\u00bb4.21.0&#8243; _module_preset=\u00bbdefault\u00bb global_colors_info=\u00bb{}\u00bb][et_pb_text _builder_version=\u00bb4.21.0&#8243; _module_preset=\u00bbdefault\u00bb text_font=\u00bbKanit|500|||||||\u00bb text_text_color=\u00bb#474747&#8243; text_font_size=\u00bb25px\u00bb header_font=\u00bbKanit||||||||\u00bb header_text_color=\u00bb#474747&#8243; header_font_size=\u00bb25px\u00bb header_2_font=\u00bbKanit|500|||||||\u00bb custom_padding=\u00bb||4px||false|false\u00bb border_color_all=\u00bb#0083c9&#8243; border_width_bottom=\u00bb2px\u00bb border_color_bottom=\u00bbrgba(122,178,225,0.76)\u00bb global_colors_info=\u00bb{}\u00bb]<\/p>\n<p>POLIETILENO BAJA DENSIDAD<\/p>\n<p>[\/et_pb_text][\/et_pb_column][\/et_pb_row][et_pb_row column_structure=\u00bb1_3,1_3,1_3&#8243; use_custom_gutter=\u00bbon\u00bb gutter_width=\u00bb2&#8243; _builder_version=\u00bb4.21.0&#8243; _module_preset=\u00bbdefault\u00bb custom_padding=\u00bb||5px|||\u00bb global_colors_info=\u00bb{}\u00bb][et_pb_column type=\u00bb1_3&#8243; _builder_version=\u00bb4.21.0&#8243; _module_preset=\u00bbdefault\u00bb global_colors_info=\u00bb{}\u00bb][et_pb_blurb image=\u00bbhttps:\/\/www.recicladoslared.es\/wp-content\/uploads\/2024\/02\/imagenes-web600-\u00d7-400-px-5.png\u00bb image_icon_width=\u00bb90%\u00bb content_max_width=\u00bb90%\u00bb _builder_version=\u00bb4.24.0&#8243; _module_preset=\u00bbdefault\u00bb header_text_align=\u00bbcenter\u00bb custom_margin=\u00bb||-2px|||\u00bb global_colors_info=\u00bb{}\u00bb content_max_width__hover_enabled=\u00bbon|desktop\u00bb content_max_width__hover=\u00bb100%\u00bb][\/et_pb_blurb][\/et_pb_column][et_pb_column type=\u00bb1_3&#8243; _builder_version=\u00bb4.21.0&#8243; _module_preset=\u00bbdefault\u00bb global_colors_info=\u00bb{}\u00bb][et_pb_blurb image=\u00bbhttps:\/\/www.recicladoslared.es\/wp-content\/uploads\/2023\/08\/45.png\u00bb image_icon_width=\u00bb90%\u00bb content_max_width=\u00bb90%\u00bb _builder_version=\u00bb4.21.0&#8243; _module_preset=\u00bbdefault\u00bb header_text_align=\u00bbcenter\u00bb custom_margin=\u00bb||-2px|||\u00bb global_colors_info=\u00bb{}\u00bb content_max_width__hover_enabled=\u00bbon|desktop\u00bb content_max_width__hover=\u00bb100%\u00bb][\/et_pb_blurb][\/et_pb_column][et_pb_column type=\u00bb1_3&#8243; _builder_version=\u00bb4.21.0&#8243; _module_preset=\u00bbdefault\u00bb global_colors_info=\u00bb{}\u00bb][et_pb_blurb image=\u00bbhttps:\/\/www.recicladoslared.es\/wp-content\/uploads\/2023\/08\/tubo-negro.png\u00bb image_icon_width=\u00bb90%\u00bb content_max_width=\u00bb90%\u00bb _builder_version=\u00bb4.21.0&#8243; _module_preset=\u00bbdefault\u00bb header_text_align=\u00bbcenter\u00bb custom_margin=\u00bb||-2px|||\u00bb global_colors_info=\u00bb{}\u00bb content_max_width__hover_enabled=\u00bbon|desktop\u00bb content_max_width__hover=\u00bb100%\u00bb][\/et_pb_blurb][\/et_pb_column][\/et_pb_row][et_pb_row _builder_version=\u00bb4.21.0&#8243; _module_preset=\u00bbdefault\u00bb custom_padding=\u00bb4px|||||\u00bb global_colors_info=\u00bb{}\u00bb][et_pb_column type=\u00bb4_4&#8243; _builder_version=\u00bb4.21.0&#8243; _module_preset=\u00bbdefault\u00bb global_colors_info=\u00bb{}\u00bb][et_pb_toggle title=\u00bbM\u00e1s informaci\u00f3n\u00bb open_toggle_text_color=\u00bb#FFFFFF\u00bb open_toggle_background_color=\u00bbrgba(122,178,225,0.5)\u00bb closed_toggle_text_color=\u00bb#FFFFFF\u00bb closed_toggle_background_color=\u00bbrgba(122,178,225,0.76)\u00bb icon_color=\u00bb#FFFFFF\u00bb open_icon_color=\u00bb#FFFFFF\u00bb _builder_version=\u00bb4.21.0&#8243; _module_preset=\u00bbdefault\u00bb title_font=\u00bb|300|||||||\u00bb title_font_size=\u00bb17px\u00bb body_font=\u00bb|300|||||||\u00bb body_text_color=\u00bb#333333&#8243; body_font_size=\u00bb15px\u00bb body_line_height=\u00bb1.2em\u00bb global_colors_info=\u00bb{}\u00bb]<\/p>\n<p><strong>POLIETILENO DE BAJA DENSIDAD<\/strong><\/p>\n<p><strong>PEBD-FILM<\/strong> Mezcla de colores<\/p>\n<p><strong>PEBD NATURAL<\/strong><\/p>\n<p><em>Presentaci\u00f3n<\/em>: Balas y granel.<br \/><em>Origen<\/em>: Mayoritariamente empresas recuperadoras, embotelladoras, grandes cadenas de distribuci\u00f3n alimentaria y plantas de clasificaci\u00f3n de residuos industriales. Industrias en general.<\/p>\n<p><strong>PEBD BOBINAS NATURAL y BOBINAS COLOR<\/strong><\/p>\n<p><em>Presentaci\u00f3n:<\/em>\u00a0a granel.<br \/><em>Origen<\/em>:\u00a0Industrias y empresas transformadoras de pl\u00e1sticos.<\/p>\n<p><strong>PEBD SACOS<\/strong><\/p>\n<p><em>Presentaci\u00f3n<\/em>:\u00a0Balas y granel.<br \/><em>Origen<\/em>:\u00a0Empresas transformadoras de pl\u00e1sticos.<\/p>\n<p><strong>PEBD-EXTRUSI\u00d3N<\/strong> (Tuber\u00edas)<\/p>\n<p><em>Presentaci\u00f3n<\/em>:\u00a0Balas y granel.<br \/><em>Origen<\/em>: Empresas transformadoras de pl\u00e1sticos, sector agr\u00edcola, vertederos de RSU y construcci\u00f3n.<\/p>\n<p>[\/et_pb_toggle][\/et_pb_column][\/et_pb_row][et_pb_row _builder_version=\u00bb4.21.0&#8243; _module_preset=\u00bbdefault\u00bb global_colors_info=\u00bb{}\u00bb][et_pb_column type=\u00bb4_4&#8243; _builder_version=\u00bb4.21.0&#8243; _module_preset=\u00bbdefault\u00bb global_colors_info=\u00bb{}\u00bb][et_pb_text _builder_version=\u00bb4.21.0&#8243; _module_preset=\u00bbdefault\u00bb text_font=\u00bbKanit|500|||||||\u00bb text_text_color=\u00bb#474747&#8243; text_font_size=\u00bb25px\u00bb header_font=\u00bbKanit||||||||\u00bb header_text_color=\u00bb#474747&#8243; header_font_size=\u00bb25px\u00bb header_2_font=\u00bbKanit|500|||||||\u00bb custom_padding=\u00bb||4px||false|false\u00bb border_color_all=\u00bb#0083c9&#8243; border_width_bottom=\u00bb2px\u00bb border_color_bottom=\u00bbrgba(122,178,225,0.76)\u00bb global_colors_info=\u00bb{}\u00bb]<\/p>\n<p>POLIPROPILENO<\/p>\n<p>[\/et_pb_text][\/et_pb_column][\/et_pb_row][et_pb_row column_structure=\u00bb1_2,1_2&#8243; use_custom_gutter=\u00bbon\u00bb gutter_width=\u00bb2&#8243; _builder_version=\u00bb4.21.0&#8243; _module_preset=\u00bbdefault\u00bb custom_padding=\u00bb||5px|||\u00bb global_colors_info=\u00bb{}\u00bb][et_pb_column type=\u00bb1_2&#8243; _builder_version=\u00bb4.21.0&#8243; _module_preset=\u00bbdefault\u00bb global_colors_info=\u00bb{}\u00bb][et_pb_blurb image=\u00bbhttps:\/\/www.recicladoslared.es\/wp-content\/uploads\/2023\/08\/50.png\u00bb image_icon_width=\u00bb90%\u00bb content_max_width=\u00bb90%\u00bb _builder_version=\u00bb4.21.0&#8243; _module_preset=\u00bbdefault\u00bb header_text_align=\u00bbcenter\u00bb custom_margin=\u00bb||-2px|||\u00bb global_colors_info=\u00bb{}\u00bb content_max_width__hover_enabled=\u00bbon|desktop\u00bb content_max_width__hover=\u00bb100%\u00bb][\/et_pb_blurb][\/et_pb_column][et_pb_column type=\u00bb1_2&#8243; _builder_version=\u00bb4.21.0&#8243; _module_preset=\u00bbdefault\u00bb global_colors_info=\u00bb{}\u00bb][et_pb_blurb image=\u00bbhttps:\/\/www.recicladoslared.es\/wp-content\/uploads\/2023\/08\/47.png\u00bb image_icon_width=\u00bb90%\u00bb content_max_width=\u00bb90%\u00bb _builder_version=\u00bb4.21.0&#8243; _module_preset=\u00bbdefault\u00bb header_text_align=\u00bbcenter\u00bb custom_margin=\u00bb||-2px|||\u00bb global_colors_info=\u00bb{}\u00bb content_max_width__hover_enabled=\u00bbon|desktop\u00bb content_max_width__hover=\u00bb100%\u00bb][\/et_pb_blurb][\/et_pb_column][\/et_pb_row][et_pb_row _builder_version=\u00bb4.21.0&#8243; _module_preset=\u00bbdefault\u00bb custom_padding=\u00bb4px|||||\u00bb global_colors_info=\u00bb{}\u00bb][et_pb_column type=\u00bb4_4&#8243; _builder_version=\u00bb4.21.0&#8243; _module_preset=\u00bbdefault\u00bb global_colors_info=\u00bb{}\u00bb][et_pb_toggle title=\u00bbM\u00e1s informaci\u00f3n\u00bb open_toggle_text_color=\u00bb#FFFFFF\u00bb open_toggle_background_color=\u00bbrgba(122,178,225,0.5)\u00bb closed_toggle_text_color=\u00bb#FFFFFF\u00bb closed_toggle_background_color=\u00bbrgba(122,178,225,0.76)\u00bb icon_color=\u00bb#FFFFFF\u00bb open_icon_color=\u00bb#FFFFFF\u00bb _builder_version=\u00bb4.21.0&#8243; _module_preset=\u00bbdefault\u00bb title_font=\u00bb|300|||||||\u00bb title_font_size=\u00bb17px\u00bb body_font=\u00bb|300|||||||\u00bb body_text_color=\u00bb#333333&#8243; body_font_size=\u00bb15px\u00bb body_line_height=\u00bb1.2em\u00bb global_colors_info=\u00bb{}\u00bb]<\/p>\n<p><strong>POLIPROPILENO (PP)<\/strong><\/p>\n<p><strong>PP PLAYA<\/strong> (mobiliario de playa)<br \/><strong>PP INYECCI\u00d3N<\/strong> (cajas, tapones, paragolpes)<br \/><em>Presentaci\u00f3n:<\/em>\u00a0Balas, y a granel.<br \/><em>Origen<\/em>: Procedentes de envasadoras de l\u00e1cteos, mataderos de aves, de la selecci\u00f3n del RSU, lonjas de pescados, desguace de coches y talleres de automoci\u00f3n.<\/p>\n<p><strong>PP BANDEJAS<\/strong><br \/><em>Presentaci\u00f3n:<\/em>\u00a0Balas, triturado y\/o granel.<br \/><em>Origen:<\/em>\u00a0Procedentes principalmente del sector de la automoci\u00f3n.<\/p>\n<p><strong>PP EXTRUSI\u00d3N (PP R\u00c1FIA)<\/strong><br \/><em>Presentaci\u00f3n<\/em>:\u00a0Balas y granel.<br \/><em>Origen<\/em><strong>:<\/strong> Su fuente principal de recuperaci\u00f3n es en almacenista de la recuperaci\u00f3n, Industrias de la Transformaci\u00f3n y del Envasado.<\/p>\n<p>[\/et_pb_toggle][\/et_pb_column][\/et_pb_row][et_pb_row _builder_version=\u00bb4.21.0&#8243; _module_preset=\u00bbdefault\u00bb global_colors_info=\u00bb{}\u00bb][et_pb_column type=\u00bb4_4&#8243; _builder_version=\u00bb4.21.0&#8243; _module_preset=\u00bbdefault\u00bb global_colors_info=\u00bb{}\u00bb][et_pb_text _builder_version=\u00bb4.21.0&#8243; _module_preset=\u00bbdefault\u00bb text_font=\u00bbKanit|500|||||||\u00bb text_text_color=\u00bb#474747&#8243; text_font_size=\u00bb25px\u00bb header_font=\u00bbKanit||||||||\u00bb header_text_color=\u00bb#474747&#8243; header_font_size=\u00bb25px\u00bb header_2_font=\u00bbKanit|500|||||||\u00bb custom_padding=\u00bb||4px||false|false\u00bb border_color_all=\u00bb#0083c9&#8243; border_width_bottom=\u00bb2px\u00bb border_color_bottom=\u00bbrgba(122,178,225,0.76)\u00bb global_colors_info=\u00bb{}\u00bb]<\/p>\n<p>PET<\/p>\n<p>[\/et_pb_text][\/et_pb_column][\/et_pb_row][et_pb_row column_structure=\u00bb1_2,1_2&#8243; use_custom_gutter=\u00bbon\u00bb gutter_width=\u00bb2&#8243; _builder_version=\u00bb4.21.0&#8243; _module_preset=\u00bbdefault\u00bb custom_padding=\u00bb||5px|||\u00bb global_colors_info=\u00bb{}\u00bb][et_pb_column type=\u00bb1_2&#8243; _builder_version=\u00bb4.21.0&#8243; _module_preset=\u00bbdefault\u00bb global_colors_info=\u00bb{}\u00bb][et_pb_blurb image=\u00bbhttps:\/\/www.recicladoslared.es\/wp-content\/uploads\/2023\/08\/48.png\u00bb image_icon_width=\u00bb90%\u00bb content_max_width=\u00bb90%\u00bb _builder_version=\u00bb4.21.0&#8243; _module_preset=\u00bbdefault\u00bb header_text_align=\u00bbcenter\u00bb custom_margin=\u00bb||-2px|||\u00bb global_colors_info=\u00bb{}\u00bb content_max_width__hover_enabled=\u00bbon|desktop\u00bb content_max_width__hover=\u00bb100%\u00bb][\/et_pb_blurb][\/et_pb_column][et_pb_column type=\u00bb1_2&#8243; _builder_version=\u00bb4.21.0&#8243; _module_preset=\u00bbdefault\u00bb global_colors_info=\u00bb{}\u00bb][et_pb_blurb image=\u00bbhttps:\/\/www.recicladoslared.es\/wp-content\/uploads\/2023\/08\/49.png\u00bb image_icon_width=\u00bb90%\u00bb content_max_width=\u00bb90%\u00bb _builder_version=\u00bb4.21.0&#8243; _module_preset=\u00bbdefault\u00bb header_text_align=\u00bbcenter\u00bb custom_margin=\u00bb||-2px|||\u00bb global_colors_info=\u00bb{}\u00bb content_max_width__hover_enabled=\u00bbon|desktop\u00bb content_max_width__hover=\u00bb100%\u00bb][\/et_pb_blurb][\/et_pb_column][\/et_pb_row][et_pb_row _builder_version=\u00bb4.21.0&#8243; _module_preset=\u00bbdefault\u00bb custom_padding=\u00bb4px|||||\u00bb global_colors_info=\u00bb{}\u00bb][et_pb_column type=\u00bb4_4&#8243; _builder_version=\u00bb4.21.0&#8243; _module_preset=\u00bbdefault\u00bb global_colors_info=\u00bb{}\u00bb][et_pb_toggle title=\u00bbM\u00e1s informaci\u00f3n\u00bb open_toggle_text_color=\u00bb#FFFFFF\u00bb open_toggle_background_color=\u00bbrgba(122,178,225,0.5)\u00bb closed_toggle_text_color=\u00bb#FFFFFF\u00bb closed_toggle_background_color=\u00bbrgba(122,178,225,0.76)\u00bb icon_color=\u00bb#FFFFFF\u00bb open_icon_color=\u00bb#FFFFFF\u00bb _builder_version=\u00bb4.21.0&#8243; _module_preset=\u00bbdefault\u00bb title_font=\u00bb|300|||||||\u00bb title_font_size=\u00bb17px\u00bb body_font=\u00bb|300|||||||\u00bb body_text_color=\u00bb#333333&#8243; body_font_size=\u00bb15px\u00bb body_line_height=\u00bb1.2em\u00bb global_colors_info=\u00bb{}\u00bb]<\/p>\n<p><strong>PET<\/strong><\/p>\n<p><strong>PET Industrial<\/strong> (bandejas, botellas, preformas)<\/p>\n<p><em>Presentaci\u00f3n<\/em><strong>:<\/strong>\u00a0Balas, triturado y\/o granel (seg\u00fan origen).<br \/><em>Origen<\/em>:\u00a0Procede de Plantas Industriales de Embotellado.<\/p>\n<p><strong>PET RSU<\/strong><\/p>\n<p><em>Presentaci\u00f3n<\/em>:\u00a0Balas.<br \/><em>Origen:<\/em>\u00a0Procede de plantas de selecci\u00f3n de RSU.<\/p>\n<p><strong>PET Selectiva<\/strong><\/p>\n<p><em>Presentaci\u00f3n<\/em>:\u00a0Balas.<\/p>\n<p><em>Origen<\/em>:\u00a0Procede de plantas de selecci\u00f3n de recogidas selectivas.<\/p>\n<p>[\/et_pb_toggle][\/et_pb_column][\/et_pb_row][et_pb_row _builder_version=\u00bb4.21.0&#8243; _module_preset=\u00bbdefault\u00bb global_colors_info=\u00bb{}\u00bb][et_pb_column type=\u00bb4_4&#8243; _builder_version=\u00bb4.21.0&#8243; _module_preset=\u00bbdefault\u00bb global_colors_info=\u00bb{}\u00bb][et_pb_text _builder_version=\u00bb4.21.0&#8243; _module_preset=\u00bbdefault\u00bb text_font=\u00bbKanit|500|||||||\u00bb text_text_color=\u00bb#474747&#8243; text_font_size=\u00bb25px\u00bb header_font=\u00bbKanit||||||||\u00bb header_text_color=\u00bb#474747&#8243; header_font_size=\u00bb25px\u00bb header_2_font=\u00bbKanit|500|||||||\u00bb custom_padding=\u00bb||4px||false|false\u00bb border_color_all=\u00bb#0083c9&#8243; border_width_bottom=\u00bb2px\u00bb border_color_bottom=\u00bbrgba(122,178,225,0.76)\u00bb global_colors_info=\u00bb{}\u00bb]<\/p>\n<p>OTROS PL\u00c1STICOS<\/p>\n<p>[\/et_pb_text][et_pb_text _builder_version=\u00bb4.21.0&#8243; _module_preset=\u00bbdefault\u00bb text_font=\u00bbKanit|300|||||||\u00bb text_font_size=\u00bb16px\u00bb text_line_height=\u00bb1.8em\u00bb text_orientation=\u00bbjustified\u00bb custom_margin=\u00bb||20px|||\u00bb global_colors_info=\u00bb{}\u00bb]<\/p>\n<p>Si usted dispone de otros pl\u00e1sticos que no figuran en nuestra lista, puede enviarnos\u00a0 unas fotos de los distintos materiales junto con nuestro formulario de solicitud de oferta.<\/p>\n<p>[\/et_pb_text][et_pb_button button_url=\u00bb@ET-DC@eyJkeW5hbWljIjp0cnVlLCJjb250ZW50IjoicG9zdF9saW5rX3VybF9wYWdlIiwic2V0dGluZ3MiOnsicG9zdF9pZCI6IjY0In19@\u00bb url_new_window=\u00bbon\u00bb button_text=\u00bbFormulario\u00bb button_alignment=\u00bbcenter\u00bb _builder_version=\u00bb4.21.0&#8243; _dynamic_attributes=\u00bbbutton_url\u00bb _module_preset=\u00bbdefault\u00bb custom_button=\u00bbon\u00bb button_text_size=\u00bb30px\u00bb button_text_color=\u00bb#ffffff\u00bb button_bg_color=\u00bb#ff3340&#8243; button_border_width=\u00bb0px\u00bb button_border_radius=\u00bb4px\u00bb button_font=\u00bbKanit|200|||||||\u00bb button_icon=\u00bb&#xf518;||fa||900&#8243; box_shadow_style=\u00bbpreset2&#8243; global_colors_info=\u00bb{}\u00bb button_bg_color__hover_enabled=\u00bbon|hover\u00bb button_bg_color__hover=\u00bb#00a6ff\u00bb button_bg_enable_color__hover=\u00bbon\u00bb][\/et_pb_button][\/et_pb_column][\/et_pb_row][\/et_pb_section]<\/p>\n","protected":false},"excerpt":{"rendered":"<p>DEMANDA DE PRODUCTOSA continuaci\u00f3n, les detallamos los materiales, usados y desechos, que demandamos para la fabricaci\u00f3n de nuestros productos:POLIETILENO DE ALTA DENSIDADPEAD SOPLADOPresentaci\u00f3n: Balas, triturado y\/o granel.Origen: Plantas de clasificaci\u00f3n de R.S.U., recogida selectiva, recuperaci\u00f3n e industrias.Variedades: \u00a0Mezcla: Todos los colores (incluido natural). Color: Todos los colores salvo el natural. Natural: S\u00f3lo botellas color natural. [&hellip;]<\/p>\n","protected":false},"author":2,"featured_media":0,"parent":0,"menu_order":0,"comment_status":"closed","ping_status":"closed","template":"","meta":{"_et_pb_use_builder":"on","_et_pb_old_content":"","_et_gb_content_width":"","footnotes":""},"class_list":["post-577","page","type-page","status-publish","hentry"],"yoast_head":"<!-- This site is optimized with the Yoast SEO plugin v24.9 - https:\/\/yoast.com\/wordpress\/plugins\/seo\/ -->\n<title>DEMANDA DE PRODUCTOS - Reciclados LA RED<\/title>\n<meta name=\"description\" content=\"Estamos en b\u00fasqueda de materiales usados y desechos que demandamos para la fabricaci\u00f3n de nuestros productos.\" \/>\n<meta name=\"robots\" content=\"index, follow, max-snippet:-1, max-image-preview:large, max-video-preview:-1\" \/>\n<link rel=\"canonical\" href=\"https:\/\/www.recicladoslared.es\/index.php\/demanda-de-productos\/\" \/>\n<meta property=\"og:locale\" content=\"es_ES\" \/>\n<meta property=\"og:type\" content=\"article\" \/>\n<meta property=\"og:title\" content=\"DEMANDA DE PRODUCTOS - Reciclados LA RED\" \/>\n<meta property=\"og:description\" content=\"Estamos en b\u00fasqueda de materiales usados y desechos que demandamos para la fabricaci\u00f3n de nuestros productos.\" \/>\n<meta property=\"og:url\" content=\"https:\/\/www.recicladoslared.es\/index.php\/demanda-de-productos\/\" \/>\n<meta property=\"og:site_name\" content=\"Reciclados LA RED\" \/>\n<meta property=\"article:publisher\" content=\"https:\/\/www.facebook.com\/recicladoslared\" \/>\n<meta property=\"article:modified_time\" content=\"2024-10-09T08:59:15+00:00\" \/>\n<meta property=\"og:image\" content=\"https:\/\/www.recicladoslared.es\/wp-content\/uploads\/2023\/05\/Logo-La-Red-Transpa-2.png\" \/>\n\t<meta property=\"og:image:width\" content=\"600\" \/>\n\t<meta property=\"og:image:height\" content=\"400\" \/>\n\t<meta property=\"og:image:type\" content=\"image\/png\" \/>\n<meta name=\"twitter:card\" content=\"summary_large_image\" \/>\n<meta name=\"twitter:site\" content=\"@RecicladosLaRed\" \/>\n<meta name=\"twitter:label1\" content=\"Tiempo de lectura\" \/>\n\t<meta name=\"twitter:data1\" content=\"4 minutos\" \/>\n<script type=\"application\/ld+json\" class=\"yoast-schema-graph\">{\"@context\":\"https:\/\/schema.org\",\"@graph\":[{\"@type\":\"WebPage\",\"@id\":\"https:\/\/www.recicladoslared.es\/index.php\/demanda-de-productos\/\",\"url\":\"https:\/\/www.recicladoslared.es\/index.php\/demanda-de-productos\/\",\"name\":\"DEMANDA DE PRODUCTOS - Reciclados LA RED\",\"isPartOf\":{\"@id\":\"https:\/\/www.recicladoslared.es\/#website\"},\"datePublished\":\"2023-08-03T14:23:43+00:00\",\"dateModified\":\"2024-10-09T08:59:15+00:00\",\"description\":\"Estamos en b\u00fasqueda de materiales usados y desechos que demandamos para la fabricaci\u00f3n de nuestros productos.\",\"breadcrumb\":{\"@id\":\"https:\/\/www.recicladoslared.es\/index.php\/demanda-de-productos\/#breadcrumb\"},\"inLanguage\":\"es\",\"potentialAction\":[{\"@type\":\"ReadAction\",\"target\":[\"https:\/\/www.recicladoslared.es\/index.php\/demanda-de-productos\/\"]}]},{\"@type\":\"BreadcrumbList\",\"@id\":\"https:\/\/www.recicladoslared.es\/index.php\/demanda-de-productos\/#breadcrumb\",\"itemListElement\":[{\"@type\":\"ListItem\",\"position\":1,\"name\":\"Portada\",\"item\":\"https:\/\/www.recicladoslared.es\/\"},{\"@type\":\"ListItem\",\"position\":2,\"name\":\"DEMANDA DE PRODUCTOS\"}]},{\"@type\":\"WebSite\",\"@id\":\"https:\/\/www.recicladoslared.es\/#website\",\"url\":\"https:\/\/www.recicladoslared.es\/\",\"name\":\"Reciclados La Red\",\"description\":\"Planta de reciclaje de pl\u00e1stico y venta de pl\u00e1stico reciclado\",\"publisher\":{\"@id\":\"https:\/\/www.recicladoslared.es\/#organization\"},\"potentialAction\":[{\"@type\":\"SearchAction\",\"target\":{\"@type\":\"EntryPoint\",\"urlTemplate\":\"https:\/\/www.recicladoslared.es\/?s={search_term_string}\"},\"query-input\":{\"@type\":\"PropertyValueSpecification\",\"valueRequired\":true,\"valueName\":\"search_term_string\"}}],\"inLanguage\":\"es\"},{\"@type\":\"Organization\",\"@id\":\"https:\/\/www.recicladoslared.es\/#organization\",\"name\":\"Reciclados La Red\",\"url\":\"https:\/\/www.recicladoslared.es\/\",\"logo\":{\"@type\":\"ImageObject\",\"inLanguage\":\"es\",\"@id\":\"https:\/\/www.recicladoslared.es\/#\/schema\/logo\/image\/\",\"url\":\"https:\/\/www.recicladoslared.es\/wp-content\/uploads\/2023\/05\/Logo-La-Red-Transpa-2.png\",\"contentUrl\":\"https:\/\/www.recicladoslared.es\/wp-content\/uploads\/2023\/05\/Logo-La-Red-Transpa-2.png\",\"width\":600,\"height\":400,\"caption\":\"Reciclados La Red\"},\"image\":{\"@id\":\"https:\/\/www.recicladoslared.es\/#\/schema\/logo\/image\/\"},\"sameAs\":[\"https:\/\/www.facebook.com\/recicladoslared\",\"https:\/\/x.com\/RecicladosLaRed\",\"https:\/\/es.linkedin.com\/company\/reciclados-la-red---reciclados-pl-sticos-serva\"]}]}<\/script>\n<!-- \/ Yoast SEO plugin. -->","yoast_head_json":{"title":"DEMANDA DE PRODUCTOS - Reciclados LA RED","description":"Estamos en b\u00fasqueda de materiales usados y desechos que demandamos para la fabricaci\u00f3n de nuestros productos.","robots":{"index":"index","follow":"follow","max-snippet":"max-snippet:-1","max-image-preview":"max-image-preview:large","max-video-preview":"max-video-preview:-1"},"canonical":"https:\/\/www.recicladoslared.es\/index.php\/demanda-de-productos\/","og_locale":"es_ES","og_type":"article","og_title":"DEMANDA DE PRODUCTOS - Reciclados LA RED","og_description":"Estamos en b\u00fasqueda de materiales usados y desechos que demandamos para la fabricaci\u00f3n de nuestros productos.","og_url":"https:\/\/www.recicladoslared.es\/index.php\/demanda-de-productos\/","og_site_name":"Reciclados LA RED","article_publisher":"https:\/\/www.facebook.com\/recicladoslared","article_modified_time":"2024-10-09T08:59:15+00:00","og_image":[{"width":600,"height":400,"url":"https:\/\/www.recicladoslared.es\/wp-content\/uploads\/2023\/05\/Logo-La-Red-Transpa-2.png","type":"image\/png"}],"twitter_card":"summary_large_image","twitter_site":"@RecicladosLaRed","twitter_misc":{"Tiempo de lectura":"4 minutos"},"schema":{"@context":"https:\/\/schema.org","@graph":[{"@type":"WebPage","@id":"https:\/\/www.recicladoslared.es\/index.php\/demanda-de-productos\/","url":"https:\/\/www.recicladoslared.es\/index.php\/demanda-de-productos\/","name":"DEMANDA DE PRODUCTOS - Reciclados LA RED","isPartOf":{"@id":"https:\/\/www.recicladoslared.es\/#website"},"datePublished":"2023-08-03T14:23:43+00:00","dateModified":"2024-10-09T08:59:15+00:00","description":"Estamos en b\u00fasqueda de materiales usados y desechos que demandamos para la fabricaci\u00f3n de nuestros productos.","breadcrumb":{"@id":"https:\/\/www.recicladoslared.es\/index.php\/demanda-de-productos\/#breadcrumb"},"inLanguage":"es","potentialAction":[{"@type":"ReadAction","target":["https:\/\/www.recicladoslared.es\/index.php\/demanda-de-productos\/"]}]},{"@type":"BreadcrumbList","@id":"https:\/\/www.recicladoslared.es\/index.php\/demanda-de-productos\/#breadcrumb","itemListElement":[{"@type":"ListItem","position":1,"name":"Portada","item":"https:\/\/www.recicladoslared.es\/"},{"@type":"ListItem","position":2,"name":"DEMANDA DE PRODUCTOS"}]},{"@type":"WebSite","@id":"https:\/\/www.recicladoslared.es\/#website","url":"https:\/\/www.recicladoslared.es\/","name":"Reciclados La Red","description":"Planta de reciclaje de pl\u00e1stico y venta de pl\u00e1stico reciclado","publisher":{"@id":"https:\/\/www.recicladoslared.es\/#organization"},"potentialAction":[{"@type":"SearchAction","target":{"@type":"EntryPoint","urlTemplate":"https:\/\/www.recicladoslared.es\/?s={search_term_string}"},"query-input":{"@type":"PropertyValueSpecification","valueRequired":true,"valueName":"search_term_string"}}],"inLanguage":"es"},{"@type":"Organization","@id":"https:\/\/www.recicladoslared.es\/#organization","name":"Reciclados La Red","url":"https:\/\/www.recicladoslared.es\/","logo":{"@type":"ImageObject","inLanguage":"es","@id":"https:\/\/www.recicladoslared.es\/#\/schema\/logo\/image\/","url":"https:\/\/www.recicladoslared.es\/wp-content\/uploads\/2023\/05\/Logo-La-Red-Transpa-2.png","contentUrl":"https:\/\/www.recicladoslared.es\/wp-content\/uploads\/2023\/05\/Logo-La-Red-Transpa-2.png","width":600,"height":400,"caption":"Reciclados La Red"},"image":{"@id":"https:\/\/www.recicladoslared.es\/#\/schema\/logo\/image\/"},"sameAs":["https:\/\/www.facebook.com\/recicladoslared","https:\/\/x.com\/RecicladosLaRed","https:\/\/es.linkedin.com\/company\/reciclados-la-red---reciclados-pl-sticos-serva"]}]}},"_links":{"self":[{"href":"https:\/\/www.recicladoslared.es\/index.php\/wp-json\/wp\/v2\/pages\/577","targetHints":{"allow":["GET"]}}],"collection":[{"href":"https:\/\/www.recicladoslared.es\/index.php\/wp-json\/wp\/v2\/pages"}],"about":[{"href":"https:\/\/www.recicladoslared.es\/index.php\/wp-json\/wp\/v2\/types\/page"}],"author":[{"embeddable":true,"href":"https:\/\/www.recicladoslared.es\/index.php\/wp-json\/wp\/v2\/users\/2"}],"replies":[{"embeddable":true,"href":"https:\/\/www.recicladoslared.es\/index.php\/wp-json\/wp\/v2\/comments?post=577"}],"version-history":[{"count":12,"href":"https:\/\/www.recicladoslared.es\/index.php\/wp-json\/wp\/v2\/pages\/577\/revisions"}],"predecessor-version":[{"id":1476,"href":"https:\/\/www.recicladoslared.es\/index.php\/wp-json\/wp\/v2\/pages\/577\/revisions\/1476"}],"wp:attachment":[{"href":"https:\/\/www.recicladoslared.es\/index.php\/wp-json\/wp\/v2\/media?parent=577"}],"curies":[{"name":"wp","href":"https:\/\/api.w.org\/{rel}","templated":true}]}}