{"id":74,"date":"2023-05-23T09:08:47","date_gmt":"2023-05-23T09:08:47","guid":{"rendered":"https:\/\/www23.recicladoslared.es\/?page_id=74"},"modified":"2026-02-24T11:15:29","modified_gmt":"2026-02-24T11:15:29","slug":"politica-de-privacidad","status":"publish","type":"page","link":"https:\/\/www.recicladoslared.es\/index.php\/politica-de-privacidad\/","title":{"rendered":"POL\u00cdTICA DE PRIVACIDAD"},"content":{"rendered":"<p>[et_pb_section fb_built=\u00bb1&#8243; _builder_version=\u00bb4.16&#8243; global_colors_info=\u00bb{}\u00bb][et_pb_row _builder_version=\u00bb4.16&#8243; background_size=\u00bbinitial\u00bb background_position=\u00bbtop_left\u00bb background_repeat=\u00bbrepeat\u00bb global_colors_info=\u00bb{}\u00bb][et_pb_column type=\u00bb4_4&#8243; _builder_version=\u00bb4.16&#8243; custom_padding=\u00bb|||\u00bb global_colors_info=\u00bb{}\u00bb custom_padding__hover=\u00bb|||\u00bb][et_pb_text _builder_version=\u00bb4.27.4&#8243; text_font_size=\u00bb15px\u00bb header_3_font=\u00bbKanit||||||||\u00bb header_3_font_size=\u00bb31px\u00bb background_size=\u00bbinitial\u00bb background_position=\u00bbtop_left\u00bb background_repeat=\u00bbrepeat\u00bb text_orientation=\u00bbjustified\u00bb inline_fonts=\u00bbArial\u00bb global_colors_info=\u00bb{}\u00bb]<\/p>\n<section id=\"content\">\n<div id=\"blog\" class=\"container\">\n<div class=\"row\">\n<div class=\"span12\">\n<div class=\"entry-content\">\n<h3 class=\"text-align-center\" style=\"text-align: center;\">\u00a0<\/h3>\n<h3 class=\"text-align-center\" style=\"text-align: center;\">POL\u00cdTICA DE PRIVACIDAD<\/h3>\n<p><span style=\"font-family: Arial; font-weight: normal; font-size: large;\">\u00a0<\/span><\/p>\n<p><span style=\"font-family: Arial; font-weight: normal; font-size: medium;\"><strong>POL\u00cdTICA DE PRIVACIDAD DE SERVICIOS WEB DE RECICLADOS LA RED BY VEOLIA<\/strong><\/span><\/p>\n<p><span style=\"font-family: Arial; font-weight: normal; font-size: medium;\"><strong>\u00a0<\/strong><\/span><\/p>\n<ol>\n<li><span style=\"font-family: Arial; font-weight: normal; font-size: medium;\"> <strong>\u00bfQui\u00e9n es el Responsable del tratamiento de los datos recabados a trav\u00e9s de los servicios web?<\/strong><\/span><\/li>\n<\/ol>\n<p><span style=\"font-family: Arial; font-weight: normal; font-size: medium;\">El responsable del tratamiento de los datos personales recabados a trav\u00e9s de los servicios web, es Reciclados La Red by Veolia (en adelante, \u201cla Sociedad\u201d), con C.I.F. B41600867, inscrita en el Registro Mercantil de Sevilla en el tomo 1749, folio 8, hoja SE-13761, INS 1\u00aa, del Libro de Sociedades, y con domicilio social en P.I La Red Norte, calle la red 14, n\u00ba 19, 41500, Alcal\u00e1 de Guada\u00edra (Sevilla), que dispone de un canal de contacto accesible en inforecicladoslared@veolia.com.<\/span><\/p>\n<ol start=\"2\">\n<li><span style=\"font-family: Arial; font-weight: normal; font-size: medium;\"> <strong>\u00bfQu\u00e9 tipo de datos recoge la Sociedad a trav\u00e9s de este Sitio web y para qu\u00e9 se utilizan?<\/strong><\/span><\/li>\n<\/ol>\n<p><span style=\"font-family: Arial; font-weight: normal; font-size: medium;\">Visitar la Web de la Sociedad y navegar por sus distintas secciones no requiere que se facilite ning\u00fan dato de car\u00e1cter personal. Sin embargo, recogeremos determinada informaci\u00f3n relacionada con la navegaci\u00f3n que realiza (que no siempre nos permitir\u00e1 identificar al Usuario) a trav\u00e9s de cookies instaladas en su equipo. Por favor, consulte m\u00e1s detalles en nuestra Pol\u00edtica de Cookies. <\/span><\/p>\n<p><span style=\"font-family: Arial; font-weight: normal; font-size: medium;\"><strong>El Usuario del servicio web puede realizar diferentes gestiones para las que ser\u00e1 necesario tratar sus datos personales:<\/strong><\/span><\/p>\n<p><strong style=\"font-family: Arial; font-size: medium;\">Gestiones para las que no ser\u00e1 necesario que sea cliente ni est\u00e9 registrado en nuestro sistema<\/strong><span style=\"font-family: Arial; font-size: medium;\">, por ejemplo: formular quejas, presentar reclamaciones, realizar consultas.<\/span><\/p>\n<ul>\n<li><span style=\"font-family: Arial; font-weight: normal; font-size: medium;\">Se le solicitar\u00e1n datos identificativos (nombre, apellidos y DNI en algunos casos), datos de contacto (direcci\u00f3n postal, tel\u00e9fono, correo electr\u00f3nico seg\u00fan la petici\u00f3n), otros datos relacionados con la petici\u00f3n que se efect\u00faa.<\/span><\/li>\n<li><span style=\"font-family: Arial; font-weight: normal; font-size: medium;\">Sus datos se tratar\u00e1n con la finalidad de gestionar la solicitud contenida en la comunicaci\u00f3n que realice.<\/span><\/li>\n<li><span style=\"font-family: Arial; font-weight: normal; font-size: medium;\">La base de legitimaci\u00f3n ser\u00e1 el consentimiento prestado por el Usuario que los facilita, que se pone en contacto de forma voluntaria con la Sociedad. Este consentimiento es revocable en todo caso, sin efectos retroactivos (es decir, no afectar\u00eda a las peticiones o solicitudes ya tramitadas).<\/span><\/li>\n<\/ul>\n<p><strong style=\"font-family: Arial; font-size: medium;\">Servicio web que tiene por finalidad la suscripci\u00f3n a eventos presenciales o a distancia (eventos)<\/strong><span style=\"font-family: Arial; font-size: medium;\">.<\/span><\/p>\n<ul>\n<li><span style=\"font-family: Arial; font-weight: normal; font-size: medium;\">Se le solicitar\u00e1n en el momento de la suscripci\u00f3n, datos identificativos (nombre, apellidos), datos de contacto (tel\u00e9fono, correo electr\u00f3nico) y otros datos profesionales relacionados con su cargo y\/o experiencia, as\u00ed como en el transcurso del evento, podr\u00e1n recogerse imagen y\/o voz de los participantes (ponentes y asistentes) y en el caso que el evento sea por medios telem\u00e1ticos, se podr\u00e1n recoger datos relacionados con la conexi\u00f3n del dispositivo utilizado.<\/span><\/li>\n<li><span style=\"font-family: Arial; font-weight: normal; font-size: medium;\">De inscribirse el Usuario en eventos organizados por la Sociedad, sus datos personales ser\u00e1n tratados con el fin de gestionar su inscripci\u00f3n y asistencia,\u00a0 as\u00ed como atender aquellas consultas y\/o incidencias que puedan plantearse en relaci\u00f3n con los mismos , siendo la base de legitimaci\u00f3n la correcta ejecuci\u00f3n del contrato, pues su tratamiento es necesario para formalizar la inscripci\u00f3n y participaci\u00f3n en dichos eventos, y\u00a0 tambi\u00e9n con la finalidad de gestionar noticias o convocatorias de pr\u00f3ximos eventos as\u00ed como ofertas de servicios propios relacionados con los eventos, siendo la base de legitimaci\u00f3n\u00a0 el inter\u00e9s leg\u00edtimo de la sociedad.<\/span><\/li>\n<\/ul>\n<p><span style=\"font-family: Arial; font-weight: normal; font-size: medium;\">\u00a0<\/span><\/p>\n<p><strong style=\"font-family: Arial; font-size: medium;\">Servicio que tiene por finalidad remitirle comunicaciones comerciales<\/strong><span style=\"font-family: Arial; font-size: medium;\">.<\/span><\/p>\n<p><span style=\"font-family: Arial; font-weight: normal; font-size: medium;\">Siempre que usted nos otorgue su consentimiento por medio de una casilla habilitada a tal efecto en el sitio web, La sociedad podr\u00e1 remitirle informaci\u00f3n comercial (por medios electr\u00f3nicos, impresos y\/o telef\u00f3nicos) sobre la Sociedad y otras sociedades del grupo empresarial al que pertenece. Este servicio se mantendr\u00e1 hasta que nos solicite que dejemos de hacerlo.<\/span><\/p>\n<p><span style=\"font-family: Arial; font-weight: normal; font-size: medium;\">Se le solicitar\u00e1n datos identificativos (nombre, apellidos), datos de contacto (tel\u00e9fono, correo electr\u00f3nico) <\/span><\/p>\n<p><span style=\"font-family: Arial; font-weight: normal; font-size: medium;\">Tenga en cuenta que para el env\u00edo de informaci\u00f3n comercial por medios electr\u00f3nicos utilizamos tecnolog\u00edas de seguimiento de terceros que nos permiten obtener informaci\u00f3n sobre la apertura de los correos electr\u00f3nicos y la pulsaci\u00f3n de los enlaces contenidos en los mismos por parte de los destinatarios, a los efectos de medir la efectividad de las campa\u00f1as y para conocer la informaci\u00f3n que a usted le interesa en funci\u00f3n de su interacci\u00f3n con nuestras campa\u00f1as, a los efectos de remitirle, en base a su perfil, contenidos relacionados.<\/span><\/p>\n<p>&nbsp;<\/p>\n<p><strong style=\"font-family: Arial; font-size: medium;\">Servicio web que tiene por finalidad la inscripci\u00f3n a servicios espec\u00edficos<\/strong><\/p>\n<p><span style=\"font-family: Arial; font-size: medium;\">Se le solicitar\u00e1n en el momento de la inscripci\u00f3n, datos identificativos (nombre, apellidos), datos de contacto (tel\u00e9fono, correo electr\u00f3nico) y otros datos profesionales relacionados con su cargo.<\/span><\/p>\n<p><span style=\"font-family: Arial; font-weight: normal; font-size: medium;\">De inscribirse el Usuario a servicios espec\u00edficos prestados\u00a0 por la sociedad, sus datos personales ser\u00e1n tratados\u00a0 con el fin de gestionar su inscripci\u00f3n al servicio,\u00a0 as\u00ed como atender aquellas consultas y\/o incidencias que puedan plantearse en relaci\u00f3n con los mismos , siendo la base de legitimaci\u00f3n la correcta ejecuci\u00f3n del contrato, pues su tratamiento es necesario para formalizar la inscripci\u00f3n para la prestaci\u00f3n del servicio, y\u00a0 tambi\u00e9n con la finalidad de gestionar, noticias o\u00a0 eventos, as\u00ed como ofertas de servicios propios, siendo la base de legitimaci\u00f3n\u00a0 el inter\u00e9s leg\u00edtimo de la Sociedad.<\/span><\/p>\n<p><span style=\"font-family: Arial; font-weight: normal; font-size: medium;\">\u00a0<\/span><\/p>\n<ol start=\"3\">\n<li><span style=\"font-family: Arial; font-weight: normal; font-size: medium;\"> <strong>Plazo de conservaci\u00f3n de los datos<\/strong><\/span><\/li>\n<\/ol>\n<p><span style=\"font-family: Arial; font-weight: normal; font-size: medium;\">Los datos personales ser\u00e1n conservados durante el tiempo que sea necesario para tramitar y prestar el servicio objeto de la solicitud efectuada. Una vez finalizado dicho plazo deberemos conservar sus datos debidamente bloqueados durante un periodo adicional en que pudieran existir cualesquiera responsabilidades derivadas de servicios facilitados o de los tratamientos realizados.<\/span><\/p>\n<p><span style=\"font-family: Arial; font-weight: normal; font-size: medium;\">Para el servicio web de eventos, sus datos personales ser\u00e1n tratados mientras sean necesarios para la gesti\u00f3n de su participaci\u00f3n en dichos eventos, y hasta el momento en que nos indique que no quiera que le mantengamos informado de futuros eventos y una vez finalizado dicho plazo sus datos se conservar\u00e1n debidamente bloqueados a efectos de poder atender posibles responsabilidades legales surgidas del tratamiento.<\/span><\/p>\n<p><span style=\"font-family: Arial; font-weight: normal; font-size: medium;\">Para los servicios gestionados por inscripci\u00f3n, sus datos personales ser\u00e1n tratados mientras sean necesarios para la prestaci\u00f3n del servicio, y hasta el momento en que nos indique la cancelaci\u00f3n de su inscripci\u00f3n y una vez finalizado dicho plazo sus datos se conservar\u00e1n debidamente bloqueados a efectos de poder atender posibles responsabilidades legales surgidas del tratamiento<\/span><\/p>\n<p><span style=\"font-family: Arial; font-weight: normal; font-size: medium;\">En caso de que haya autorizado el env\u00edo de comunicaciones comerciales, mantendremos sus datos hasta el momento en que nos indique que quiere dejar de recibir nuestras comunicaciones.<\/span><\/p>\n<p><span style=\"font-family: Arial; font-weight: normal; font-size: medium;\">\u00a0<\/span><\/p>\n<ol start=\"4\">\n<li><span style=\"font-family: Arial; font-weight: normal; font-size: medium;\"> <strong>\u00bfQui\u00e9nes pueden acceder a los datos personales facilitados a trav\u00e9s de este sitio web?<\/strong><\/span><\/li>\n<\/ol>\n<p><span style=\"font-family: Arial; font-weight: normal; font-size: medium;\">La Sociedad utiliza prestadores de servicios para la realizaci\u00f3n de algunas tareas propias del contrato que en su caso deber\u00e1n acceder a los datos de usuarios para poder realizar la gesti\u00f3n que solicita. Estos prestadores tendr\u00e1n la condici\u00f3n de Encargados del tratamiento, y \u00fanicamente tratar\u00e1n los datos personales conforme a las instrucciones de la Sociedad, tales como proveedores de servicios tecnol\u00f3gicos. En ning\u00fan caso utilizar\u00e1n los datos personales del Usuario para fines propios o diferentes a los detallados en esta Pol\u00edtica.<\/span><\/p>\n<p><span style=\"font-family: Arial; font-weight: normal; font-size: medium;\">Algunos de nuestros proveedores est\u00e1n ubicados en pa\u00edses situados fuera del Espacio Econ\u00f3mico Europeo (EEE) o, estando ubicadas en EEE, comparten la informaci\u00f3n con otras entidades ubicadas fuera de dicho territorio. Reciclados La Red by Veolia garantiza que:<\/span><\/p>\n<ul>\n<li><span style=\"font-family: Arial; font-weight: normal; font-size: medium;\">Las transferencias se realizan a pa\u00edses respecto de los que la Comisi\u00f3n Europea ha declarado que proporcionan un nivel de protecci\u00f3n equiparable al europeo.<\/span><\/li>\n<li><span style=\"font-family: Arial; font-weight: normal; font-size: medium;\">En ausencia de dicha declaraci\u00f3n de adecuaci\u00f3n (en la actualidad se realizan transferencias a pa\u00edses como EE UU, entre otros), se han firmado las Cl\u00e1usulas Contractuales Tipo aprobadas por la Comisi\u00f3n.<\/span><\/li>\n<\/ul>\n<p><span style=\"font-family: Arial; font-weight: normal; font-size: medium;\">\u00a0<\/span><\/p>\n<p><span style=\"font-family: Arial; font-weight: normal; font-size: medium;\">Puedes consultar esta informaci\u00f3n en la p\u00e1gina de la AEPD: <a href=\"https:\/\/www.aepd.es\/es\/derechos-y-deberes\/cumple-tus-deberes\/medidas-de-cumplimiento\/transferencias-internacionales\">https:\/\/www.aepd.es\/es\/derechos-y-deberes\/cumple-tus-deberes\/medidas-de-cumplimiento\/transferencias-internacionales<\/a>.<\/span><\/p>\n<p><span style=\"font-family: Arial; font-weight: normal; font-size: medium;\">Para m\u00e1s informaci\u00f3n, puede contactar con \u00a0compliance@recicladoslared.es<\/span><\/p>\n<p><span style=\"font-family: Arial; font-weight: normal; font-size: medium;\">\u00a0<\/span><\/p>\n<ol start=\"5\">\n<li><span style=\"font-family: Arial; font-weight: normal; font-size: medium;\"> <strong>\u00bfA qui\u00e9n comunicamos sus datos?<\/strong><\/span><\/li>\n<\/ol>\n<p><span style=\"font-family: Arial; font-weight: normal; font-size: medium;\">La Sociedad puede comunicar sus datos personales a:<\/span><\/p>\n<ul>\n<li><span style=\"font-family: Arial; font-weight: normal; font-size: medium;\">Administraciones p\u00fablicas, juzgados, tribunales entre otros, a requerimientos de estos o cuando venga impuesto por una obligaci\u00f3n legal.<\/span><\/li>\n<li><span style=\"font-family: Arial; font-weight: normal; font-size: medium;\">Empresas del grupo empresarial al que pertenece la sociedad para las mismas finalidades de tratamiento descritas, basado en el inter\u00e9s leg\u00edtimo y respet\u00e1ndose en todos los casos las medidas de seguridad exigidas por la legislaci\u00f3n vigente en materia de protecci\u00f3n de datos de car\u00e1cter personal<\/span><\/li>\n<\/ul>\n<p><span style=\"font-family: Arial; font-weight: normal; font-size: medium;\">\u00a0<\/span><\/p>\n<ol start=\"6\">\n<li><span style=\"font-family: Arial; font-weight: normal; font-size: medium;\"> <strong>\u00bfCu\u00e1les son sus derechos en materia de protecci\u00f3n de datos y c\u00f3mo puede ejercitarlos?<\/strong><\/span><\/li>\n<\/ol>\n<p><span style=\"font-family: Arial; font-weight: normal; font-size: medium;\">La Ley le reconoce, en caso de que haya otorgado su consentimiento a poder retirarlo en cualquier momento, as\u00ed como el poder ejercer los siguientes derechos en materia de protecci\u00f3n de datos:<\/span><\/p>\n<p><span style=\"font-family: Arial; font-weight: normal; font-size: medium;\">\u00a0<\/span><\/p>\n<table width=\"587\">\n<thead>\n<tr>\n<td width=\"161\"><span style=\"font-family: Arial; font-weight: normal; font-size: medium;\"><strong>Derecho<\/strong><\/span><\/td>\n<td width=\"426\"><span style=\"font-family: Arial; font-weight: normal; font-size: medium;\"><strong>Contenido<\/strong><\/span><\/td>\n<\/tr>\n<\/thead>\n<tbody>\n<tr>\n<td width=\"161\"><span style=\"font-family: Arial; font-weight: normal; font-size: medium;\"><strong>Acceso<\/strong><\/span><\/td>\n<td width=\"426\"><span style=\"font-family: Arial; font-weight: normal; font-size: medium;\">Podr\u00e1 consultar qu\u00e9 datos personales est\u00e1n incluidos en las bases de datos de la Sociedad.<\/span><\/td>\n<\/tr>\n<tr>\n<td width=\"161\"><span style=\"font-family: Arial; font-weight: normal; font-size: medium;\"><strong>Rectificaci\u00f3n<\/strong><\/span><\/td>\n<td width=\"426\"><span style=\"font-family: Arial; font-weight: normal; font-size: medium;\">Podr\u00e1 modificar sus datos personales cuando sean inexactos o incompletos.\u00a0<\/span><\/td>\n<\/tr>\n<tr>\n<td width=\"161\"><span style=\"font-family: Arial; font-weight: normal; font-size: medium;\">\u00a0<\/span><\/td>\n<td width=\"426\"><span style=\"font-family: Arial; font-weight: normal; font-size: medium;\">\u00a0<\/span><\/td>\n<\/tr>\n<tr>\n<td width=\"161\"><span style=\"font-family: Arial; font-weight: normal; font-size: medium;\"><strong>Supresi\u00f3n<\/strong><\/span><\/td>\n<td width=\"426\"><span style=\"font-family: Arial; font-weight: normal; font-size: medium;\">Podr\u00e1 solicitar que eliminemos sus datos personales.<\/span><\/td>\n<\/tr>\n<tr>\n<td width=\"161\"><span style=\"font-family: Arial; font-weight: normal; font-size: medium;\"><strong>Oposici\u00f3n<\/strong><\/span><\/td>\n<td width=\"426\"><span style=\"font-family: Arial; font-weight: normal; font-size: medium;\">Solicitar que no tratemos sus datos para algunas finalidades concretas.<\/span><\/td>\n<\/tr>\n<tr>\n<td width=\"161\"><span style=\"font-family: Arial; font-weight: normal; font-size: medium;\"><strong>Limitaci\u00f3n del tratamiento<\/strong><\/span><\/td>\n<td width=\"426\">\n<p><span style=\"font-family: Arial; font-weight: normal; font-size: medium;\">Podr\u00e1 solicitar la limitaci\u00f3n al tratamiento de sus datos en los siguientes casos:<\/span><\/p>\n<p><span style=\"font-family: Arial; font-weight: normal; font-size: medium;\">-Mientras se comprueba la impugnaci\u00f3n de la exactitud de sus datos.\u00a0<\/span><\/p>\n<p><span style=\"font-family: Arial; font-weight: normal; font-size: medium;\">-Cuando el tratamiento es il\u00edcito, pero Ud. se opone a la supresi\u00f3n de sus datos.\u00a0<\/span><\/p>\n<p><span style=\"font-family: Arial; font-weight: normal; font-size: medium;\">-Cuando la Sociedad no necesite tratar sus datos, pero Ud. los necesite para el ejercicio o la defensa de reclamaciones.\u00a0<\/span><\/p>\n<p><span style=\"font-family: Arial; font-weight: normal; font-size: medium;\">-Cuando Ud. se haya opuesto al tratamiento de sus datos para el cumplimiento de una misi\u00f3n en inter\u00e9s p\u00fablico o para la satisfacci\u00f3n de un inter\u00e9s leg\u00edtimo, mientras se verifica si los motivos leg\u00edtimos para el tratamiento prevalecen sobre los tuyos.\u00a0<\/span><\/p>\n<\/td>\n<\/tr>\n<tr>\n<td width=\"161\"><span style=\"font-family: Arial; font-weight: normal; font-size: medium;\"><strong>Portabilidad<\/strong><\/span><\/td>\n<td width=\"426\"><span style=\"font-family: Arial; font-weight: normal; font-size: medium;\">Podr\u00e1 recibir, en formato electr\u00f3nico, los datos personales que nos haya facilitado, as\u00ed como a transmitirlos a otro responsable.\u00a0<\/span><\/td>\n<\/tr>\n<\/tbody>\n<\/table>\n<p><span style=\"font-family: Arial; font-weight: normal; font-size: medium;\">\u00a0<\/span><\/p>\n<p><span style=\"font-family: Arial; font-weight: normal; font-size: medium;\"><strong>Para ejercer los anteriores derechos, o revocar el consentimiento prestado<\/strong>, bastar\u00e1 con enviar una solicitud, por cualquiera de los siguientes medios:\u00a0 <\/span><\/p>\n<p><span style=\"font-family: Arial; font-weight: normal; font-size: medium;\">\u00a0<\/span><\/p>\n<ul>\n<li><span style=\"font-family: Arial; font-weight: normal; font-size: medium;\">Dirigi\u00e9ndonos una carta por correo postal a la direcci\u00f3n del domicilio social de la Sociedad, a la att. del delegado de protecci\u00f3n de datos.<\/span><\/li>\n<li><span style=\"font-family: Arial; font-weight: normal; font-size: medium;\">Por medio del correo electr\u00f3nico de atenci\u00f3n al cliente de la Sociedad: inforecicladoslared@veolia.com<\/span><\/li>\n<\/ul>\n<p><span style=\"font-family: Arial; font-weight: normal; font-size: medium;\">\u00a0<\/span><\/p>\n<p><span style=\"font-family: Arial; font-weight: normal; font-size: medium;\">El solicitante deber\u00e1 estar suficientemente identificado en la solicitud, que habr\u00e1 de estar firmada. Si la solicitud la formula un tercero, deber\u00e1 acreditarse oportunamente la representaci\u00f3n otorgada para ello. Cuando el responsable del tratamiento tenga dudas razonables en relaci\u00f3n con la identidad de la persona f\u00edsica que cursa la solicitud, podr\u00e1 solicitar que se facilite la informaci\u00f3n adicional necesaria para confirmar su identidad.<\/span><\/p>\n<p><span style=\"font-family: Arial; font-weight: normal; font-size: medium;\">El ejercicio de estos derechos es gratuito si bien podr\u00e1 cobrarse un canon cuando las solicitudes sean infundadas, excesivas o repetitivas.<\/span><\/p>\n<p><span style=\"font-family: Arial; font-weight: normal; font-size: medium;\">Adicionalmente, cualquier duda en materia de protecci\u00f3n de datos puede ser remitida al <strong>Data Protection Officer (<em>DPO<\/em>) <\/strong>de la Sociedad, cuya informaci\u00f3n de contacto es la siguiente:<\/span><\/p>\n<ul>\n<li><span style=\"font-family: Arial; font-weight: normal; font-size: medium;\"> Correo electr\u00f3nico: <a href=\"mailto:dpo.spain@veolia.com\" target=\"_blank\" rel=\"noopener\">dpo.spain@veolia.com<\/a><\/span><\/li>\n<li><span style=\"font-family: Arial; font-weight: normal; font-size: medium;\"> Correo Postal:<em> Calle Serrano Galvache n\u00ba56 (Edif. La Encina) Madrid 28033 ,\u00a0 A\/A del DPO.<\/em><\/span><\/li>\n<\/ul>\n<p><span style=\"font-family: Arial; font-weight: normal; font-size: medium;\">Su reclamaci\u00f3n se investigar\u00e1 de forma confidencial y recibir\u00e1 una respuesta del <em>DPO<\/em>.<\/span><\/p>\n<p><span style=\"font-family: Arial; font-weight: normal; font-size: medium;\">En todo caso el Usuario, como afectado o interesado, puede presentar las reclamaciones que considere oportunas ante la autoridad de control competente en materia de protecci\u00f3n de datos.<\/span><\/p>\n<p><span style=\"font-family: Arial; font-weight: normal; font-size: medium;\">AEPD &#8211; Agencia Espa\u00f1ola de Protecci\u00f3n de datos\u00a0\u00a0\u00a0 <a href=\"https:\/\/www.aepd.es\/\">https:\/\/www.aepd.es\/<\/a><\/span><\/p>\n<p><span style=\"font-family: Arial; font-weight: normal; font-size: medium;\"><strong>\u00a0<\/strong><\/span><\/p>\n<ol start=\"7\">\n<li><span style=\"font-family: Arial; font-weight: normal; font-size: medium;\"> <strong>Redes sociales<\/strong><\/span><\/li>\n<\/ol>\n<p><span style=\"font-family: Arial; font-weight: normal; font-size: medium;\">Como norma general, los perfiles corporativos de la Sociedad en redes sociales (Twitter, Facebook, etc.) tienen un car\u00e1cter meramente informativo. Si nos facilita datos a trav\u00e9s de mensajes privados en redes sociales con motivo de una consulta o petici\u00f3n realizada por ese medio, los datos personales facilitados ser\u00e1n utilizados exclusivamente para atender la petici\u00f3n efectuada, en los t\u00e9rminos expuestos en esta pol\u00edtica. Le recordamos que no debe incluir datos personales suyos o de terceros (como e-mails, nombre, tel\u00e9fono o n\u00famero de contrato) a trav\u00e9s de mensajes abiertos en ninguna red social. Si no est\u00e1 seguro de si su mensaje puede o no ser le\u00eddo por terceros, le aconsejamos que nos contacte por otro canal.<\/span><\/p>\n<\/div>\n<\/div>\n<\/div>\n<\/div>\n<\/section>\n<p>[\/et_pb_text][\/et_pb_column][\/et_pb_row][\/et_pb_section]<\/p>\n","protected":false},"excerpt":{"rendered":"<p>\u00a0 POL\u00cdTICA DE PRIVACIDAD \u00a0 POL\u00cdTICA DE PRIVACIDAD DE SERVICIOS WEB DE RECICLADOS LA RED BY VEOLIA \u00a0 \u00bfQui\u00e9n es el Responsable del tratamiento de los datos recabados a trav\u00e9s de los servicios web? El responsable del tratamiento de los datos personales recabados a trav\u00e9s de los servicios web, es Reciclados La Red by Veolia [&hellip;]<\/p>\n","protected":false},"author":2,"featured_media":0,"parent":0,"menu_order":0,"comment_status":"closed","ping_status":"closed","template":"","meta":{"_et_pb_use_builder":"on","_et_pb_old_content":"","_et_gb_content_width":"","footnotes":""},"class_list":["post-74","page","type-page","status-publish","hentry"],"yoast_head":"<!-- This site is optimized with the Yoast SEO plugin v24.9 - https:\/\/yoast.com\/wordpress\/plugins\/seo\/ -->\n<title>POL\u00cdTICA DE PRIVACIDAD - Reciclados LA RED<\/title>\n<meta name=\"robots\" content=\"index, follow, max-snippet:-1, max-image-preview:large, max-video-preview:-1\" \/>\n<link rel=\"canonical\" href=\"https:\/\/www.recicladoslared.es\/index.php\/politica-de-privacidad\/\" \/>\n<meta property=\"og:locale\" content=\"es_ES\" \/>\n<meta property=\"og:type\" content=\"article\" \/>\n<meta property=\"og:title\" content=\"POL\u00cdTICA DE PRIVACIDAD - Reciclados LA RED\" \/>\n<meta property=\"og:url\" content=\"https:\/\/www.recicladoslared.es\/index.php\/politica-de-privacidad\/\" \/>\n<meta property=\"og:site_name\" content=\"Reciclados LA RED\" \/>\n<meta property=\"article:publisher\" content=\"https:\/\/www.facebook.com\/recicladoslared\" \/>\n<meta property=\"article:modified_time\" content=\"2026-02-24T11:15:29+00:00\" \/>\n<meta property=\"og:image\" content=\"https:\/\/www.recicladoslared.es\/wp-content\/uploads\/2023\/05\/Logo-La-Red-Transpa-2.png\" \/>\n\t<meta property=\"og:image:width\" content=\"600\" \/>\n\t<meta property=\"og:image:height\" content=\"400\" \/>\n\t<meta property=\"og:image:type\" content=\"image\/png\" \/>\n<meta name=\"twitter:card\" content=\"summary_large_image\" \/>\n<meta name=\"twitter:site\" content=\"@RecicladosLaRed\" \/>\n<meta name=\"twitter:label1\" content=\"Tiempo de lectura\" \/>\n\t<meta name=\"twitter:data1\" content=\"9 minutos\" \/>\n<script type=\"application\/ld+json\" class=\"yoast-schema-graph\">{\"@context\":\"https:\/\/schema.org\",\"@graph\":[{\"@type\":\"WebPage\",\"@id\":\"https:\/\/www.recicladoslared.es\/index.php\/politica-de-privacidad\/\",\"url\":\"https:\/\/www.recicladoslared.es\/index.php\/politica-de-privacidad\/\",\"name\":\"POL\u00cdTICA DE PRIVACIDAD - Reciclados LA RED\",\"isPartOf\":{\"@id\":\"https:\/\/www.recicladoslared.es\/#website\"},\"datePublished\":\"2023-05-23T09:08:47+00:00\",\"dateModified\":\"2026-02-24T11:15:29+00:00\",\"breadcrumb\":{\"@id\":\"https:\/\/www.recicladoslared.es\/index.php\/politica-de-privacidad\/#breadcrumb\"},\"inLanguage\":\"es\",\"potentialAction\":[{\"@type\":\"ReadAction\",\"target\":[\"https:\/\/www.recicladoslared.es\/index.php\/politica-de-privacidad\/\"]}]},{\"@type\":\"BreadcrumbList\",\"@id\":\"https:\/\/www.recicladoslared.es\/index.php\/politica-de-privacidad\/#breadcrumb\",\"itemListElement\":[{\"@type\":\"ListItem\",\"position\":1,\"name\":\"Portada\",\"item\":\"https:\/\/www.recicladoslared.es\/\"},{\"@type\":\"ListItem\",\"position\":2,\"name\":\"POL\u00cdTICA DE PRIVACIDAD\"}]},{\"@type\":\"WebSite\",\"@id\":\"https:\/\/www.recicladoslared.es\/#website\",\"url\":\"https:\/\/www.recicladoslared.es\/\",\"name\":\"Reciclados La Red\",\"description\":\"Planta de reciclaje de pl\u00e1stico y venta de pl\u00e1stico reciclado\",\"publisher\":{\"@id\":\"https:\/\/www.recicladoslared.es\/#organization\"},\"potentialAction\":[{\"@type\":\"SearchAction\",\"target\":{\"@type\":\"EntryPoint\",\"urlTemplate\":\"https:\/\/www.recicladoslared.es\/?s={search_term_string}\"},\"query-input\":{\"@type\":\"PropertyValueSpecification\",\"valueRequired\":true,\"valueName\":\"search_term_string\"}}],\"inLanguage\":\"es\"},{\"@type\":\"Organization\",\"@id\":\"https:\/\/www.recicladoslared.es\/#organization\",\"name\":\"Reciclados La Red\",\"url\":\"https:\/\/www.recicladoslared.es\/\",\"logo\":{\"@type\":\"ImageObject\",\"inLanguage\":\"es\",\"@id\":\"https:\/\/www.recicladoslared.es\/#\/schema\/logo\/image\/\",\"url\":\"https:\/\/www.recicladoslared.es\/wp-content\/uploads\/2023\/05\/Logo-La-Red-Transpa-2.png\",\"contentUrl\":\"https:\/\/www.recicladoslared.es\/wp-content\/uploads\/2023\/05\/Logo-La-Red-Transpa-2.png\",\"width\":600,\"height\":400,\"caption\":\"Reciclados La Red\"},\"image\":{\"@id\":\"https:\/\/www.recicladoslared.es\/#\/schema\/logo\/image\/\"},\"sameAs\":[\"https:\/\/www.facebook.com\/recicladoslared\",\"https:\/\/x.com\/RecicladosLaRed\",\"https:\/\/es.linkedin.com\/company\/reciclados-la-red---reciclados-pl-sticos-serva\"]}]}<\/script>\n<!-- \/ Yoast SEO plugin. -->","yoast_head_json":{"title":"POL\u00cdTICA DE PRIVACIDAD - Reciclados LA RED","robots":{"index":"index","follow":"follow","max-snippet":"max-snippet:-1","max-image-preview":"max-image-preview:large","max-video-preview":"max-video-preview:-1"},"canonical":"https:\/\/www.recicladoslared.es\/index.php\/politica-de-privacidad\/","og_locale":"es_ES","og_type":"article","og_title":"POL\u00cdTICA DE PRIVACIDAD - Reciclados LA RED","og_url":"https:\/\/www.recicladoslared.es\/index.php\/politica-de-privacidad\/","og_site_name":"Reciclados LA RED","article_publisher":"https:\/\/www.facebook.com\/recicladoslared","article_modified_time":"2026-02-24T11:15:29+00:00","og_image":[{"width":600,"height":400,"url":"https:\/\/www.recicladoslared.es\/wp-content\/uploads\/2023\/05\/Logo-La-Red-Transpa-2.png","type":"image\/png"}],"twitter_card":"summary_large_image","twitter_site":"@RecicladosLaRed","twitter_misc":{"Tiempo de lectura":"9 minutos"},"schema":{"@context":"https:\/\/schema.org","@graph":[{"@type":"WebPage","@id":"https:\/\/www.recicladoslared.es\/index.php\/politica-de-privacidad\/","url":"https:\/\/www.recicladoslared.es\/index.php\/politica-de-privacidad\/","name":"POL\u00cdTICA DE PRIVACIDAD - Reciclados LA RED","isPartOf":{"@id":"https:\/\/www.recicladoslared.es\/#website"},"datePublished":"2023-05-23T09:08:47+00:00","dateModified":"2026-02-24T11:15:29+00:00","breadcrumb":{"@id":"https:\/\/www.recicladoslared.es\/index.php\/politica-de-privacidad\/#breadcrumb"},"inLanguage":"es","potentialAction":[{"@type":"ReadAction","target":["https:\/\/www.recicladoslared.es\/index.php\/politica-de-privacidad\/"]}]},{"@type":"BreadcrumbList","@id":"https:\/\/www.recicladoslared.es\/index.php\/politica-de-privacidad\/#breadcrumb","itemListElement":[{"@type":"ListItem","position":1,"name":"Portada","item":"https:\/\/www.recicladoslared.es\/"},{"@type":"ListItem","position":2,"name":"POL\u00cdTICA DE PRIVACIDAD"}]},{"@type":"WebSite","@id":"https:\/\/www.recicladoslared.es\/#website","url":"https:\/\/www.recicladoslared.es\/","name":"Reciclados La Red","description":"Planta de reciclaje de pl\u00e1stico y venta de pl\u00e1stico reciclado","publisher":{"@id":"https:\/\/www.recicladoslared.es\/#organization"},"potentialAction":[{"@type":"SearchAction","target":{"@type":"EntryPoint","urlTemplate":"https:\/\/www.recicladoslared.es\/?s={search_term_string}"},"query-input":{"@type":"PropertyValueSpecification","valueRequired":true,"valueName":"search_term_string"}}],"inLanguage":"es"},{"@type":"Organization","@id":"https:\/\/www.recicladoslared.es\/#organization","name":"Reciclados La Red","url":"https:\/\/www.recicladoslared.es\/","logo":{"@type":"ImageObject","inLanguage":"es","@id":"https:\/\/www.recicladoslared.es\/#\/schema\/logo\/image\/","url":"https:\/\/www.recicladoslared.es\/wp-content\/uploads\/2023\/05\/Logo-La-Red-Transpa-2.png","contentUrl":"https:\/\/www.recicladoslared.es\/wp-content\/uploads\/2023\/05\/Logo-La-Red-Transpa-2.png","width":600,"height":400,"caption":"Reciclados La Red"},"image":{"@id":"https:\/\/www.recicladoslared.es\/#\/schema\/logo\/image\/"},"sameAs":["https:\/\/www.facebook.com\/recicladoslared","https:\/\/x.com\/RecicladosLaRed","https:\/\/es.linkedin.com\/company\/reciclados-la-red---reciclados-pl-sticos-serva"]}]}},"_links":{"self":[{"href":"https:\/\/www.recicladoslared.es\/index.php\/wp-json\/wp\/v2\/pages\/74","targetHints":{"allow":["GET"]}}],"collection":[{"href":"https:\/\/www.recicladoslared.es\/index.php\/wp-json\/wp\/v2\/pages"}],"about":[{"href":"https:\/\/www.recicladoslared.es\/index.php\/wp-json\/wp\/v2\/types\/page"}],"author":[{"embeddable":true,"href":"https:\/\/www.recicladoslared.es\/index.php\/wp-json\/wp\/v2\/users\/2"}],"replies":[{"embeddable":true,"href":"https:\/\/www.recicladoslared.es\/index.php\/wp-json\/wp\/v2\/comments?post=74"}],"version-history":[{"count":11,"href":"https:\/\/www.recicladoslared.es\/index.php\/wp-json\/wp\/v2\/pages\/74\/revisions"}],"predecessor-version":[{"id":1963,"href":"https:\/\/www.recicladoslared.es\/index.php\/wp-json\/wp\/v2\/pages\/74\/revisions\/1963"}],"wp:attachment":[{"href":"https:\/\/www.recicladoslared.es\/index.php\/wp-json\/wp\/v2\/media?parent=74"}],"curies":[{"name":"wp","href":"https:\/\/api.w.org\/{rel}","templated":true}]}}